{"id":1665,"date":"2022-07-25T07:54:47","date_gmt":"2022-07-25T07:54:47","guid":{"rendered":"https:\/\/neuropediatoolbox.org\/?page_id=1665"},"modified":"2023-04-11T20:17:46","modified_gmt":"2023-04-11T20:17:46","slug":"archivo","status":"publish","type":"page","link":"https:\/\/neuropediatoolkit.org\/en\/archivo\/","title":{"rendered":"Archive"},"content":{"rendered":"<hr class=\"wp-block-separator has-alpha-channel-opacity\"\/>\n\n\n<form role=\"search\" method=\"get\" action=\"https:\/\/neuropediatoolkit.org\/en\/\" class=\"wp-block-search__button-inside wp-block-search__icon-button wp-block-search\" data-trp-original-action=\"https:\/\/neuropediatoolkit.org\/en\/\"    ><label class=\"wp-block-search__label screen-reader-text\" for=\"wp-block-search__input-2\" >Search<\/label><div class=\"wp-block-search__inside-wrapper\" ><input class=\"wp-block-search__input\" id=\"wp-block-search__input-2\" placeholder=\"\" value=\"\" type=\"search\" name=\"s\" required \/><button aria-label=\"Search\" class=\"wp-block-search__button has-icon wp-element-button\" type=\"submit\" ><svg class=\"search-icon\" viewbox=\"0 0 24 24\" width=\"24\" height=\"24\">\n\t\t\t\t\t<path d=\"M13 5c-3.3 0-6 2.7-6 6 0 1.4.5 2.7 1.3 3.7l-3.8 3.8 1.1 1.1 3.8-3.8c1 .8 2.3 1.3 3.7 1.3 3.3 0 6-2.7 6-6S16.3 5 13 5zm0 10.5c-2.5 0-4.5-2-4.5-4.5s2-4.5 4.5-4.5 4.5 2 4.5 4.5-2 4.5-4.5 4.5z\"><\/path>\n\t\t\t\t<\/svg><\/button><\/div><input type=\"hidden\" name=\"trp-form-language\" value=\"en\"\/><\/form>\n\n\n<div id=\"wp-block-themeisle-blocks-accordion-713788e2\" class=\"wp-block-themeisle-blocks-accordion exclusive\">\n<details class=\"wp-block-themeisle-blocks-accordion-item\"><summary class=\"wp-block-themeisle-blocks-accordion-item__title\"><div>Pediatric aspects. <\/div><\/summary><div class=\"wp-block-themeisle-blocks-accordion-item__content\"><div class=\"wp-block-themeisle-blocks-posts-grid\" id=\"wp-block-themeisle-blocks-posts-grid-c600b6ed\"><div class=\"is-grid o-posts-grid-columns-3\"><div class=\"o-posts-grid-post-blog o-posts-grid-post-plain\"><div class=\"o-posts-grid-post\"><div class=\"o-posts-grid-post-image\"><a href=\"https:\/\/neuropediatoolkit.org\/en\/adolescencia-y-enfermedades-neurologicas\/\"><img fetchpriority=\"high\" decoding=\"async\" width=\"626\" height=\"626\" src=\"https:\/\/neuropediatoolkit.org\/wp-content\/uploads\/2022\/09\/imagen-48.png\" class=\"attachment-full size-full\" alt=\"Adolescencia y enfermedades neurol\u00f3gicas\" srcset=\"https:\/\/neuropediatoolkit.org\/wp-content\/uploads\/2022\/09\/imagen-48.png 626w, https:\/\/neuropediatoolkit.org\/wp-content\/uploads\/2022\/09\/imagen-48-150x150.png 150w, https:\/\/neuropediatoolkit.org\/wp-content\/uploads\/2022\/09\/imagen-48-300x300.png 300w, https:\/\/neuropediatoolkit.org\/wp-content\/uploads\/2022\/09\/imagen-48-12x12.png 12w\" sizes=\"(max-width: 34.9rem) calc(100vw - 2rem), (max-width: 53rem) calc(8 * (100vw \/ 12)), (min-width: 53rem) calc(6 * (100vw \/ 12)), 100vw\" \/><\/a><\/div><div class=\"o-posts-grid-post-body\"><h4 class=\"o-posts-grid-post-title\"><a href=\"https:\/\/neuropediatoolkit.org\/en\/adolescencia-y-enfermedades-neurologicas\/\">Adolescence and neurological diseases<\/a><\/h4><\/div><\/div><\/div><div class=\"o-posts-grid-post-blog o-posts-grid-post-plain\"><div class=\"o-posts-grid-post\"><div class=\"o-posts-grid-post-image\"><a href=\"https:\/\/neuropediatoolkit.org\/en\/analisis-de-situacion-de-las-remisiones-a-sifco-en-la-cv\/\"><img decoding=\"async\" width=\"1018\" height=\"720\" src=\"https:\/\/neuropediatoolkit.org\/wp-content\/uploads\/2024\/01\/image-7.png\" class=\"attachment-full size-full\" alt=\"An\u00e1lisis de situaci\u00f3n de las remisiones a SIFCO en la CV.\" srcset=\"https:\/\/neuropediatoolkit.org\/wp-content\/uploads\/2024\/01\/image-7.png 1018w, https:\/\/neuropediatoolkit.org\/wp-content\/uploads\/2024\/01\/image-7-300x212.png 300w, https:\/\/neuropediatoolkit.org\/wp-content\/uploads\/2024\/01\/image-7-768x543.png 768w, https:\/\/neuropediatoolkit.org\/wp-content\/uploads\/2024\/01\/image-7-18x12.png 18w\" sizes=\"(max-width: 34.9rem) calc(100vw - 2rem), (max-width: 53rem) calc(8 * (100vw \/ 12)), (min-width: 53rem) calc(6 * (100vw \/ 12)), 100vw\" \/><\/a><\/div><div class=\"o-posts-grid-post-body\"><h4 class=\"o-posts-grid-post-title\"><a href=\"https:\/\/neuropediatoolkit.org\/en\/analisis-de-situacion-de-las-remisiones-a-sifco-en-la-cv\/\">An\u00e1lisis de situaci\u00f3n de las remisiones a SIFCO en la CV.<\/a><\/h4><\/div><\/div><\/div><div class=\"o-posts-grid-post-blog o-posts-grid-post-plain\"><div class=\"o-posts-grid-post\"><div class=\"o-posts-grid-post-image\"><a href=\"https:\/\/neuropediatoolkit.org\/en\/calendario-vacunal-en-otros-paises\/\"><img decoding=\"async\" width=\"1127\" height=\"980\" src=\"https:\/\/neuropediatoolkit.org\/wp-content\/uploads\/2022\/12\/image-5.png\" class=\"attachment-full size-full\" alt=\"Calendario vacunal en otros pa\u00edses.\" srcset=\"https:\/\/neuropediatoolkit.org\/wp-content\/uploads\/2022\/12\/image-5.png 1127w, https:\/\/neuropediatoolkit.org\/wp-content\/uploads\/2022\/12\/image-5-300x261.png 300w, https:\/\/neuropediatoolkit.org\/wp-content\/uploads\/2022\/12\/image-5-768x668.png 768w, https:\/\/neuropediatoolkit.org\/wp-content\/uploads\/2022\/12\/image-5-1024x890.png 1024w, https:\/\/neuropediatoolkit.org\/wp-content\/uploads\/2022\/12\/image-5-14x12.png 14w\" sizes=\"(max-width: 34.9rem) calc(100vw - 2rem), (max-width: 53rem) calc(8 * (100vw \/ 12)), (min-width: 53rem) calc(6 * (100vw \/ 12)), 100vw\" \/><\/a><\/div><div class=\"o-posts-grid-post-body\"><h4 class=\"o-posts-grid-post-title\"><a href=\"https:\/\/neuropediatoolkit.org\/en\/calendario-vacunal-en-otros-paises\/\">Vaccination calendar in other countries.<\/a><\/h4><\/div><\/div><\/div><div class=\"o-posts-grid-post-blog o-posts-grid-post-plain\"><div class=\"o-posts-grid-post\"><div class=\"o-posts-grid-post-image\"><a href=\"https:\/\/neuropediatoolkit.org\/en\/cdl-facial-phenotypes\/\"><img loading=\"lazy\" decoding=\"async\" width=\"970\" height=\"733\" src=\"https:\/\/neuropediatoolkit.org\/wp-content\/uploads\/2025\/07\/image-3.png\" class=\"attachment-full size-full\" alt=\"CdL facial phenotypes.\" srcset=\"https:\/\/neuropediatoolkit.org\/wp-content\/uploads\/2025\/07\/image-3.png 970w, https:\/\/neuropediatoolkit.org\/wp-content\/uploads\/2025\/07\/image-3-300x227.png 300w, https:\/\/neuropediatoolkit.org\/wp-content\/uploads\/2025\/07\/image-3-768x580.png 768w, https:\/\/neuropediatoolkit.org\/wp-content\/uploads\/2025\/07\/image-3-16x12.png 16w\" sizes=\"(max-width: 34.9rem) calc(100vw - 2rem), (max-width: 53rem) calc(8 * (100vw \/ 12)), (min-width: 53rem) calc(6 * (100vw \/ 12)), 100vw\" \/><\/a><\/div><div class=\"o-posts-grid-post-body\"><h4 class=\"o-posts-grid-post-title\"><a href=\"https:\/\/neuropediatoolkit.org\/en\/cdl-facial-phenotypes\/\">CdL facial phenotypes.<\/a><\/h4><\/div><\/div><\/div><div class=\"o-posts-grid-post-blog o-posts-grid-post-plain\"><div class=\"o-posts-grid-post\"><div class=\"o-posts-grid-post-image\"><a href=\"https:\/\/neuropediatoolkit.org\/en\/cribado-neonatal-de-ame\/\"><img loading=\"lazy\" decoding=\"async\" width=\"700\" height=\"450\" src=\"https:\/\/neuropediatoolkit.org\/wp-content\/uploads\/2023\/05\/image.png\" class=\"attachment-full size-full\" alt=\"Cribado neonatal de AME.\" srcset=\"https:\/\/neuropediatoolkit.org\/wp-content\/uploads\/2023\/05\/image.png 700w, https:\/\/neuropediatoolkit.org\/wp-content\/uploads\/2023\/05\/image-300x193.png 300w, https:\/\/neuropediatoolkit.org\/wp-content\/uploads\/2023\/05\/image-18x12.png 18w\" sizes=\"(max-width: 34.9rem) calc(100vw - 2rem), (max-width: 53rem) calc(8 * (100vw \/ 12)), (min-width: 53rem) calc(6 * (100vw \/ 12)), 100vw\" \/><\/a><\/div><div class=\"o-posts-grid-post-body\"><h4 class=\"o-posts-grid-post-title\"><a href=\"https:\/\/neuropediatoolkit.org\/en\/cribado-neonatal-de-ame\/\">Newborn screening for SMA.<\/a><\/h4><\/div><\/div><\/div><div class=\"o-posts-grid-post-blog o-posts-grid-post-plain\"><div class=\"o-posts-grid-post\"><div class=\"o-posts-grid-post-image\"><a href=\"https:\/\/neuropediatoolkit.org\/en\/cuidados-paliativos-pediatricos\/\"><img loading=\"lazy\" decoding=\"async\" width=\"830\" height=\"553\" src=\"https:\/\/neuropediatoolkit.org\/wp-content\/uploads\/2022\/09\/image-43.png\" class=\"attachment-full size-full\" alt=\"Cuidados paliativos pedi\u00e1tricos.\" srcset=\"https:\/\/neuropediatoolkit.org\/wp-content\/uploads\/2022\/09\/image-43.png 830w, https:\/\/neuropediatoolkit.org\/wp-content\/uploads\/2022\/09\/image-43-300x200.png 300w, https:\/\/neuropediatoolkit.org\/wp-content\/uploads\/2022\/09\/image-43-768x512.png 768w, https:\/\/neuropediatoolkit.org\/wp-content\/uploads\/2022\/09\/image-43-18x12.png 18w\" sizes=\"(max-width: 34.9rem) calc(100vw - 2rem), (max-width: 53rem) calc(8 * (100vw \/ 12)), (min-width: 53rem) calc(6 * (100vw \/ 12)), 100vw\" \/><\/a><\/div><div class=\"o-posts-grid-post-body\"><h4 class=\"o-posts-grid-post-title\"><a href=\"https:\/\/neuropediatoolkit.org\/en\/cuidados-paliativos-pediatricos\/\">Palliative care.<\/a><\/h4><\/div><\/div><\/div><div class=\"o-posts-grid-post-blog o-posts-grid-post-plain\"><div class=\"o-posts-grid-post\"><div class=\"o-posts-grid-post-image\"><a href=\"https:\/\/neuropediatoolkit.org\/en\/endocrinopatias-y-enfermedades-neurogeneticas\/\"><img loading=\"lazy\" decoding=\"async\" width=\"4158\" height=\"2491\" src=\"https:\/\/neuropediatoolkit.org\/wp-content\/uploads\/2023\/06\/imagen-16.png\" class=\"attachment-full size-full\" alt=\"Endocrinopat\u00edas y enfermedades neurogen\u00e9ticas.\" srcset=\"https:\/\/neuropediatoolkit.org\/wp-content\/uploads\/2023\/06\/imagen-16.png 4158w, https:\/\/neuropediatoolkit.org\/wp-content\/uploads\/2023\/06\/imagen-16-300x180.png 300w, https:\/\/neuropediatoolkit.org\/wp-content\/uploads\/2023\/06\/imagen-16-768x460.png 768w, https:\/\/neuropediatoolkit.org\/wp-content\/uploads\/2023\/06\/imagen-16-1024x613.png 1024w, https:\/\/neuropediatoolkit.org\/wp-content\/uploads\/2023\/06\/imagen-16-1536x920.png 1536w, https:\/\/neuropediatoolkit.org\/wp-content\/uploads\/2023\/06\/imagen-16-2048x1227.png 2048w, https:\/\/neuropediatoolkit.org\/wp-content\/uploads\/2023\/06\/imagen-16-18x12.png 18w, https:\/\/neuropediatoolkit.org\/wp-content\/uploads\/2023\/06\/imagen-16-1568x939.png 1568w\" sizes=\"(max-width: 34.9rem) calc(100vw - 2rem), (max-width: 53rem) calc(8 * (100vw \/ 12)), (min-width: 53rem) calc(6 * (100vw \/ 12)), 100vw\" \/><\/a><\/div><div class=\"o-posts-grid-post-body\"><h4 class=\"o-posts-grid-post-title\"><a href=\"https:\/\/neuropediatoolkit.org\/en\/endocrinopatias-y-enfermedades-neurogeneticas\/\">Endocrinopathies and neurogenetic disorders.<\/a><\/h4><\/div><\/div><\/div><div class=\"o-posts-grid-post-blog o-posts-grid-post-plain\"><div class=\"o-posts-grid-post\"><div class=\"o-posts-grid-post-image\"><a href=\"https:\/\/neuropediatoolkit.org\/en\/enfermedades-mitocondriales\/\"><img loading=\"lazy\" decoding=\"async\" width=\"553\" height=\"527\" src=\"https:\/\/neuropediatoolkit.org\/wp-content\/uploads\/2023\/08\/imagen-3.png\" class=\"attachment-full size-full\" alt=\"Enfermedades mitocondriales.\" srcset=\"https:\/\/neuropediatoolkit.org\/wp-content\/uploads\/2023\/08\/imagen-3.png 553w, https:\/\/neuropediatoolkit.org\/wp-content\/uploads\/2023\/08\/imagen-3-300x286.png 300w, https:\/\/neuropediatoolkit.org\/wp-content\/uploads\/2023\/08\/imagen-3-13x12.png 13w\" sizes=\"(max-width: 34.9rem) calc(100vw - 2rem), (max-width: 53rem) calc(8 * (100vw \/ 12)), (min-width: 53rem) calc(6 * (100vw \/ 12)), 100vw\" \/><\/a><\/div><div class=\"o-posts-grid-post-body\"><h4 class=\"o-posts-grid-post-title\"><a href=\"https:\/\/neuropediatoolkit.org\/en\/enfermedades-mitocondriales\/\">Mitochondrial diseases.<\/a><\/h4><\/div><\/div><\/div><div class=\"o-posts-grid-post-blog o-posts-grid-post-plain\"><div class=\"o-posts-grid-post\"><div class=\"o-posts-grid-post-image\"><a href=\"https:\/\/neuropediatoolkit.org\/en\/enfermedades-peroxisomales\/\"><img loading=\"lazy\" decoding=\"async\" width=\"600\" height=\"600\" src=\"https:\/\/neuropediatoolkit.org\/wp-content\/uploads\/2023\/05\/imagen-29.png\" class=\"attachment-full size-full\" alt=\"Enfermedades peroxisomales.\" srcset=\"https:\/\/neuropediatoolkit.org\/wp-content\/uploads\/2023\/05\/imagen-29.png 600w, https:\/\/neuropediatoolkit.org\/wp-content\/uploads\/2023\/05\/imagen-29-150x150.png 150w, https:\/\/neuropediatoolkit.org\/wp-content\/uploads\/2023\/05\/imagen-29-300x300.png 300w, https:\/\/neuropediatoolkit.org\/wp-content\/uploads\/2023\/05\/imagen-29-12x12.png 12w\" sizes=\"(max-width: 34.9rem) calc(100vw - 2rem), (max-width: 53rem) calc(8 * (100vw \/ 12)), (min-width: 53rem) calc(6 * (100vw \/ 12)), 100vw\" \/><\/a><\/div><div class=\"o-posts-grid-post-body\"><h4 class=\"o-posts-grid-post-title\"><a href=\"https:\/\/neuropediatoolkit.org\/en\/enfermedades-peroxisomales\/\">Diseases peroxisomal.<\/a><\/h4><\/div><\/div><\/div><div class=\"o-posts-grid-post-blog o-posts-grid-post-plain\"><div class=\"o-posts-grid-post\"><div class=\"o-posts-grid-post-image\"><a href=\"https:\/\/neuropediatoolkit.org\/en\/enfermedades-prevenibles-mediante-la-vacunacion\/\"><img loading=\"lazy\" decoding=\"async\" width=\"1020\" height=\"516\" src=\"https:\/\/neuropediatoolkit.org\/wp-content\/uploads\/2025\/11\/image-7.png\" class=\"attachment-full size-full\" alt=\"Enfermedades prevenibles mediante la vacunaci\u00f3n.\" srcset=\"https:\/\/neuropediatoolkit.org\/wp-content\/uploads\/2025\/11\/image-7.png 1020w, https:\/\/neuropediatoolkit.org\/wp-content\/uploads\/2025\/11\/image-7-300x152.png 300w, https:\/\/neuropediatoolkit.org\/wp-content\/uploads\/2025\/11\/image-7-768x389.png 768w, https:\/\/neuropediatoolkit.org\/wp-content\/uploads\/2025\/11\/image-7-18x9.png 18w\" sizes=\"(max-width: 34.9rem) calc(100vw - 2rem), (max-width: 53rem) calc(8 * (100vw \/ 12)), (min-width: 53rem) calc(6 * (100vw \/ 12)), 100vw\" \/><\/a><\/div><div class=\"o-posts-grid-post-body\"><h4 class=\"o-posts-grid-post-title\"><a href=\"https:\/\/neuropediatoolkit.org\/en\/enfermedades-prevenibles-mediante-la-vacunacion\/\">Enfermedades prevenibles mediante la vacunaci\u00f3n.<\/a><\/h4><\/div><\/div><\/div><div class=\"o-posts-grid-post-blog o-posts-grid-post-plain\"><div class=\"o-posts-grid-post\"><div class=\"o-posts-grid-post-image\"><a href=\"https:\/\/neuropediatoolkit.org\/en\/enfermedades-raras-en-la-escuela\/\"><img loading=\"lazy\" decoding=\"async\" width=\"600\" height=\"447\" src=\"https:\/\/neuropediatoolkit.org\/wp-content\/uploads\/2023\/04\/imagen.png\" class=\"attachment-full size-full\" alt=\"Enfermedades raras en la escuela.\" srcset=\"https:\/\/neuropediatoolkit.org\/wp-content\/uploads\/2023\/04\/imagen.png 600w, https:\/\/neuropediatoolkit.org\/wp-content\/uploads\/2023\/04\/imagen-300x224.png 300w, https:\/\/neuropediatoolkit.org\/wp-content\/uploads\/2023\/04\/imagen-16x12.png 16w\" sizes=\"(max-width: 34.9rem) calc(100vw - 2rem), (max-width: 53rem) calc(8 * (100vw \/ 12)), (min-width: 53rem) calc(6 * (100vw \/ 12)), 100vw\" \/><\/a><\/div><div class=\"o-posts-grid-post-body\"><h4 class=\"o-posts-grid-post-title\"><a href=\"https:\/\/neuropediatoolkit.org\/en\/enfermedades-raras-en-la-escuela\/\">Rare diseases in the school.<\/a><\/h4><\/div><\/div><\/div><div class=\"o-posts-grid-post-blog o-posts-grid-post-plain\"><div class=\"o-posts-grid-post\"><div class=\"o-posts-grid-post-image\"><a href=\"https:\/\/neuropediatoolkit.org\/en\/equipos-especificos-de-intervencion-en-la-infancia-y-adolescencia-eiia\/\"><img loading=\"lazy\" decoding=\"async\" width=\"1588\" height=\"649\" src=\"https:\/\/neuropediatoolkit.org\/wp-content\/uploads\/2023\/02\/imagen-27.png\" class=\"attachment-full size-full\" alt=\"Equipos espec\u00edficos de intervenci\u00f3n en la infancia y adolescencia (EIIA)\" srcset=\"https:\/\/neuropediatoolkit.org\/wp-content\/uploads\/2023\/02\/imagen-27.png 1588w, https:\/\/neuropediatoolkit.org\/wp-content\/uploads\/2023\/02\/imagen-27-300x123.png 300w, https:\/\/neuropediatoolkit.org\/wp-content\/uploads\/2023\/02\/imagen-27-768x314.png 768w, https:\/\/neuropediatoolkit.org\/wp-content\/uploads\/2023\/02\/imagen-27-1024x418.png 1024w, https:\/\/neuropediatoolkit.org\/wp-content\/uploads\/2023\/02\/imagen-27-1536x628.png 1536w, https:\/\/neuropediatoolkit.org\/wp-content\/uploads\/2023\/02\/imagen-27-18x7.png 18w, https:\/\/neuropediatoolkit.org\/wp-content\/uploads\/2023\/02\/imagen-27-1568x641.png 1568w\" sizes=\"(max-width: 34.9rem) calc(100vw - 2rem), (max-width: 53rem) calc(8 * (100vw \/ 12)), (min-width: 53rem) calc(6 * (100vw \/ 12)), 100vw\" \/><\/a><\/div><div class=\"o-posts-grid-post-body\"><h4 class=\"o-posts-grid-post-title\"><a href=\"https:\/\/neuropediatoolkit.org\/en\/equipos-especificos-de-intervencion-en-la-infancia-y-adolescencia-eiia\/\">Equipment-specific intervention in childhood and adolescence (EIIA)<\/a><\/h4><\/div><\/div><\/div><div class=\"o-posts-grid-post-blog o-posts-grid-post-plain\"><div class=\"o-posts-grid-post\"><div class=\"o-posts-grid-post-image\"><a href=\"https:\/\/neuropediatoolkit.org\/en\/estados-y-sistemas-de-salud\/\"><img loading=\"lazy\" decoding=\"async\" width=\"621\" height=\"840\" src=\"https:\/\/neuropediatoolkit.org\/wp-content\/uploads\/2025\/11\/fragilestates.png\" class=\"attachment-full size-full\" alt=\"Estados y sistemas de salud.\" srcset=\"https:\/\/neuropediatoolkit.org\/wp-content\/uploads\/2025\/11\/fragilestates.png 621w, https:\/\/neuropediatoolkit.org\/wp-content\/uploads\/2025\/11\/fragilestates-222x300.png 222w, https:\/\/neuropediatoolkit.org\/wp-content\/uploads\/2025\/11\/fragilestates-9x12.png 9w\" sizes=\"(max-width: 34.9rem) calc(100vw - 2rem), (max-width: 53rem) calc(8 * (100vw \/ 12)), (min-width: 53rem) calc(6 * (100vw \/ 12)), 100vw\" \/><\/a><\/div><div class=\"o-posts-grid-post-body\"><h4 class=\"o-posts-grid-post-title\"><a href=\"https:\/\/neuropediatoolkit.org\/en\/estados-y-sistemas-de-salud\/\">Estados y sistemas de salud.<\/a><\/h4><\/div><\/div><\/div><div class=\"o-posts-grid-post-blog o-posts-grid-post-plain\"><div class=\"o-posts-grid-post\"><div class=\"o-posts-grid-post-image\"><a href=\"https:\/\/neuropediatoolkit.org\/en\/estrategias-nutricionales-en-pci\/\"><img loading=\"lazy\" decoding=\"async\" width=\"1905\" height=\"682\" src=\"https:\/\/neuropediatoolkit.org\/wp-content\/uploads\/2023\/04\/imagen-61.png\" class=\"attachment-full size-full\" alt=\"Estrategias nutricionales en PCI\" srcset=\"https:\/\/neuropediatoolkit.org\/wp-content\/uploads\/2023\/04\/imagen-61.png 1905w, https:\/\/neuropediatoolkit.org\/wp-content\/uploads\/2023\/04\/imagen-61-300x107.png 300w, https:\/\/neuropediatoolkit.org\/wp-content\/uploads\/2023\/04\/imagen-61-768x275.png 768w, https:\/\/neuropediatoolkit.org\/wp-content\/uploads\/2023\/04\/imagen-61-1024x367.png 1024w, https:\/\/neuropediatoolkit.org\/wp-content\/uploads\/2023\/04\/imagen-61-1536x550.png 1536w, https:\/\/neuropediatoolkit.org\/wp-content\/uploads\/2023\/04\/imagen-61-18x6.png 18w, https:\/\/neuropediatoolkit.org\/wp-content\/uploads\/2023\/04\/imagen-61-1568x561.png 1568w\" sizes=\"(max-width: 34.9rem) calc(100vw - 2rem), (max-width: 53rem) calc(8 * (100vw \/ 12)), (min-width: 53rem) calc(6 * (100vw \/ 12)), 100vw\" \/><\/a><\/div><div class=\"o-posts-grid-post-body\"><h4 class=\"o-posts-grid-post-title\"><a href=\"https:\/\/neuropediatoolkit.org\/en\/estrategias-nutricionales-en-pci\/\">Nutritional strategies in PCI<\/a><\/h4><\/div><\/div><\/div><div class=\"o-posts-grid-post-blog o-posts-grid-post-plain\"><div class=\"o-posts-grid-post\"><div class=\"o-posts-grid-post-image\"><a href=\"https:\/\/neuropediatoolkit.org\/en\/internet-secure-for-kids\/\"><img loading=\"lazy\" decoding=\"async\" width=\"1801\" height=\"822\" src=\"https:\/\/neuropediatoolkit.org\/wp-content\/uploads\/2023\/02\/imagen-20.png\" class=\"attachment-full size-full\" alt=\"Internet secure for kids.\" srcset=\"https:\/\/neuropediatoolkit.org\/wp-content\/uploads\/2023\/02\/imagen-20.png 1801w, https:\/\/neuropediatoolkit.org\/wp-content\/uploads\/2023\/02\/imagen-20-300x137.png 300w, https:\/\/neuropediatoolkit.org\/wp-content\/uploads\/2023\/02\/imagen-20-768x351.png 768w, https:\/\/neuropediatoolkit.org\/wp-content\/uploads\/2023\/02\/imagen-20-1024x467.png 1024w, https:\/\/neuropediatoolkit.org\/wp-content\/uploads\/2023\/02\/imagen-20-1536x701.png 1536w, https:\/\/neuropediatoolkit.org\/wp-content\/uploads\/2023\/02\/imagen-20-18x8.png 18w, https:\/\/neuropediatoolkit.org\/wp-content\/uploads\/2023\/02\/imagen-20-1568x716.png 1568w\" sizes=\"(max-width: 34.9rem) calc(100vw - 2rem), (max-width: 53rem) calc(8 * (100vw \/ 12)), (min-width: 53rem) calc(6 * (100vw \/ 12)), 100vw\" \/><\/a><\/div><div class=\"o-posts-grid-post-body\"><h4 class=\"o-posts-grid-post-title\"><a href=\"https:\/\/neuropediatoolkit.org\/en\/internet-secure-for-kids\/\">Internet secure for kids.<\/a><\/h4><\/div><\/div><\/div><div class=\"o-posts-grid-post-blog o-posts-grid-post-plain\"><div class=\"o-posts-grid-post\"><div class=\"o-posts-grid-post-image\"><a href=\"https:\/\/neuropediatoolkit.org\/en\/miocardiopatias-en-enfermedades-neuromusculares\/\"><img loading=\"lazy\" decoding=\"async\" width=\"3446\" height=\"2681\" src=\"https:\/\/neuropediatoolkit.org\/wp-content\/uploads\/2022\/09\/image-22.png\" class=\"attachment-full size-full\" alt=\"Miocardiopat\u00edas en enfermedades neuromusculares.\" srcset=\"https:\/\/neuropediatoolkit.org\/wp-content\/uploads\/2022\/09\/image-22.png 3446w, https:\/\/neuropediatoolkit.org\/wp-content\/uploads\/2022\/09\/image-22-300x233.png 300w, https:\/\/neuropediatoolkit.org\/wp-content\/uploads\/2022\/09\/image-22-768x598.png 768w, https:\/\/neuropediatoolkit.org\/wp-content\/uploads\/2022\/09\/image-22-1024x797.png 1024w, https:\/\/neuropediatoolkit.org\/wp-content\/uploads\/2022\/09\/image-22-1536x1195.png 1536w, https:\/\/neuropediatoolkit.org\/wp-content\/uploads\/2022\/09\/image-22-2048x1593.png 2048w, https:\/\/neuropediatoolkit.org\/wp-content\/uploads\/2022\/09\/image-22-15x12.png 15w, https:\/\/neuropediatoolkit.org\/wp-content\/uploads\/2022\/09\/image-22-1568x1220.png 1568w\" sizes=\"(max-width: 34.9rem) calc(100vw - 2rem), (max-width: 53rem) calc(8 * (100vw \/ 12)), (min-width: 53rem) calc(6 * (100vw \/ 12)), 100vw\" \/><\/a><\/div><div class=\"o-posts-grid-post-body\"><h4 class=\"o-posts-grid-post-title\"><a href=\"https:\/\/neuropediatoolkit.org\/en\/miocardiopatias-en-enfermedades-neuromusculares\/\">Cardiomyopathies in neuromuscular diseases.<\/a><\/h4><\/div><\/div><\/div><div class=\"o-posts-grid-post-blog o-posts-grid-post-plain\"><div class=\"o-posts-grid-post\"><div class=\"o-posts-grid-post-image\"><a href=\"https:\/\/neuropediatoolkit.org\/en\/nirsevimab-en-neurologia-pediatrica\/\"><img loading=\"lazy\" decoding=\"async\" width=\"2121\" height=\"1414\" src=\"https:\/\/neuropediatoolkit.org\/wp-content\/uploads\/2024\/05\/image-1.png\" class=\"attachment-full size-full\" alt=\"Nirsevimab en neurolog\u00eda pedi\u00e1trica.\" srcset=\"https:\/\/neuropediatoolkit.org\/wp-content\/uploads\/2024\/05\/image-1.png 2121w, https:\/\/neuropediatoolkit.org\/wp-content\/uploads\/2024\/05\/image-1-300x200.png 300w, https:\/\/neuropediatoolkit.org\/wp-content\/uploads\/2024\/05\/image-1-1024x683.png 1024w, https:\/\/neuropediatoolkit.org\/wp-content\/uploads\/2024\/05\/image-1-768x512.png 768w, https:\/\/neuropediatoolkit.org\/wp-content\/uploads\/2024\/05\/image-1-1536x1024.png 1536w, https:\/\/neuropediatoolkit.org\/wp-content\/uploads\/2024\/05\/image-1-2048x1365.png 2048w, https:\/\/neuropediatoolkit.org\/wp-content\/uploads\/2024\/05\/image-1-18x12.png 18w, https:\/\/neuropediatoolkit.org\/wp-content\/uploads\/2024\/05\/image-1-1568x1045.png 1568w\" sizes=\"(max-width: 34.9rem) calc(100vw - 2rem), (max-width: 53rem) calc(8 * (100vw \/ 12)), (min-width: 53rem) calc(6 * (100vw \/ 12)), 100vw\" \/><\/a><\/div><div class=\"o-posts-grid-post-body\"><h4 class=\"o-posts-grid-post-title\"><a href=\"https:\/\/neuropediatoolkit.org\/en\/nirsevimab-en-neurologia-pediatrica\/\">Nirsevimab en neurolog\u00eda pedi\u00e1trica.<\/a><\/h4><\/div><\/div><\/div><div class=\"o-posts-grid-post-blog o-posts-grid-post-plain\"><div class=\"o-posts-grid-post\"><div class=\"o-posts-grid-post-image\"><a href=\"https:\/\/neuropediatoolkit.org\/en\/odontopediatria-en-pacientes-especiales\/\"><img loading=\"lazy\" decoding=\"async\" width=\"738\" height=\"415\" src=\"https:\/\/neuropediatoolkit.org\/wp-content\/uploads\/2023\/03\/imagen-42.png\" class=\"attachment-full size-full\" alt=\"Odontopediatr\u00eda en pacientes especiales.\" srcset=\"https:\/\/neuropediatoolkit.org\/wp-content\/uploads\/2023\/03\/imagen-42.png 738w, https:\/\/neuropediatoolkit.org\/wp-content\/uploads\/2023\/03\/imagen-42-300x169.png 300w, https:\/\/neuropediatoolkit.org\/wp-content\/uploads\/2023\/03\/imagen-42-18x10.png 18w\" sizes=\"(max-width: 34.9rem) calc(100vw - 2rem), (max-width: 53rem) calc(8 * (100vw \/ 12)), (min-width: 53rem) calc(6 * (100vw \/ 12)), 100vw\" \/><\/a><\/div><div class=\"o-posts-grid-post-body\"><h4 class=\"o-posts-grid-post-title\"><a href=\"https:\/\/neuropediatoolkit.org\/en\/odontopediatria-en-pacientes-especiales\/\">Pediatric dentistry in special patients.<\/a><\/h4><\/div><\/div><\/div><div class=\"o-posts-grid-post-blog o-posts-grid-post-plain\"><div class=\"o-posts-grid-post\"><div class=\"o-posts-grid-post-image\"><a href=\"https:\/\/neuropediatoolkit.org\/en\/orphan-anesthesia\/\"><img loading=\"lazy\" decoding=\"async\" width=\"474\" height=\"316\" src=\"https:\/\/neuropediatoolkit.org\/wp-content\/uploads\/2024\/01\/image-1.png\" class=\"attachment-full size-full\" alt=\"Orphan Anesthesia\" srcset=\"https:\/\/neuropediatoolkit.org\/wp-content\/uploads\/2024\/01\/image-1.png 474w, https:\/\/neuropediatoolkit.org\/wp-content\/uploads\/2024\/01\/image-1-300x200.png 300w, https:\/\/neuropediatoolkit.org\/wp-content\/uploads\/2024\/01\/image-1-18x12.png 18w\" sizes=\"(max-width: 34.9rem) calc(100vw - 2rem), (max-width: 53rem) calc(8 * (100vw \/ 12)), (min-width: 53rem) calc(6 * (100vw \/ 12)), 100vw\" \/><\/a><\/div><div class=\"o-posts-grid-post-body\"><h4 class=\"o-posts-grid-post-title\"><a href=\"https:\/\/neuropediatoolkit.org\/en\/orphan-anesthesia\/\">Orphan Anesthesia<\/a><\/h4><\/div><\/div><\/div><div class=\"o-posts-grid-post-blog o-posts-grid-post-plain\"><div class=\"o-posts-grid-post\"><div class=\"o-posts-grid-post-image\"><a href=\"https:\/\/neuropediatoolkit.org\/en\/paciente-cronico-complejo\/\"><img loading=\"lazy\" decoding=\"async\" width=\"567\" height=\"366\" src=\"https:\/\/neuropediatoolkit.org\/wp-content\/uploads\/2023\/12\/image.png\" class=\"attachment-full size-full\" alt=\"Paciente cr\u00f3nico complejo.\" srcset=\"https:\/\/neuropediatoolkit.org\/wp-content\/uploads\/2023\/12\/image.png 567w, https:\/\/neuropediatoolkit.org\/wp-content\/uploads\/2023\/12\/image-300x194.png 300w, https:\/\/neuropediatoolkit.org\/wp-content\/uploads\/2023\/12\/image-18x12.png 18w\" sizes=\"(max-width: 34.9rem) calc(100vw - 2rem), (max-width: 53rem) calc(8 * (100vw \/ 12)), (min-width: 53rem) calc(6 * (100vw \/ 12)), 100vw\" \/><\/a><\/div><div class=\"o-posts-grid-post-body\"><h4 class=\"o-posts-grid-post-title\"><a href=\"https:\/\/neuropediatoolkit.org\/en\/paciente-cronico-complejo\/\">Paciente cr\u00f3nico complejo.<\/a><\/h4><\/div><\/div><\/div><\/div> <\/div><\/div><\/details>\n\n\n\n<details class=\"wp-block-themeisle-blocks-accordion-item\"><summary class=\"wp-block-themeisle-blocks-accordion-item__title\"><div>Clinical method. <\/div><\/summary><div class=\"wp-block-themeisle-blocks-accordion-item__content\"><div class=\"wp-block-themeisle-blocks-posts-grid\" id=\"wp-block-themeisle-blocks-posts-grid-13948702\"><div class=\"is-grid o-posts-grid-columns-3\"><div class=\"o-posts-grid-post-blog o-posts-grid-post-plain\"><div class=\"o-posts-grid-post\"><div class=\"o-posts-grid-post-image\"><a href=\"https:\/\/neuropediatoolkit.org\/en\/cuando-sospechar-una-enfermedad-genetica\/\"><img loading=\"lazy\" decoding=\"async\" width=\"500\" height=\"348\" src=\"https:\/\/neuropediatoolkit.org\/wp-content\/uploads\/2023\/03\/image-1.png\" class=\"attachment-full size-full\" alt=\"\u00bfCu\u00e1ndo sospechar una enfermedad gen\u00e9tica?\" srcset=\"https:\/\/neuropediatoolkit.org\/wp-content\/uploads\/2023\/03\/image-1.png 500w, https:\/\/neuropediatoolkit.org\/wp-content\/uploads\/2023\/03\/image-1-300x209.png 300w, https:\/\/neuropediatoolkit.org\/wp-content\/uploads\/2023\/03\/image-1-18x12.png 18w\" sizes=\"(max-width: 34.9rem) calc(100vw - 2rem), (max-width: 53rem) calc(8 * (100vw \/ 12)), (min-width: 53rem) calc(6 * (100vw \/ 12)), 100vw\" \/><\/a><\/div><div class=\"o-posts-grid-post-body\"><h4 class=\"o-posts-grid-post-title\"><a href=\"https:\/\/neuropediatoolkit.org\/en\/cuando-sospechar-una-enfermedad-genetica\/\">When to suspect a genetic disease?<\/a><\/h4><\/div><\/div><\/div><div class=\"o-posts-grid-post-blog o-posts-grid-post-plain\"><div class=\"o-posts-grid-post\"><div class=\"o-posts-grid-post-image\"><a href=\"https:\/\/neuropediatoolkit.org\/en\/antecedentes-familiares\/\"><img loading=\"lazy\" decoding=\"async\" width=\"424\" height=\"394\" src=\"https:\/\/neuropediatoolkit.org\/wp-content\/uploads\/2023\/08\/original6_f1.jpg\" class=\"attachment-full size-full\" alt=\"Antecedentes familiares.\" srcset=\"https:\/\/neuropediatoolkit.org\/wp-content\/uploads\/2023\/08\/original6_f1.jpg 424w, https:\/\/neuropediatoolkit.org\/wp-content\/uploads\/2023\/08\/original6_f1-13x12.jpg 13w, https:\/\/neuropediatoolkit.org\/wp-content\/uploads\/2023\/08\/original6_f1-300x279.jpg 300w\" sizes=\"(max-width: 34.9rem) calc(100vw - 2rem), (max-width: 53rem) calc(8 * (100vw \/ 12)), (min-width: 53rem) calc(6 * (100vw \/ 12)), 100vw\" \/><\/a><\/div><div class=\"o-posts-grid-post-body\"><h4 class=\"o-posts-grid-post-title\"><a href=\"https:\/\/neuropediatoolkit.org\/en\/antecedentes-familiares\/\">Family history.<\/a><\/h4><\/div><\/div><\/div><div class=\"o-posts-grid-post-blog o-posts-grid-post-plain\"><div class=\"o-posts-grid-post\"><div class=\"o-posts-grid-post-image\"><a href=\"https:\/\/neuropediatoolkit.org\/en\/banderas-rojas-del-neurodesarrollo-red-flags\/\"><img loading=\"lazy\" decoding=\"async\" width=\"2560\" height=\"2560\" src=\"https:\/\/neuropediatoolkit.org\/wp-content\/uploads\/2023\/02\/vecteezy_red-flag-waving_-scaled.jpg\" class=\"attachment-full size-full\" alt=\"Banderas rojas del neurodesarrollo (red flags).\" srcset=\"https:\/\/neuropediatoolkit.org\/wp-content\/uploads\/2023\/02\/vecteezy_red-flag-waving_-scaled.jpg 2560w, https:\/\/neuropediatoolkit.org\/wp-content\/uploads\/2023\/02\/vecteezy_red-flag-waving_-300x300.jpg 300w, https:\/\/neuropediatoolkit.org\/wp-content\/uploads\/2023\/02\/vecteezy_red-flag-waving_-1024x1024.jpg 1024w, https:\/\/neuropediatoolkit.org\/wp-content\/uploads\/2023\/02\/vecteezy_red-flag-waving_-150x150.jpg 150w, https:\/\/neuropediatoolkit.org\/wp-content\/uploads\/2023\/02\/vecteezy_red-flag-waving_-768x768.jpg 768w, https:\/\/neuropediatoolkit.org\/wp-content\/uploads\/2023\/02\/vecteezy_red-flag-waving_-1536x1536.jpg 1536w, https:\/\/neuropediatoolkit.org\/wp-content\/uploads\/2023\/02\/vecteezy_red-flag-waving_-2048x2048.jpg 2048w, https:\/\/neuropediatoolkit.org\/wp-content\/uploads\/2023\/02\/vecteezy_red-flag-waving_-12x12.jpg 12w, https:\/\/neuropediatoolkit.org\/wp-content\/uploads\/2023\/02\/vecteezy_red-flag-waving_-1568x1568.jpg 1568w\" sizes=\"(max-width: 34.9rem) calc(100vw - 2rem), (max-width: 53rem) calc(8 * (100vw \/ 12)), (min-width: 53rem) calc(6 * (100vw \/ 12)), 100vw\" \/><\/a><\/div><div class=\"o-posts-grid-post-body\"><h4 class=\"o-posts-grid-post-title\"><a href=\"https:\/\/neuropediatoolkit.org\/en\/banderas-rojas-del-neurodesarrollo-red-flags\/\">Red flags of neurodevelopment (red flags).<\/a><\/h4><\/div><\/div><\/div><div class=\"o-posts-grid-post-blog o-posts-grid-post-plain\"><div class=\"o-posts-grid-post\"><div class=\"o-posts-grid-post-image\"><a href=\"https:\/\/neuropediatoolkit.org\/en\/bibliografia-esencial-para-la-consulta-de-neurologia-pediatrica\/\"><img loading=\"lazy\" decoding=\"async\" width=\"550\" height=\"398\" src=\"https:\/\/neuropediatoolkit.org\/wp-content\/uploads\/2023\/06\/imagen.png\" class=\"attachment-full size-full\" alt=\"Bibliograf\u00eda esencial para la consulta de neurolog\u00eda pedi\u00e1trica.\" srcset=\"https:\/\/neuropediatoolkit.org\/wp-content\/uploads\/2023\/06\/imagen.png 550w, https:\/\/neuropediatoolkit.org\/wp-content\/uploads\/2023\/06\/imagen-300x217.png 300w, https:\/\/neuropediatoolkit.org\/wp-content\/uploads\/2023\/06\/imagen-18x12.png 18w\" sizes=\"(max-width: 34.9rem) calc(100vw - 2rem), (max-width: 53rem) calc(8 * (100vw \/ 12)), (min-width: 53rem) calc(6 * (100vw \/ 12)), 100vw\" \/><\/a><\/div><div class=\"o-posts-grid-post-body\"><h4 class=\"o-posts-grid-post-title\"><a href=\"https:\/\/neuropediatoolkit.org\/en\/bibliografia-esencial-para-la-consulta-de-neurologia-pediatrica\/\">Bibliography essential for the consultation of pediatric neurology.<\/a><\/h4><\/div><\/div><\/div><div class=\"o-posts-grid-post-blog o-posts-grid-post-plain\"><div class=\"o-posts-grid-post\"><div class=\"o-posts-grid-post-image\"><a href=\"https:\/\/neuropediatoolkit.org\/en\/clonus-aquileo\/\"><img loading=\"lazy\" decoding=\"async\" width=\"209\" height=\"240\" src=\"https:\/\/neuropediatoolkit.org\/wp-content\/uploads\/2023\/03\/imagen-53.png\" class=\"attachment-full size-full\" alt=\"Clonus aqu\u00edleo.\" srcset=\"https:\/\/neuropediatoolkit.org\/wp-content\/uploads\/2023\/03\/imagen-53.png 209w, https:\/\/neuropediatoolkit.org\/wp-content\/uploads\/2023\/03\/imagen-53-10x12.png 10w\" sizes=\"(max-width: 34.9rem) calc(100vw - 2rem), (max-width: 53rem) calc(8 * (100vw \/ 12)), (min-width: 53rem) calc(6 * (100vw \/ 12)), 100vw\" \/><\/a><\/div><div class=\"o-posts-grid-post-body\"><h4 class=\"o-posts-grid-post-title\"><a href=\"https:\/\/neuropediatoolkit.org\/en\/clonus-aquileo\/\">Clonus ankle.<\/a><\/h4><\/div><\/div><\/div><div class=\"o-posts-grid-post-blog o-posts-grid-post-plain\"><div class=\"o-posts-grid-post\"><div class=\"o-posts-grid-post-image\"><a href=\"https:\/\/neuropediatoolkit.org\/en\/deformidades-craneales\/\"><img loading=\"lazy\" decoding=\"async\" width=\"943\" height=\"629\" src=\"https:\/\/neuropediatoolkit.org\/wp-content\/uploads\/2022\/09\/image-27.png\" class=\"attachment-full size-full\" alt=\"Deformidades craneales.\" srcset=\"https:\/\/neuropediatoolkit.org\/wp-content\/uploads\/2022\/09\/image-27.png 943w, https:\/\/neuropediatoolkit.org\/wp-content\/uploads\/2022\/09\/image-27-300x200.png 300w, https:\/\/neuropediatoolkit.org\/wp-content\/uploads\/2022\/09\/image-27-768x512.png 768w, https:\/\/neuropediatoolkit.org\/wp-content\/uploads\/2022\/09\/image-27-18x12.png 18w\" sizes=\"(max-width: 34.9rem) calc(100vw - 2rem), (max-width: 53rem) calc(8 * (100vw \/ 12)), (min-width: 53rem) calc(6 * (100vw \/ 12)), 100vw\" \/><\/a><\/div><div class=\"o-posts-grid-post-body\"><h4 class=\"o-posts-grid-post-title\"><a href=\"https:\/\/neuropediatoolkit.org\/en\/deformidades-craneales\/\">Deformities of the skull.<\/a><\/h4><\/div><\/div><\/div><div class=\"o-posts-grid-post-blog o-posts-grid-post-plain\"><div class=\"o-posts-grid-post\"><div class=\"o-posts-grid-post-image\"><a href=\"https:\/\/neuropediatoolkit.org\/en\/desarrollo-del-dibujo\/\"><img loading=\"lazy\" decoding=\"async\" width=\"847\" height=\"495\" src=\"https:\/\/neuropediatoolkit.org\/wp-content\/uploads\/2022\/07\/imagen-18.png\" class=\"attachment-full size-full\" alt=\"Desarrollo del dibujo.\" srcset=\"https:\/\/neuropediatoolkit.org\/wp-content\/uploads\/2022\/07\/imagen-18.png 847w, https:\/\/neuropediatoolkit.org\/wp-content\/uploads\/2022\/07\/imagen-18-300x175.png 300w, https:\/\/neuropediatoolkit.org\/wp-content\/uploads\/2022\/07\/imagen-18-768x449.png 768w, https:\/\/neuropediatoolkit.org\/wp-content\/uploads\/2022\/07\/imagen-18-18x12.png 18w\" sizes=\"(max-width: 34.9rem) calc(100vw - 2rem), (max-width: 53rem) calc(8 * (100vw \/ 12)), (min-width: 53rem) calc(6 * (100vw \/ 12)), 100vw\" \/><\/a><\/div><div class=\"o-posts-grid-post-body\"><h4 class=\"o-posts-grid-post-title\"><a href=\"https:\/\/neuropediatoolkit.org\/en\/desarrollo-del-dibujo\/\">Development of the drawing.<\/a><\/h4><\/div><\/div><\/div><div class=\"o-posts-grid-post-blog o-posts-grid-post-plain\"><div class=\"o-posts-grid-post\"><div class=\"o-posts-grid-post-image\"><a href=\"https:\/\/neuropediatoolkit.org\/en\/desarrollo-del-sueno\/\"><img loading=\"lazy\" decoding=\"async\" width=\"1200\" height=\"601\" src=\"https:\/\/neuropediatoolkit.org\/wp-content\/uploads\/2022\/09\/imagen-43.png\" class=\"attachment-full size-full\" alt=\"Desarrollo del sue\u00f1o.\" srcset=\"https:\/\/neuropediatoolkit.org\/wp-content\/uploads\/2022\/09\/imagen-43.png 1200w, https:\/\/neuropediatoolkit.org\/wp-content\/uploads\/2022\/09\/imagen-43-300x150.png 300w, https:\/\/neuropediatoolkit.org\/wp-content\/uploads\/2022\/09\/imagen-43-768x385.png 768w, https:\/\/neuropediatoolkit.org\/wp-content\/uploads\/2022\/09\/imagen-43-1024x513.png 1024w, https:\/\/neuropediatoolkit.org\/wp-content\/uploads\/2022\/09\/imagen-43-18x9.png 18w\" sizes=\"(max-width: 34.9rem) calc(100vw - 2rem), (max-width: 53rem) calc(8 * (100vw \/ 12)), (min-width: 53rem) calc(6 * (100vw \/ 12)), 100vw\" \/><\/a><\/div><div class=\"o-posts-grid-post-body\"><h4 class=\"o-posts-grid-post-title\"><a href=\"https:\/\/neuropediatoolkit.org\/en\/desarrollo-del-sueno\/\">Sleep development.<\/a><\/h4><\/div><\/div><\/div><div class=\"o-posts-grid-post-blog o-posts-grid-post-plain\"><div class=\"o-posts-grid-post\"><div class=\"o-posts-grid-post-image\"><a href=\"https:\/\/neuropediatoolkit.org\/en\/desarrollo-motor\/\"><img loading=\"lazy\" decoding=\"async\" width=\"1273\" height=\"827\" src=\"https:\/\/neuropediatoolkit.org\/wp-content\/uploads\/2023\/03\/imagen-2.png\" class=\"attachment-full size-full\" alt=\"Desarrollo motor.\" srcset=\"https:\/\/neuropediatoolkit.org\/wp-content\/uploads\/2023\/03\/imagen-2.png 1273w, https:\/\/neuropediatoolkit.org\/wp-content\/uploads\/2023\/03\/imagen-2-300x195.png 300w, https:\/\/neuropediatoolkit.org\/wp-content\/uploads\/2023\/03\/imagen-2-768x499.png 768w, https:\/\/neuropediatoolkit.org\/wp-content\/uploads\/2023\/03\/imagen-2-1024x665.png 1024w, https:\/\/neuropediatoolkit.org\/wp-content\/uploads\/2023\/03\/imagen-2-18x12.png 18w\" sizes=\"(max-width: 34.9rem) calc(100vw - 2rem), (max-width: 53rem) calc(8 * (100vw \/ 12)), (min-width: 53rem) calc(6 * (100vw \/ 12)), 100vw\" \/><\/a><\/div><div class=\"o-posts-grid-post-body\"><h4 class=\"o-posts-grid-post-title\"><a href=\"https:\/\/neuropediatoolkit.org\/en\/desarrollo-motor\/\">Motor development.<\/a><\/h4><\/div><\/div><\/div><div class=\"o-posts-grid-post-blog o-posts-grid-post-plain\"><div class=\"o-posts-grid-post\"><div class=\"o-posts-grid-post-image\"><a href=\"https:\/\/neuropediatoolkit.org\/en\/desarrollo-normal-del-juego\/\"><img loading=\"lazy\" decoding=\"async\" width=\"1001\" height=\"601\" src=\"https:\/\/neuropediatoolkit.org\/wp-content\/uploads\/2022\/07\/image.png\" class=\"attachment-full size-full\" alt=\"Desarrollo normal del juego.\" srcset=\"https:\/\/neuropediatoolkit.org\/wp-content\/uploads\/2022\/07\/image.png 1001w, https:\/\/neuropediatoolkit.org\/wp-content\/uploads\/2022\/07\/image-300x180.png 300w, https:\/\/neuropediatoolkit.org\/wp-content\/uploads\/2022\/07\/image-768x461.png 768w, https:\/\/neuropediatoolkit.org\/wp-content\/uploads\/2022\/07\/image-18x12.png 18w\" sizes=\"(max-width: 34.9rem) calc(100vw - 2rem), (max-width: 53rem) calc(8 * (100vw \/ 12)), (min-width: 53rem) calc(6 * (100vw \/ 12)), 100vw\" \/><\/a><\/div><div class=\"o-posts-grid-post-body\"><h4 class=\"o-posts-grid-post-title\"><a href=\"https:\/\/neuropediatoolkit.org\/en\/desarrollo-normal-del-juego\/\">Normal development of the game.<\/a><\/h4><\/div><\/div><\/div><div class=\"o-posts-grid-post-blog o-posts-grid-post-plain\"><div class=\"o-posts-grid-post\"><div class=\"o-posts-grid-post-image\"><a href=\"https:\/\/neuropediatoolkit.org\/en\/cronologia-de-los-hitos-del-desarrollo-socio-emocional\/\"><img loading=\"lazy\" decoding=\"async\" width=\"2000\" height=\"2000\" src=\"https:\/\/neuropediatoolkit.org\/wp-content\/uploads\/2022\/12\/imagen-10.png\" class=\"attachment-full size-full\" alt=\"Desarrollo socio-emocional.\" srcset=\"https:\/\/neuropediatoolkit.org\/wp-content\/uploads\/2022\/12\/imagen-10.png 2000w, https:\/\/neuropediatoolkit.org\/wp-content\/uploads\/2022\/12\/imagen-10-150x150.png 150w, https:\/\/neuropediatoolkit.org\/wp-content\/uploads\/2022\/12\/imagen-10-300x300.png 300w, https:\/\/neuropediatoolkit.org\/wp-content\/uploads\/2022\/12\/imagen-10-768x768.png 768w, https:\/\/neuropediatoolkit.org\/wp-content\/uploads\/2022\/12\/imagen-10-1024x1024.png 1024w, https:\/\/neuropediatoolkit.org\/wp-content\/uploads\/2022\/12\/imagen-10-1536x1536.png 1536w, https:\/\/neuropediatoolkit.org\/wp-content\/uploads\/2022\/12\/imagen-10-12x12.png 12w, https:\/\/neuropediatoolkit.org\/wp-content\/uploads\/2022\/12\/imagen-10-1568x1568.png 1568w\" sizes=\"(max-width: 34.9rem) calc(100vw - 2rem), (max-width: 53rem) calc(8 * (100vw \/ 12)), (min-width: 53rem) calc(6 * (100vw \/ 12)), 100vw\" \/><\/a><\/div><div class=\"o-posts-grid-post-body\"><h4 class=\"o-posts-grid-post-title\"><a href=\"https:\/\/neuropediatoolkit.org\/en\/cronologia-de-los-hitos-del-desarrollo-socio-emocional\/\">Socio-emotional development.<\/a><\/h4><\/div><\/div><\/div><div class=\"o-posts-grid-post-blog o-posts-grid-post-plain\"><div class=\"o-posts-grid-post\"><div class=\"o-posts-grid-post-image\"><a href=\"https:\/\/neuropediatoolkit.org\/en\/edad-corregida-y-prematuridad\/\"><img loading=\"lazy\" decoding=\"async\" width=\"768\" height=\"545\" src=\"https:\/\/neuropediatoolkit.org\/wp-content\/uploads\/2022\/10\/imagen-23.png\" class=\"attachment-full size-full\" alt=\"Edad corregida y prematuridad.\" srcset=\"https:\/\/neuropediatoolkit.org\/wp-content\/uploads\/2022\/10\/imagen-23.png 768w, https:\/\/neuropediatoolkit.org\/wp-content\/uploads\/2022\/10\/imagen-23-300x213.png 300w, https:\/\/neuropediatoolkit.org\/wp-content\/uploads\/2022\/10\/imagen-23-18x12.png 18w\" sizes=\"(max-width: 34.9rem) calc(100vw - 2rem), (max-width: 53rem) calc(8 * (100vw \/ 12)), (min-width: 53rem) calc(6 * (100vw \/ 12)), 100vw\" \/><\/a><\/div><div class=\"o-posts-grid-post-body\"><h4 class=\"o-posts-grid-post-title\"><a href=\"https:\/\/neuropediatoolkit.org\/en\/edad-corregida-y-prematuridad\/\">Corrected age and prematurity.<\/a><\/h4><\/div><\/div><\/div><div class=\"o-posts-grid-post-blog o-posts-grid-post-plain\"><div class=\"o-posts-grid-post\"><div class=\"o-posts-grid-post-image\"><a href=\"https:\/\/neuropediatoolkit.org\/en\/elements-of-morphology-2\/\"><img loading=\"lazy\" decoding=\"async\" width=\"1920\" height=\"866\" src=\"https:\/\/neuropediatoolkit.org\/wp-content\/uploads\/2022\/07\/imagen-2.png\" class=\"attachment-full size-full\" alt=\"Elements of morphology.\" srcset=\"https:\/\/neuropediatoolkit.org\/wp-content\/uploads\/2022\/07\/imagen-2.png 1920w, https:\/\/neuropediatoolkit.org\/wp-content\/uploads\/2022\/07\/imagen-2-300x135.png 300w, https:\/\/neuropediatoolkit.org\/wp-content\/uploads\/2022\/07\/imagen-2-768x346.png 768w, https:\/\/neuropediatoolkit.org\/wp-content\/uploads\/2022\/07\/imagen-2-1024x462.png 1024w, https:\/\/neuropediatoolkit.org\/wp-content\/uploads\/2022\/07\/imagen-2-1536x693.png 1536w, https:\/\/neuropediatoolkit.org\/wp-content\/uploads\/2022\/07\/imagen-2-18x8.png 18w, https:\/\/neuropediatoolkit.org\/wp-content\/uploads\/2022\/07\/imagen-2-1568x707.png 1568w\" sizes=\"(max-width: 34.9rem) calc(100vw - 2rem), (max-width: 53rem) calc(8 * (100vw \/ 12)), (min-width: 53rem) calc(6 * (100vw \/ 12)), 100vw\" \/><\/a><\/div><div class=\"o-posts-grid-post-body\"><h4 class=\"o-posts-grid-post-title\"><a href=\"https:\/\/neuropediatoolkit.org\/en\/elements-of-morphology-2\/\">Elements of morphology.<\/a><\/h4><\/div><\/div><\/div><div class=\"o-posts-grid-post-blog o-posts-grid-post-plain\"><div class=\"o-posts-grid-post\"><div class=\"o-posts-grid-post-image\"><a href=\"https:\/\/neuropediatoolkit.org\/en\/escala-de-fuerza-mrc\/\"><img loading=\"lazy\" decoding=\"async\" width=\"1024\" height=\"768\" src=\"https:\/\/neuropediatoolkit.org\/wp-content\/uploads\/2022\/07\/imagen-27.png\" class=\"attachment-full size-full\" alt=\"Escala de fuerza MRC.\" srcset=\"https:\/\/neuropediatoolkit.org\/wp-content\/uploads\/2022\/07\/imagen-27.png 1024w, https:\/\/neuropediatoolkit.org\/wp-content\/uploads\/2022\/07\/imagen-27-300x225.png 300w, https:\/\/neuropediatoolkit.org\/wp-content\/uploads\/2022\/07\/imagen-27-768x576.png 768w, https:\/\/neuropediatoolkit.org\/wp-content\/uploads\/2022\/07\/imagen-27-16x12.png 16w\" sizes=\"(max-width: 34.9rem) calc(100vw - 2rem), (max-width: 53rem) calc(8 * (100vw \/ 12)), (min-width: 53rem) calc(6 * (100vw \/ 12)), 100vw\" \/><\/a><\/div><div class=\"o-posts-grid-post-body\"><h4 class=\"o-posts-grid-post-title\"><a href=\"https:\/\/neuropediatoolkit.org\/en\/escala-de-fuerza-mrc\/\">Scale of strength MRC.<\/a><\/h4><\/div><\/div><\/div><div class=\"o-posts-grid-post-blog o-posts-grid-post-plain\"><div class=\"o-posts-grid-post\"><div class=\"o-posts-grid-post-image\"><a href=\"https:\/\/neuropediatoolkit.org\/en\/escalas-de-desarrollo-infantil\/\"><img loading=\"lazy\" decoding=\"async\" width=\"2560\" height=\"1961\" src=\"https:\/\/neuropediatoolkit.org\/wp-content\/uploads\/2023\/03\/imagen-68.png\" class=\"attachment-full size-full\" alt=\"Escalas de desarrollo infantil.\" srcset=\"https:\/\/neuropediatoolkit.org\/wp-content\/uploads\/2023\/03\/imagen-68.png 2560w, https:\/\/neuropediatoolkit.org\/wp-content\/uploads\/2023\/03\/imagen-68-300x230.png 300w, https:\/\/neuropediatoolkit.org\/wp-content\/uploads\/2023\/03\/imagen-68-768x588.png 768w, https:\/\/neuropediatoolkit.org\/wp-content\/uploads\/2023\/03\/imagen-68-1024x784.png 1024w, https:\/\/neuropediatoolkit.org\/wp-content\/uploads\/2023\/03\/imagen-68-1536x1177.png 1536w, https:\/\/neuropediatoolkit.org\/wp-content\/uploads\/2023\/03\/imagen-68-2048x1569.png 2048w, https:\/\/neuropediatoolkit.org\/wp-content\/uploads\/2023\/03\/imagen-68-16x12.png 16w, https:\/\/neuropediatoolkit.org\/wp-content\/uploads\/2023\/03\/imagen-68-1568x1201.png 1568w\" sizes=\"(max-width: 34.9rem) calc(100vw - 2rem), (max-width: 53rem) calc(8 * (100vw \/ 12)), (min-width: 53rem) calc(6 * (100vw \/ 12)), 100vw\" \/><\/a><\/div><div class=\"o-posts-grid-post-body\"><h4 class=\"o-posts-grid-post-title\"><a href=\"https:\/\/neuropediatoolkit.org\/en\/escalas-de-desarrollo-infantil\/\">Scales of infant development.<\/a><\/h4><\/div><\/div><\/div><div class=\"o-posts-grid-post-blog o-posts-grid-post-plain\"><div class=\"o-posts-grid-post\"><div class=\"o-posts-grid-post-image\"><a href=\"https:\/\/neuropediatoolkit.org\/en\/exploracion-dismorfologica\/\"><img loading=\"lazy\" decoding=\"async\" width=\"770\" height=\"744\" src=\"https:\/\/neuropediatoolkit.org\/wp-content\/uploads\/2023\/02\/imagen-30.png\" class=\"attachment-full size-full\" alt=\"Exploraci\u00f3n dismorfol\u00f3gica.\" srcset=\"https:\/\/neuropediatoolkit.org\/wp-content\/uploads\/2023\/02\/imagen-30.png 770w, https:\/\/neuropediatoolkit.org\/wp-content\/uploads\/2023\/02\/imagen-30-300x290.png 300w, https:\/\/neuropediatoolkit.org\/wp-content\/uploads\/2023\/02\/imagen-30-768x742.png 768w, https:\/\/neuropediatoolkit.org\/wp-content\/uploads\/2023\/02\/imagen-30-12x12.png 12w\" sizes=\"(max-width: 34.9rem) calc(100vw - 2rem), (max-width: 53rem) calc(8 * (100vw \/ 12)), (min-width: 53rem) calc(6 * (100vw \/ 12)), 100vw\" \/><\/a><\/div><div class=\"o-posts-grid-post-body\"><h4 class=\"o-posts-grid-post-title\"><a href=\"https:\/\/neuropediatoolkit.org\/en\/exploracion-dismorfologica\/\">Exploration dismorfol\u00f3gica.<\/a><\/h4><\/div><\/div><\/div><div class=\"o-posts-grid-post-blog o-posts-grid-post-plain\"><div class=\"o-posts-grid-post\"><div class=\"o-posts-grid-post-image\"><a href=\"https:\/\/neuropediatoolkit.org\/en\/exploracion-neurocutanea\/\"><img loading=\"lazy\" decoding=\"async\" width=\"858\" height=\"573\" src=\"https:\/\/neuropediatoolkit.org\/wp-content\/uploads\/2023\/02\/imagen-23.png\" class=\"attachment-full size-full\" alt=\"Exploraci\u00f3n neurocut\u00e1nea.\" srcset=\"https:\/\/neuropediatoolkit.org\/wp-content\/uploads\/2023\/02\/imagen-23.png 858w, https:\/\/neuropediatoolkit.org\/wp-content\/uploads\/2023\/02\/imagen-23-300x200.png 300w, https:\/\/neuropediatoolkit.org\/wp-content\/uploads\/2023\/02\/imagen-23-768x513.png 768w, https:\/\/neuropediatoolkit.org\/wp-content\/uploads\/2023\/02\/imagen-23-18x12.png 18w\" sizes=\"(max-width: 34.9rem) calc(100vw - 2rem), (max-width: 53rem) calc(8 * (100vw \/ 12)), (min-width: 53rem) calc(6 * (100vw \/ 12)), 100vw\" \/><\/a><\/div><div class=\"o-posts-grid-post-body\"><h4 class=\"o-posts-grid-post-title\"><a href=\"https:\/\/neuropediatoolkit.org\/en\/exploracion-neurocutanea\/\">Exploration neurocutaneous.<\/a><\/h4><\/div><\/div><\/div><div class=\"o-posts-grid-post-blog o-posts-grid-post-plain\"><div class=\"o-posts-grid-post\"><div class=\"o-posts-grid-post-image\"><a href=\"https:\/\/neuropediatoolkit.org\/en\/exploracion-neurologica-del-mayor-de-3-anos\/\"><img loading=\"lazy\" decoding=\"async\" width=\"1400\" height=\"788\" src=\"https:\/\/neuropediatoolkit.org\/wp-content\/uploads\/2022\/07\/test-de-reflejo-rotuliano-1.jpg\" class=\"attachment-full size-full\" alt=\"Exploraci\u00f3n neurol\u00f3gica del mayor de 3 a\u00f1os:\" srcset=\"https:\/\/neuropediatoolkit.org\/wp-content\/uploads\/2022\/07\/test-de-reflejo-rotuliano-1.jpg 1400w, https:\/\/neuropediatoolkit.org\/wp-content\/uploads\/2022\/07\/test-de-reflejo-rotuliano-1-300x169.jpg 300w, https:\/\/neuropediatoolkit.org\/wp-content\/uploads\/2022\/07\/test-de-reflejo-rotuliano-1-768x432.jpg 768w, https:\/\/neuropediatoolkit.org\/wp-content\/uploads\/2022\/07\/test-de-reflejo-rotuliano-1-1024x576.jpg 1024w, https:\/\/neuropediatoolkit.org\/wp-content\/uploads\/2022\/07\/test-de-reflejo-rotuliano-1-18x10.jpg 18w\" sizes=\"(max-width: 34.9rem) calc(100vw - 2rem), (max-width: 53rem) calc(8 * (100vw \/ 12)), (min-width: 53rem) calc(6 * (100vw \/ 12)), 100vw\" \/><\/a><\/div><div class=\"o-posts-grid-post-body\"><h4 class=\"o-posts-grid-post-title\"><a href=\"https:\/\/neuropediatoolkit.org\/en\/exploracion-neurologica-del-mayor-de-3-anos\/\">Neurological examination of more than 3 years:<\/a><\/h4><\/div><\/div><\/div><div class=\"o-posts-grid-post-blog o-posts-grid-post-plain\"><div class=\"o-posts-grid-post\"><div class=\"o-posts-grid-post-image\"><a href=\"https:\/\/neuropediatoolkit.org\/en\/pedineurologic-exam\/\"><img loading=\"lazy\" decoding=\"async\" width=\"450\" height=\"450\" src=\"https:\/\/neuropediatoolkit.org\/wp-content\/uploads\/2023\/04\/imagen-74.png\" class=\"attachment-full size-full\" alt=\"Exploraci\u00f3n neurol\u00f3gica del ni\u00f1o.\" srcset=\"https:\/\/neuropediatoolkit.org\/wp-content\/uploads\/2023\/04\/imagen-74.png 450w, https:\/\/neuropediatoolkit.org\/wp-content\/uploads\/2023\/04\/imagen-74-150x150.png 150w, https:\/\/neuropediatoolkit.org\/wp-content\/uploads\/2023\/04\/imagen-74-300x300.png 300w, https:\/\/neuropediatoolkit.org\/wp-content\/uploads\/2023\/04\/imagen-74-12x12.png 12w\" sizes=\"(max-width: 34.9rem) calc(100vw - 2rem), (max-width: 53rem) calc(8 * (100vw \/ 12)), (min-width: 53rem) calc(6 * (100vw \/ 12)), 100vw\" \/><\/a><\/div><div class=\"o-posts-grid-post-body\"><h4 class=\"o-posts-grid-post-title\"><a href=\"https:\/\/neuropediatoolkit.org\/en\/pedineurologic-exam\/\">Neurological examination of the child.<\/a><\/h4><\/div><\/div><\/div><div class=\"o-posts-grid-post-blog o-posts-grid-post-plain\"><div class=\"o-posts-grid-post\"><div class=\"o-posts-grid-post-body is-full\"><h4 class=\"o-posts-grid-post-title\"><a href=\"https:\/\/neuropediatoolkit.org\/en\/exploracion-neurooftalmologica-pediatrica\/\">Exploration neurooftalmol\u00f3gica pediatric<\/a><\/h4><\/div><\/div><\/div><\/div> <\/div><\/div><\/details>\n\n\n\n<details class=\"wp-block-themeisle-blocks-accordion-item\"><summary class=\"wp-block-themeisle-blocks-accordion-item__title\"><div>Neurological diseases. <\/div><\/summary><div class=\"wp-block-themeisle-blocks-accordion-item__content\"><div class=\"wp-block-themeisle-blocks-posts-grid\" id=\"wp-block-themeisle-blocks-posts-grid-99bb72ab\"><div class=\"is-grid o-posts-grid-columns-3\"><div class=\"o-posts-grid-post-blog o-posts-grid-post-plain\"><div class=\"o-posts-grid-post\"><div class=\"o-posts-grid-post-image\"><a href=\"https:\/\/neuropediatoolkit.org\/en\/cuando-sospechar-un-error-congenito-del-metabolismo\/\"><img loading=\"lazy\" decoding=\"async\" width=\"600\" height=\"449\" src=\"https:\/\/neuropediatoolkit.org\/wp-content\/uploads\/2023\/03\/image.png\" class=\"attachment-full size-full\" alt=\"\u00bfCu\u00e1ndo sospechar un error cong\u00e9nito del metabolismo?\" srcset=\"https:\/\/neuropediatoolkit.org\/wp-content\/uploads\/2023\/03\/image.png 600w, https:\/\/neuropediatoolkit.org\/wp-content\/uploads\/2023\/03\/image-300x225.png 300w, https:\/\/neuropediatoolkit.org\/wp-content\/uploads\/2023\/03\/image-16x12.png 16w\" sizes=\"(max-width: 34.9rem) calc(100vw - 2rem), (max-width: 53rem) calc(8 * (100vw \/ 12)), (min-width: 53rem) calc(6 * (100vw \/ 12)), 100vw\" \/><\/a><\/div><div class=\"o-posts-grid-post-body\"><h4 class=\"o-posts-grid-post-title\"><a href=\"https:\/\/neuropediatoolkit.org\/en\/cuando-sospechar-un-error-congenito-del-metabolismo\/\">When do you suspect an error congenital metabolism?<\/a><\/h4><\/div><\/div><\/div><div class=\"o-posts-grid-post-blog o-posts-grid-post-plain\"><div class=\"o-posts-grid-post\"><div class=\"o-posts-grid-post-image\"><a href=\"https:\/\/neuropediatoolkit.org\/en\/arx-gene\/\"><img loading=\"lazy\" decoding=\"async\" width=\"1484\" height=\"1109\" src=\"https:\/\/neuropediatoolkit.org\/wp-content\/uploads\/2025\/09\/image.png\" class=\"attachment-full size-full\" alt=\"ARX gene.\" srcset=\"https:\/\/neuropediatoolkit.org\/wp-content\/uploads\/2025\/09\/image.png 1484w, https:\/\/neuropediatoolkit.org\/wp-content\/uploads\/2025\/09\/image-300x224.png 300w, https:\/\/neuropediatoolkit.org\/wp-content\/uploads\/2025\/09\/image-1024x765.png 1024w, https:\/\/neuropediatoolkit.org\/wp-content\/uploads\/2025\/09\/image-768x574.png 768w, https:\/\/neuropediatoolkit.org\/wp-content\/uploads\/2025\/09\/image-16x12.png 16w\" sizes=\"(max-width: 34.9rem) calc(100vw - 2rem), (max-width: 53rem) calc(8 * (100vw \/ 12)), (min-width: 53rem) calc(6 * (100vw \/ 12)), 100vw\" \/><\/a><\/div><div class=\"o-posts-grid-post-body\"><h4 class=\"o-posts-grid-post-title\"><a href=\"https:\/\/neuropediatoolkit.org\/en\/arx-gene\/\">ARX gene.<\/a><\/h4><\/div><\/div><\/div><div class=\"o-posts-grid-post-blog o-posts-grid-post-plain\"><div class=\"o-posts-grid-post\"><div class=\"o-posts-grid-post-image\"><a href=\"https:\/\/neuropediatoolkit.org\/en\/ataxia-congenita-no-progresiva\/\"><img loading=\"lazy\" decoding=\"async\" width=\"415\" height=\"233\" src=\"https:\/\/neuropediatoolkit.org\/wp-content\/uploads\/2025\/02\/image-15.png\" class=\"attachment-full size-full\" alt=\"Ataxia cong\u00e9nita no progresiva.\" srcset=\"https:\/\/neuropediatoolkit.org\/wp-content\/uploads\/2025\/02\/image-15.png 415w, https:\/\/neuropediatoolkit.org\/wp-content\/uploads\/2025\/02\/image-15-300x168.png 300w, https:\/\/neuropediatoolkit.org\/wp-content\/uploads\/2025\/02\/image-15-18x10.png 18w\" sizes=\"(max-width: 34.9rem) calc(100vw - 2rem), (max-width: 53rem) calc(8 * (100vw \/ 12)), (min-width: 53rem) calc(6 * (100vw \/ 12)), 100vw\" \/><\/a><\/div><div class=\"o-posts-grid-post-body\"><h4 class=\"o-posts-grid-post-title\"><a href=\"https:\/\/neuropediatoolkit.org\/en\/ataxia-congenita-no-progresiva\/\">Ataxia cong\u00e9nita no progresiva.<\/a><\/h4><\/div><\/div><\/div><div class=\"o-posts-grid-post-blog o-posts-grid-post-plain\"><div class=\"o-posts-grid-post\"><div class=\"o-posts-grid-post-image\"><a href=\"https:\/\/neuropediatoolkit.org\/en\/base-de-datos-scn1a\/\"><img loading=\"lazy\" decoding=\"async\" width=\"1084\" height=\"603\" src=\"https:\/\/neuropediatoolkit.org\/wp-content\/uploads\/2024\/06\/image-3.png\" class=\"attachment-full size-full\" alt=\"Base de datos SCNx.\" srcset=\"https:\/\/neuropediatoolkit.org\/wp-content\/uploads\/2024\/06\/image-3.png 1084w, https:\/\/neuropediatoolkit.org\/wp-content\/uploads\/2024\/06\/image-3-300x167.png 300w, https:\/\/neuropediatoolkit.org\/wp-content\/uploads\/2024\/06\/image-3-1024x570.png 1024w, https:\/\/neuropediatoolkit.org\/wp-content\/uploads\/2024\/06\/image-3-768x427.png 768w, https:\/\/neuropediatoolkit.org\/wp-content\/uploads\/2024\/06\/image-3-18x10.png 18w\" sizes=\"(max-width: 34.9rem) calc(100vw - 2rem), (max-width: 53rem) calc(8 * (100vw \/ 12)), (min-width: 53rem) calc(6 * (100vw \/ 12)), 100vw\" \/><\/a><\/div><div class=\"o-posts-grid-post-body\"><h4 class=\"o-posts-grid-post-title\"><a href=\"https:\/\/neuropediatoolkit.org\/en\/base-de-datos-scn1a\/\">Base de datos SCNx.<\/a><\/h4><\/div><\/div><\/div><div class=\"o-posts-grid-post-blog o-posts-grid-post-plain\"><div class=\"o-posts-grid-post\"><div class=\"o-posts-grid-post-image\"><a href=\"https:\/\/neuropediatoolkit.org\/en\/beyond-pediatric-epilepsy-program\/\"><img loading=\"lazy\" decoding=\"async\" width=\"1879\" height=\"763\" src=\"https:\/\/neuropediatoolkit.org\/wp-content\/uploads\/2023\/03\/imagen-54.png\" class=\"attachment-full size-full\" alt=\"Beyond Pediatric Epilepsy Program.\" srcset=\"https:\/\/neuropediatoolkit.org\/wp-content\/uploads\/2023\/03\/imagen-54.png 1879w, https:\/\/neuropediatoolkit.org\/wp-content\/uploads\/2023\/03\/imagen-54-300x122.png 300w, https:\/\/neuropediatoolkit.org\/wp-content\/uploads\/2023\/03\/imagen-54-768x312.png 768w, https:\/\/neuropediatoolkit.org\/wp-content\/uploads\/2023\/03\/imagen-54-1024x416.png 1024w, https:\/\/neuropediatoolkit.org\/wp-content\/uploads\/2023\/03\/imagen-54-1536x624.png 1536w, https:\/\/neuropediatoolkit.org\/wp-content\/uploads\/2023\/03\/imagen-54-18x7.png 18w, https:\/\/neuropediatoolkit.org\/wp-content\/uploads\/2023\/03\/imagen-54-1568x637.png 1568w\" sizes=\"(max-width: 34.9rem) calc(100vw - 2rem), (max-width: 53rem) calc(8 * (100vw \/ 12)), (min-width: 53rem) calc(6 * (100vw \/ 12)), 100vw\" \/><\/a><\/div><div class=\"o-posts-grid-post-body\"><h4 class=\"o-posts-grid-post-title\"><a href=\"https:\/\/neuropediatoolkit.org\/en\/beyond-pediatric-epilepsy-program\/\">Beyond The Pediatric Epilepsy Program.<\/a><\/h4><\/div><\/div><\/div><div class=\"o-posts-grid-post-blog o-posts-grid-post-plain\"><div class=\"o-posts-grid-post\"><div class=\"o-posts-grid-post-image\"><a href=\"https:\/\/neuropediatoolkit.org\/en\/bilirrubin-induced-neurological-dysfunction-trastornos-del-espectro-de-la-encefalopatia-cronica-por-bilirrubina\/\"><img loading=\"lazy\" decoding=\"async\" width=\"1400\" height=\"1050\" src=\"https:\/\/neuropediatoolkit.org\/wp-content\/uploads\/2022\/10\/imagen-37.png\" class=\"attachment-full size-full\" alt=\"Bilirrubin induced neurological dysfunction (trastornos del espectro de la encefalopat\u00eda por bilirrubina).\" srcset=\"https:\/\/neuropediatoolkit.org\/wp-content\/uploads\/2022\/10\/imagen-37.png 1400w, https:\/\/neuropediatoolkit.org\/wp-content\/uploads\/2022\/10\/imagen-37-300x225.png 300w, https:\/\/neuropediatoolkit.org\/wp-content\/uploads\/2022\/10\/imagen-37-768x576.png 768w, https:\/\/neuropediatoolkit.org\/wp-content\/uploads\/2022\/10\/imagen-37-1024x768.png 1024w, https:\/\/neuropediatoolkit.org\/wp-content\/uploads\/2022\/10\/imagen-37-16x12.png 16w\" sizes=\"(max-width: 34.9rem) calc(100vw - 2rem), (max-width: 53rem) calc(8 * (100vw \/ 12)), (min-width: 53rem) calc(6 * (100vw \/ 12)), 100vw\" \/><\/a><\/div><div class=\"o-posts-grid-post-body\"><h4 class=\"o-posts-grid-post-title\"><a href=\"https:\/\/neuropediatoolkit.org\/en\/bilirrubin-induced-neurological-dysfunction-trastornos-del-espectro-de-la-encefalopatia-cronica-por-bilirrubina\/\">Bilirrubin induced neurological dysfunction (spectrum disorders, encephalopathy by bilirubin).<\/a><\/h4><\/div><\/div><\/div><div class=\"o-posts-grid-post-blog o-posts-grid-post-plain\"><div class=\"o-posts-grid-post\"><div class=\"o-posts-grid-post-image\"><a href=\"https:\/\/neuropediatoolkit.org\/en\/bis\/\"><img loading=\"lazy\" decoding=\"async\" width=\"750\" height=\"750\" src=\"https:\/\/neuropediatoolkit.org\/wp-content\/uploads\/2024\/06\/image-2.png\" class=\"attachment-full size-full\" alt=\"BIS.\" srcset=\"https:\/\/neuropediatoolkit.org\/wp-content\/uploads\/2024\/06\/image-2.png 750w, https:\/\/neuropediatoolkit.org\/wp-content\/uploads\/2024\/06\/image-2-300x300.png 300w, https:\/\/neuropediatoolkit.org\/wp-content\/uploads\/2024\/06\/image-2-150x150.png 150w, https:\/\/neuropediatoolkit.org\/wp-content\/uploads\/2024\/06\/image-2-12x12.png 12w\" sizes=\"(max-width: 34.9rem) calc(100vw - 2rem), (max-width: 53rem) calc(8 * (100vw \/ 12)), (min-width: 53rem) calc(6 * (100vw \/ 12)), 100vw\" \/><\/a><\/div><div class=\"o-posts-grid-post-body\"><h4 class=\"o-posts-grid-post-title\"><a href=\"https:\/\/neuropediatoolkit.org\/en\/bis\/\">BIS.<\/a><\/h4><\/div><\/div><\/div><div class=\"o-posts-grid-post-blog o-posts-grid-post-plain\"><div class=\"o-posts-grid-post\"><div class=\"o-posts-grid-post-image\"><a href=\"https:\/\/neuropediatoolkit.org\/en\/cdg-roadmap\/\"><img loading=\"lazy\" decoding=\"async\" width=\"248\" height=\"203\" src=\"https:\/\/neuropediatoolkit.org\/wp-content\/uploads\/2022\/10\/image-7.png\" class=\"attachment-full size-full\" alt=\"CDG roadmap.\" srcset=\"https:\/\/neuropediatoolkit.org\/wp-content\/uploads\/2022\/10\/image-7.png 248w, https:\/\/neuropediatoolkit.org\/wp-content\/uploads\/2022\/10\/image-7-15x12.png 15w\" sizes=\"(max-width: 34.9rem) calc(100vw - 2rem), (max-width: 53rem) calc(8 * (100vw \/ 12)), (min-width: 53rem) calc(6 * (100vw \/ 12)), 100vw\" \/><\/a><\/div><div class=\"o-posts-grid-post-body\"><h4 class=\"o-posts-grid-post-title\"><a href=\"https:\/\/neuropediatoolkit.org\/en\/cdg-roadmap\/\">CDG roadmap.<\/a><\/h4><\/div><\/div><\/div><div class=\"o-posts-grid-post-blog o-posts-grid-post-plain\"><div class=\"o-posts-grid-post\"><div class=\"o-posts-grid-post-image\"><a href=\"https:\/\/neuropediatoolkit.org\/en\/cdl-facial-phenotypes\/\"><img loading=\"lazy\" decoding=\"async\" width=\"970\" height=\"733\" src=\"https:\/\/neuropediatoolkit.org\/wp-content\/uploads\/2025\/07\/image-3.png\" class=\"attachment-full size-full\" alt=\"CdL facial phenotypes.\" srcset=\"https:\/\/neuropediatoolkit.org\/wp-content\/uploads\/2025\/07\/image-3.png 970w, https:\/\/neuropediatoolkit.org\/wp-content\/uploads\/2025\/07\/image-3-300x227.png 300w, https:\/\/neuropediatoolkit.org\/wp-content\/uploads\/2025\/07\/image-3-768x580.png 768w, https:\/\/neuropediatoolkit.org\/wp-content\/uploads\/2025\/07\/image-3-16x12.png 16w\" sizes=\"(max-width: 34.9rem) calc(100vw - 2rem), (max-width: 53rem) calc(8 * (100vw \/ 12)), (min-width: 53rem) calc(6 * (100vw \/ 12)), 100vw\" \/><\/a><\/div><div class=\"o-posts-grid-post-body\"><h4 class=\"o-posts-grid-post-title\"><a href=\"https:\/\/neuropediatoolkit.org\/en\/cdl-facial-phenotypes\/\">CdL facial phenotypes.<\/a><\/h4><\/div><\/div><\/div><div class=\"o-posts-grid-post-blog o-posts-grid-post-plain\"><div class=\"o-posts-grid-post\"><div class=\"o-posts-grid-post-image\"><a href=\"https:\/\/neuropediatoolkit.org\/en\/child-muscle-weakness\/\"><img loading=\"lazy\" decoding=\"async\" width=\"1920\" height=\"866\" src=\"https:\/\/neuropediatoolkit.org\/wp-content\/uploads\/2022\/08\/imagen.png\" class=\"attachment-full size-full\" alt=\"Child Muscle Weakness\" srcset=\"https:\/\/neuropediatoolkit.org\/wp-content\/uploads\/2022\/08\/imagen.png 1920w, https:\/\/neuropediatoolkit.org\/wp-content\/uploads\/2022\/08\/imagen-300x135.png 300w, https:\/\/neuropediatoolkit.org\/wp-content\/uploads\/2022\/08\/imagen-768x346.png 768w, https:\/\/neuropediatoolkit.org\/wp-content\/uploads\/2022\/08\/imagen-1024x462.png 1024w, https:\/\/neuropediatoolkit.org\/wp-content\/uploads\/2022\/08\/imagen-1536x693.png 1536w, https:\/\/neuropediatoolkit.org\/wp-content\/uploads\/2022\/08\/imagen-18x8.png 18w, https:\/\/neuropediatoolkit.org\/wp-content\/uploads\/2022\/08\/imagen-1568x707.png 1568w\" sizes=\"(max-width: 34.9rem) calc(100vw - 2rem), (max-width: 53rem) calc(8 * (100vw \/ 12)), (min-width: 53rem) calc(6 * (100vw \/ 12)), 100vw\" \/><\/a><\/div><div class=\"o-posts-grid-post-body\"><h4 class=\"o-posts-grid-post-title\"><a href=\"https:\/\/neuropediatoolkit.org\/en\/child-muscle-weakness\/\">Child Muscle Weakness<\/a><\/h4><\/div><\/div><\/div><div class=\"o-posts-grid-post-blog o-posts-grid-post-plain\"><div class=\"o-posts-grid-post\"><div class=\"o-posts-grid-post-image\"><a href=\"https:\/\/neuropediatoolkit.org\/en\/citomegalovirus-congenito\/\"><img loading=\"lazy\" decoding=\"async\" width=\"480\" height=\"270\" src=\"https:\/\/neuropediatoolkit.org\/wp-content\/uploads\/2022\/10\/image-3.png\" class=\"attachment-full size-full\" alt=\"Citomegalovirus cong\u00e9nito.\" srcset=\"https:\/\/neuropediatoolkit.org\/wp-content\/uploads\/2022\/10\/image-3.png 480w, https:\/\/neuropediatoolkit.org\/wp-content\/uploads\/2022\/10\/image-3-300x169.png 300w, https:\/\/neuropediatoolkit.org\/wp-content\/uploads\/2022\/10\/image-3-18x10.png 18w\" sizes=\"(max-width: 34.9rem) calc(100vw - 2rem), (max-width: 53rem) calc(8 * (100vw \/ 12)), (min-width: 53rem) calc(6 * (100vw \/ 12)), 100vw\" \/><\/a><\/div><div class=\"o-posts-grid-post-body\"><h4 class=\"o-posts-grid-post-title\"><a href=\"https:\/\/neuropediatoolkit.org\/en\/citomegalovirus-congenito\/\">Cytomegalovirus congenital.<\/a><\/h4><\/div><\/div><\/div><div class=\"o-posts-grid-post-blog o-posts-grid-post-plain\"><div class=\"o-posts-grid-post\"><div class=\"o-posts-grid-post-image\"><a href=\"https:\/\/neuropediatoolkit.org\/en\/clasificacion-de-epilepsias-de-la-ilae-task-force\/\"><img loading=\"lazy\" decoding=\"async\" width=\"225\" height=\"225\" src=\"https:\/\/neuropediatoolkit.org\/wp-content\/uploads\/2023\/03\/imagen-41.png\" class=\"attachment-full size-full\" alt=\"Clasificaci\u00f3n de epilepsias de la ILAE Task Force.\" srcset=\"https:\/\/neuropediatoolkit.org\/wp-content\/uploads\/2023\/03\/imagen-41.png 225w, https:\/\/neuropediatoolkit.org\/wp-content\/uploads\/2023\/03\/imagen-41-150x150.png 150w, https:\/\/neuropediatoolkit.org\/wp-content\/uploads\/2023\/03\/imagen-41-12x12.png 12w\" sizes=\"(max-width: 34.9rem) calc(100vw - 2rem), (max-width: 53rem) calc(8 * (100vw \/ 12)), (min-width: 53rem) calc(6 * (100vw \/ 12)), 100vw\" \/><\/a><\/div><div class=\"o-posts-grid-post-body\"><h4 class=\"o-posts-grid-post-title\"><a href=\"https:\/\/neuropediatoolkit.org\/en\/clasificacion-de-epilepsias-de-la-ilae-task-force\/\">Classification of epilepsies of the ILAE Task Force.<\/a><\/h4><\/div><\/div><\/div><div class=\"o-posts-grid-post-blog o-posts-grid-post-plain\"><div class=\"o-posts-grid-post\"><div class=\"o-posts-grid-post-image\"><a href=\"https:\/\/neuropediatoolkit.org\/en\/coenzima-q10-decorenone\/\"><img loading=\"lazy\" decoding=\"async\" width=\"1200\" height=\"628\" src=\"https:\/\/neuropediatoolkit.org\/wp-content\/uploads\/2023\/08\/image.png\" class=\"attachment-full size-full\" alt=\"Coenzima Q10 (Decorenone).\" srcset=\"https:\/\/neuropediatoolkit.org\/wp-content\/uploads\/2023\/08\/image.png 1200w, https:\/\/neuropediatoolkit.org\/wp-content\/uploads\/2023\/08\/image-18x9.png 18w, https:\/\/neuropediatoolkit.org\/wp-content\/uploads\/2023\/08\/image-300x157.png 300w, https:\/\/neuropediatoolkit.org\/wp-content\/uploads\/2023\/08\/image-768x402.png 768w, https:\/\/neuropediatoolkit.org\/wp-content\/uploads\/2023\/08\/image-1024x536.png 1024w\" sizes=\"(max-width: 34.9rem) calc(100vw - 2rem), (max-width: 53rem) calc(8 * (100vw \/ 12)), (min-width: 53rem) calc(6 * (100vw \/ 12)), 100vw\" \/><\/a><\/div><div class=\"o-posts-grid-post-body\"><h4 class=\"o-posts-grid-post-title\"><a href=\"https:\/\/neuropediatoolkit.org\/en\/coenzima-q10-decorenone\/\">Coenzyme Q10 (Decorenone).<\/a><\/h4><\/div><\/div><\/div><div class=\"o-posts-grid-post-blog o-posts-grid-post-plain\"><div class=\"o-posts-grid-post\"><div class=\"o-posts-grid-post-image\"><a href=\"https:\/\/neuropediatoolkit.org\/en\/comparador-de-farmacocinetica-de-farmacos-estimulantes-para-el-tdah\/\"><img loading=\"lazy\" decoding=\"async\" width=\"1563\" height=\"724\" src=\"https:\/\/neuropediatoolkit.org\/wp-content\/uploads\/2026\/01\/image-1.png\" class=\"attachment-full size-full\" alt=\"Comparador de farmacocin\u00e9tica de f\u00e1rmacos estimulantes para el TDAH.\" srcset=\"https:\/\/neuropediatoolkit.org\/wp-content\/uploads\/2026\/01\/image-1.png 1563w, https:\/\/neuropediatoolkit.org\/wp-content\/uploads\/2026\/01\/image-1-300x139.png 300w, https:\/\/neuropediatoolkit.org\/wp-content\/uploads\/2026\/01\/image-1-1024x474.png 1024w, https:\/\/neuropediatoolkit.org\/wp-content\/uploads\/2026\/01\/image-1-768x356.png 768w, https:\/\/neuropediatoolkit.org\/wp-content\/uploads\/2026\/01\/image-1-1536x711.png 1536w, https:\/\/neuropediatoolkit.org\/wp-content\/uploads\/2026\/01\/image-1-18x8.png 18w\" sizes=\"(max-width: 34.9rem) calc(100vw - 2rem), (max-width: 53rem) calc(8 * (100vw \/ 12)), (min-width: 53rem) calc(6 * (100vw \/ 12)), 100vw\" \/><\/a><\/div><div class=\"o-posts-grid-post-body\"><h4 class=\"o-posts-grid-post-title\"><a href=\"https:\/\/neuropediatoolkit.org\/en\/comparador-de-farmacocinetica-de-farmacos-estimulantes-para-el-tdah\/\">Comparador de farmacocin\u00e9tica de f\u00e1rmacos estimulantes para el TDAH.<\/a><\/h4><\/div><\/div><\/div><div class=\"o-posts-grid-post-blog o-posts-grid-post-plain\"><div class=\"o-posts-grid-post\"><div class=\"o-posts-grid-post-image\"><a href=\"https:\/\/neuropediatoolkit.org\/en\/cribado-neonatal-de-ame\/\"><img loading=\"lazy\" decoding=\"async\" width=\"700\" height=\"450\" src=\"https:\/\/neuropediatoolkit.org\/wp-content\/uploads\/2023\/05\/image.png\" class=\"attachment-full size-full\" alt=\"Cribado neonatal de AME.\" srcset=\"https:\/\/neuropediatoolkit.org\/wp-content\/uploads\/2023\/05\/image.png 700w, https:\/\/neuropediatoolkit.org\/wp-content\/uploads\/2023\/05\/image-300x193.png 300w, https:\/\/neuropediatoolkit.org\/wp-content\/uploads\/2023\/05\/image-18x12.png 18w\" sizes=\"(max-width: 34.9rem) calc(100vw - 2rem), (max-width: 53rem) calc(8 * (100vw \/ 12)), (min-width: 53rem) calc(6 * (100vw \/ 12)), 100vw\" \/><\/a><\/div><div class=\"o-posts-grid-post-body\"><h4 class=\"o-posts-grid-post-title\"><a href=\"https:\/\/neuropediatoolkit.org\/en\/cribado-neonatal-de-ame\/\">Newborn screening for SMA.<\/a><\/h4><\/div><\/div><\/div><div class=\"o-posts-grid-post-blog o-posts-grid-post-plain\"><div class=\"o-posts-grid-post\"><div class=\"o-posts-grid-post-image\"><a href=\"https:\/\/neuropediatoolkit.org\/en\/crisis-benignas-asociadas-a-gastroenteritis\/\"><img loading=\"lazy\" decoding=\"async\" width=\"780\" height=\"568\" src=\"https:\/\/neuropediatoolkit.org\/wp-content\/uploads\/2022\/10\/imagen-31.png\" class=\"attachment-full size-full\" alt=\"Crisis benignas asociadas a gastroenteritis.\" srcset=\"https:\/\/neuropediatoolkit.org\/wp-content\/uploads\/2022\/10\/imagen-31.png 780w, https:\/\/neuropediatoolkit.org\/wp-content\/uploads\/2022\/10\/imagen-31-300x218.png 300w, https:\/\/neuropediatoolkit.org\/wp-content\/uploads\/2022\/10\/imagen-31-768x559.png 768w, https:\/\/neuropediatoolkit.org\/wp-content\/uploads\/2022\/10\/imagen-31-16x12.png 16w\" sizes=\"(max-width: 34.9rem) calc(100vw - 2rem), (max-width: 53rem) calc(8 * (100vw \/ 12)), (min-width: 53rem) calc(6 * (100vw \/ 12)), 100vw\" \/><\/a><\/div><div class=\"o-posts-grid-post-body\"><h4 class=\"o-posts-grid-post-title\"><a href=\"https:\/\/neuropediatoolkit.org\/en\/crisis-benignas-asociadas-a-gastroenteritis\/\">Crisis benign-associated gastroenteritis.<\/a><\/h4><\/div><\/div><\/div><div class=\"o-posts-grid-post-blog o-posts-grid-post-plain\"><div class=\"o-posts-grid-post\"><div class=\"o-posts-grid-post-image\"><a href=\"https:\/\/neuropediatoolkit.org\/en\/crisis-febriles-infografia\/\"><img loading=\"lazy\" decoding=\"async\" width=\"356\" height=\"267\" src=\"https:\/\/neuropediatoolkit.org\/wp-content\/uploads\/2022\/10\/imagen-34.png\" class=\"attachment-full size-full\" alt=\"Crisis febriles. Infograf\u00eda.\" srcset=\"https:\/\/neuropediatoolkit.org\/wp-content\/uploads\/2022\/10\/imagen-34.png 356w, https:\/\/neuropediatoolkit.org\/wp-content\/uploads\/2022\/10\/imagen-34-300x225.png 300w, https:\/\/neuropediatoolkit.org\/wp-content\/uploads\/2022\/10\/imagen-34-16x12.png 16w\" sizes=\"(max-width: 34.9rem) calc(100vw - 2rem), (max-width: 53rem) calc(8 * (100vw \/ 12)), (min-width: 53rem) calc(6 * (100vw \/ 12)), 100vw\" \/><\/a><\/div><div class=\"o-posts-grid-post-body\"><h4 class=\"o-posts-grid-post-title\"><a href=\"https:\/\/neuropediatoolkit.org\/en\/crisis-febriles-infografia\/\">Febrile seizures. Infographics.<\/a><\/h4><\/div><\/div><\/div><div class=\"o-posts-grid-post-blog o-posts-grid-post-plain\"><div class=\"o-posts-grid-post\"><div class=\"o-posts-grid-post-image\"><a href=\"https:\/\/neuropediatoolkit.org\/en\/criterios-diagnosticos-de-paralisis-cerebral-infantil\/\"><img loading=\"lazy\" decoding=\"async\" width=\"776\" height=\"1024\" src=\"https:\/\/neuropediatoolkit.org\/wp-content\/uploads\/2022\/07\/imagen-26.png\" class=\"attachment-full size-full\" alt=\"Criterios diagn\u00f3sticos de par\u00e1lisis cerebral infantil.\" srcset=\"https:\/\/neuropediatoolkit.org\/wp-content\/uploads\/2022\/07\/imagen-26.png 776w, https:\/\/neuropediatoolkit.org\/wp-content\/uploads\/2022\/07\/imagen-26-227x300.png 227w, https:\/\/neuropediatoolkit.org\/wp-content\/uploads\/2022\/07\/imagen-26-768x1013.png 768w, https:\/\/neuropediatoolkit.org\/wp-content\/uploads\/2022\/07\/imagen-26-9x12.png 9w\" sizes=\"(max-width: 34.9rem) calc(100vw - 2rem), (max-width: 53rem) calc(8 * (100vw \/ 12)), (min-width: 53rem) calc(6 * (100vw \/ 12)), 100vw\" \/><\/a><\/div><div class=\"o-posts-grid-post-body\"><h4 class=\"o-posts-grid-post-title\"><a href=\"https:\/\/neuropediatoolkit.org\/en\/criterios-diagnosticos-de-paralisis-cerebral-infantil\/\">Criteria for the diagnosis of cerebral palsy child.<\/a><\/h4><\/div><\/div><\/div><div class=\"o-posts-grid-post-blog o-posts-grid-post-plain\"><div class=\"o-posts-grid-post\"><div class=\"o-posts-grid-post-image\"><a href=\"https:\/\/neuropediatoolkit.org\/en\/criterios-diagnosticos-de-tea\/\"><img loading=\"lazy\" decoding=\"async\" width=\"1500\" height=\"1000\" src=\"https:\/\/neuropediatoolkit.org\/wp-content\/uploads\/2022\/09\/imagen-44.png\" class=\"attachment-full size-full\" alt=\"Criterios diagn\u00f3sticos de TEA.\" srcset=\"https:\/\/neuropediatoolkit.org\/wp-content\/uploads\/2022\/09\/imagen-44.png 1500w, https:\/\/neuropediatoolkit.org\/wp-content\/uploads\/2022\/09\/imagen-44-300x200.png 300w, https:\/\/neuropediatoolkit.org\/wp-content\/uploads\/2022\/09\/imagen-44-768x512.png 768w, https:\/\/neuropediatoolkit.org\/wp-content\/uploads\/2022\/09\/imagen-44-1024x683.png 1024w, https:\/\/neuropediatoolkit.org\/wp-content\/uploads\/2022\/09\/imagen-44-18x12.png 18w\" sizes=\"(max-width: 34.9rem) calc(100vw - 2rem), (max-width: 53rem) calc(8 * (100vw \/ 12)), (min-width: 53rem) calc(6 * (100vw \/ 12)), 100vw\" \/><\/a><\/div><div class=\"o-posts-grid-post-body\"><h4 class=\"o-posts-grid-post-title\"><a href=\"https:\/\/neuropediatoolkit.org\/en\/criterios-diagnosticos-de-tea\/\">Diagnostic criteria of ASD.<\/a><\/h4><\/div><\/div><\/div><div class=\"o-posts-grid-post-blog o-posts-grid-post-plain\"><div class=\"o-posts-grid-post\"><div class=\"o-posts-grid-post-image\"><a href=\"https:\/\/neuropediatoolkit.org\/en\/criterios-para-atribuir-causalmente-la-paralisis-cerebral-a-un-evento-perinatal\/\"><img loading=\"lazy\" decoding=\"async\" width=\"809\" height=\"325\" src=\"https:\/\/neuropediatoolkit.org\/wp-content\/uploads\/2022\/07\/imagen-28.png\" class=\"attachment-full size-full\" alt=\"Criterios para atribuir causalmente la par\u00e1lisis cerebral a un evento perinatal.\" srcset=\"https:\/\/neuropediatoolkit.org\/wp-content\/uploads\/2022\/07\/imagen-28.png 809w, https:\/\/neuropediatoolkit.org\/wp-content\/uploads\/2022\/07\/imagen-28-300x121.png 300w, https:\/\/neuropediatoolkit.org\/wp-content\/uploads\/2022\/07\/imagen-28-768x309.png 768w, https:\/\/neuropediatoolkit.org\/wp-content\/uploads\/2022\/07\/imagen-28-18x7.png 18w\" sizes=\"(max-width: 34.9rem) calc(100vw - 2rem), (max-width: 53rem) calc(8 * (100vw \/ 12)), (min-width: 53rem) calc(6 * (100vw \/ 12)), 100vw\" \/><\/a><\/div><div class=\"o-posts-grid-post-body\"><h4 class=\"o-posts-grid-post-title\"><a href=\"https:\/\/neuropediatoolkit.org\/en\/criterios-para-atribuir-causalmente-la-paralisis-cerebral-a-un-evento-perinatal\/\">Criteria to be attributed causally to the cerebral palsy at an event perinatal.<\/a><\/h4><\/div><\/div><\/div><\/div> <\/div><\/div><\/details>\n\n\n\n<details class=\"wp-block-themeisle-blocks-accordion-item\"><summary class=\"wp-block-themeisle-blocks-accordion-item__title\"><div>Complementary explorations. <\/div><\/summary><div class=\"wp-block-themeisle-blocks-accordion-item__content\"><div class=\"wp-block-themeisle-blocks-posts-grid\" id=\"wp-block-themeisle-blocks-posts-grid-6ad66a3e\"><div class=\"is-grid o-posts-grid-columns-3\"><div class=\"o-posts-grid-post-blog o-posts-grid-post-plain\"><div class=\"o-posts-grid-post\"><div class=\"o-posts-grid-post-image\"><a href=\"https:\/\/neuropediatoolkit.org\/en\/cuando-sospechar-una-enfermedad-genetica\/\"><img loading=\"lazy\" decoding=\"async\" width=\"500\" height=\"348\" src=\"https:\/\/neuropediatoolkit.org\/wp-content\/uploads\/2023\/03\/image-1.png\" class=\"attachment-full size-full\" alt=\"\u00bfCu\u00e1ndo sospechar una enfermedad gen\u00e9tica?\" srcset=\"https:\/\/neuropediatoolkit.org\/wp-content\/uploads\/2023\/03\/image-1.png 500w, https:\/\/neuropediatoolkit.org\/wp-content\/uploads\/2023\/03\/image-1-300x209.png 300w, https:\/\/neuropediatoolkit.org\/wp-content\/uploads\/2023\/03\/image-1-18x12.png 18w\" sizes=\"(max-width: 34.9rem) calc(100vw - 2rem), (max-width: 53rem) calc(8 * (100vw \/ 12)), (min-width: 53rem) calc(6 * (100vw \/ 12)), 100vw\" \/><\/a><\/div><div class=\"o-posts-grid-post-body\"><h4 class=\"o-posts-grid-post-title\"><a href=\"https:\/\/neuropediatoolkit.org\/en\/cuando-sospechar-una-enfermedad-genetica\/\">When to suspect a genetic disease?<\/a><\/h4><\/div><\/div><\/div><div class=\"o-posts-grid-post-blog o-posts-grid-post-plain\"><div class=\"o-posts-grid-post\"><div class=\"o-posts-grid-post-image\"><a href=\"https:\/\/neuropediatoolkit.org\/en\/antecedentes-familiares\/\"><img loading=\"lazy\" decoding=\"async\" width=\"424\" height=\"394\" src=\"https:\/\/neuropediatoolkit.org\/wp-content\/uploads\/2023\/08\/original6_f1.jpg\" class=\"attachment-full size-full\" alt=\"Antecedentes familiares.\" srcset=\"https:\/\/neuropediatoolkit.org\/wp-content\/uploads\/2023\/08\/original6_f1.jpg 424w, https:\/\/neuropediatoolkit.org\/wp-content\/uploads\/2023\/08\/original6_f1-13x12.jpg 13w, https:\/\/neuropediatoolkit.org\/wp-content\/uploads\/2023\/08\/original6_f1-300x279.jpg 300w\" sizes=\"(max-width: 34.9rem) calc(100vw - 2rem), (max-width: 53rem) calc(8 * (100vw \/ 12)), (min-width: 53rem) calc(6 * (100vw \/ 12)), 100vw\" \/><\/a><\/div><div class=\"o-posts-grid-post-body\"><h4 class=\"o-posts-grid-post-title\"><a href=\"https:\/\/neuropediatoolkit.org\/en\/antecedentes-familiares\/\">Family history.<\/a><\/h4><\/div><\/div><\/div><div class=\"o-posts-grid-post-blog o-posts-grid-post-plain\"><div class=\"o-posts-grid-post\"><div class=\"o-posts-grid-post-image\"><a href=\"https:\/\/neuropediatoolkit.org\/en\/arx-gene\/\"><img loading=\"lazy\" decoding=\"async\" width=\"1484\" height=\"1109\" src=\"https:\/\/neuropediatoolkit.org\/wp-content\/uploads\/2025\/09\/image.png\" class=\"attachment-full size-full\" alt=\"ARX gene.\" srcset=\"https:\/\/neuropediatoolkit.org\/wp-content\/uploads\/2025\/09\/image.png 1484w, https:\/\/neuropediatoolkit.org\/wp-content\/uploads\/2025\/09\/image-300x224.png 300w, https:\/\/neuropediatoolkit.org\/wp-content\/uploads\/2025\/09\/image-1024x765.png 1024w, https:\/\/neuropediatoolkit.org\/wp-content\/uploads\/2025\/09\/image-768x574.png 768w, https:\/\/neuropediatoolkit.org\/wp-content\/uploads\/2025\/09\/image-16x12.png 16w\" sizes=\"(max-width: 34.9rem) calc(100vw - 2rem), (max-width: 53rem) calc(8 * (100vw \/ 12)), (min-width: 53rem) calc(6 * (100vw \/ 12)), 100vw\" \/><\/a><\/div><div class=\"o-posts-grid-post-body\"><h4 class=\"o-posts-grid-post-title\"><a href=\"https:\/\/neuropediatoolkit.org\/en\/arx-gene\/\">ARX gene.<\/a><\/h4><\/div><\/div><\/div><div class=\"o-posts-grid-post-blog o-posts-grid-post-plain\"><div class=\"o-posts-grid-post\"><div class=\"o-posts-grid-post-image\"><a href=\"https:\/\/neuropediatoolkit.org\/en\/base-de-datos-scn1a\/\"><img loading=\"lazy\" decoding=\"async\" width=\"1084\" height=\"603\" src=\"https:\/\/neuropediatoolkit.org\/wp-content\/uploads\/2024\/06\/image-3.png\" class=\"attachment-full size-full\" alt=\"Base de datos SCNx.\" srcset=\"https:\/\/neuropediatoolkit.org\/wp-content\/uploads\/2024\/06\/image-3.png 1084w, https:\/\/neuropediatoolkit.org\/wp-content\/uploads\/2024\/06\/image-3-300x167.png 300w, https:\/\/neuropediatoolkit.org\/wp-content\/uploads\/2024\/06\/image-3-1024x570.png 1024w, https:\/\/neuropediatoolkit.org\/wp-content\/uploads\/2024\/06\/image-3-768x427.png 768w, https:\/\/neuropediatoolkit.org\/wp-content\/uploads\/2024\/06\/image-3-18x10.png 18w\" sizes=\"(max-width: 34.9rem) calc(100vw - 2rem), (max-width: 53rem) calc(8 * (100vw \/ 12)), (min-width: 53rem) calc(6 * (100vw \/ 12)), 100vw\" \/><\/a><\/div><div class=\"o-posts-grid-post-body\"><h4 class=\"o-posts-grid-post-title\"><a href=\"https:\/\/neuropediatoolkit.org\/en\/base-de-datos-scn1a\/\">Base de datos SCNx.<\/a><\/h4><\/div><\/div><\/div><div class=\"o-posts-grid-post-blog o-posts-grid-post-plain\"><div class=\"o-posts-grid-post\"><div class=\"o-posts-grid-post-image\"><a href=\"https:\/\/neuropediatoolkit.org\/en\/beyond-pediatric-epilepsy-program\/\"><img loading=\"lazy\" decoding=\"async\" width=\"1879\" height=\"763\" src=\"https:\/\/neuropediatoolkit.org\/wp-content\/uploads\/2023\/03\/imagen-54.png\" class=\"attachment-full size-full\" alt=\"Beyond Pediatric Epilepsy Program.\" srcset=\"https:\/\/neuropediatoolkit.org\/wp-content\/uploads\/2023\/03\/imagen-54.png 1879w, https:\/\/neuropediatoolkit.org\/wp-content\/uploads\/2023\/03\/imagen-54-300x122.png 300w, https:\/\/neuropediatoolkit.org\/wp-content\/uploads\/2023\/03\/imagen-54-768x312.png 768w, https:\/\/neuropediatoolkit.org\/wp-content\/uploads\/2023\/03\/imagen-54-1024x416.png 1024w, https:\/\/neuropediatoolkit.org\/wp-content\/uploads\/2023\/03\/imagen-54-1536x624.png 1536w, https:\/\/neuropediatoolkit.org\/wp-content\/uploads\/2023\/03\/imagen-54-18x7.png 18w, https:\/\/neuropediatoolkit.org\/wp-content\/uploads\/2023\/03\/imagen-54-1568x637.png 1568w\" sizes=\"(max-width: 34.9rem) calc(100vw - 2rem), (max-width: 53rem) calc(8 * (100vw \/ 12)), (min-width: 53rem) calc(6 * (100vw \/ 12)), 100vw\" \/><\/a><\/div><div class=\"o-posts-grid-post-body\"><h4 class=\"o-posts-grid-post-title\"><a href=\"https:\/\/neuropediatoolkit.org\/en\/beyond-pediatric-epilepsy-program\/\">Beyond The Pediatric Epilepsy Program.<\/a><\/h4><\/div><\/div><\/div><div class=\"o-posts-grid-post-blog o-posts-grid-post-plain\"><div class=\"o-posts-grid-post\"><div class=\"o-posts-grid-post-image\"><a href=\"https:\/\/neuropediatoolkit.org\/en\/cariotipo-en-la-era-del-acgh\/\"><img loading=\"lazy\" decoding=\"async\" width=\"1024\" height=\"682\" src=\"https:\/\/neuropediatoolkit.org\/wp-content\/uploads\/2022\/09\/imagen-74.png\" class=\"attachment-full size-full\" alt=\"Cariotipo en la era del aCGH:\" srcset=\"https:\/\/neuropediatoolkit.org\/wp-content\/uploads\/2022\/09\/imagen-74.png 1024w, https:\/\/neuropediatoolkit.org\/wp-content\/uploads\/2022\/09\/imagen-74-300x200.png 300w, https:\/\/neuropediatoolkit.org\/wp-content\/uploads\/2022\/09\/imagen-74-768x512.png 768w, https:\/\/neuropediatoolkit.org\/wp-content\/uploads\/2022\/09\/imagen-74-18x12.png 18w\" sizes=\"(max-width: 34.9rem) calc(100vw - 2rem), (max-width: 53rem) calc(8 * (100vw \/ 12)), (min-width: 53rem) calc(6 * (100vw \/ 12)), 100vw\" \/><\/a><\/div><div class=\"o-posts-grid-post-body\"><h4 class=\"o-posts-grid-post-title\"><a href=\"https:\/\/neuropediatoolkit.org\/en\/cariotipo-en-la-era-del-acgh\/\">Karyotype in the era of the aCGH:<\/a><\/h4><\/div><\/div><\/div><div class=\"o-posts-grid-post-blog o-posts-grid-post-plain\"><div class=\"o-posts-grid-post\"><div class=\"o-posts-grid-post-image\"><a href=\"https:\/\/neuropediatoolkit.org\/en\/cdl-facial-phenotypes\/\"><img loading=\"lazy\" decoding=\"async\" width=\"970\" height=\"733\" src=\"https:\/\/neuropediatoolkit.org\/wp-content\/uploads\/2025\/07\/image-3.png\" class=\"attachment-full size-full\" alt=\"CdL facial phenotypes.\" srcset=\"https:\/\/neuropediatoolkit.org\/wp-content\/uploads\/2025\/07\/image-3.png 970w, https:\/\/neuropediatoolkit.org\/wp-content\/uploads\/2025\/07\/image-3-300x227.png 300w, https:\/\/neuropediatoolkit.org\/wp-content\/uploads\/2025\/07\/image-3-768x580.png 768w, https:\/\/neuropediatoolkit.org\/wp-content\/uploads\/2025\/07\/image-3-16x12.png 16w\" sizes=\"(max-width: 34.9rem) calc(100vw - 2rem), (max-width: 53rem) calc(8 * (100vw \/ 12)), (min-width: 53rem) calc(6 * (100vw \/ 12)), 100vw\" \/><\/a><\/div><div class=\"o-posts-grid-post-body\"><h4 class=\"o-posts-grid-post-title\"><a href=\"https:\/\/neuropediatoolkit.org\/en\/cdl-facial-phenotypes\/\">CdL facial phenotypes.<\/a><\/h4><\/div><\/div><\/div><div class=\"o-posts-grid-post-blog o-posts-grid-post-plain\"><div class=\"o-posts-grid-post\"><div class=\"o-posts-grid-post-image\"><a href=\"https:\/\/neuropediatoolkit.org\/en\/como-entender-un-informe-de-secuenciacion\/\"><img loading=\"lazy\" decoding=\"async\" width=\"231\" height=\"218\" src=\"https:\/\/neuropediatoolkit.org\/wp-content\/uploads\/2023\/08\/Sin-titulo-1.png\" class=\"attachment-full size-full\" alt=\"C\u00f3mo entender un informe de secuenciaci\u00f3n.\" srcset=\"https:\/\/neuropediatoolkit.org\/wp-content\/uploads\/2023\/08\/Sin-titulo-1.png 231w, https:\/\/neuropediatoolkit.org\/wp-content\/uploads\/2023\/08\/Sin-titulo-1-13x12.png 13w\" sizes=\"(max-width: 34.9rem) calc(100vw - 2rem), (max-width: 53rem) calc(8 * (100vw \/ 12)), (min-width: 53rem) calc(6 * (100vw \/ 12)), 100vw\" \/><\/a><\/div><div class=\"o-posts-grid-post-body\"><h4 class=\"o-posts-grid-post-title\"><a href=\"https:\/\/neuropediatoolkit.org\/en\/como-entender-un-informe-de-secuenciacion\/\">How to understand a report of sequencing.<\/a><\/h4><\/div><\/div><\/div><div class=\"o-posts-grid-post-blog o-posts-grid-post-plain\"><div class=\"o-posts-grid-post\"><div class=\"o-posts-grid-post-image\"><a href=\"https:\/\/neuropediatoolkit.org\/en\/consanguinidad\/\"><img loading=\"lazy\" decoding=\"async\" width=\"660\" height=\"433\" src=\"https:\/\/neuropediatoolkit.org\/wp-content\/uploads\/2022\/11\/imagen-26.png\" class=\"attachment-full size-full\" alt=\"Consanguinidad\" srcset=\"https:\/\/neuropediatoolkit.org\/wp-content\/uploads\/2022\/11\/imagen-26.png 660w, https:\/\/neuropediatoolkit.org\/wp-content\/uploads\/2022\/11\/imagen-26-300x197.png 300w, https:\/\/neuropediatoolkit.org\/wp-content\/uploads\/2022\/11\/imagen-26-18x12.png 18w\" sizes=\"(max-width: 34.9rem) calc(100vw - 2rem), (max-width: 53rem) calc(8 * (100vw \/ 12)), (min-width: 53rem) calc(6 * (100vw \/ 12)), 100vw\" \/><\/a><\/div><div class=\"o-posts-grid-post-body\"><h4 class=\"o-posts-grid-post-title\"><a href=\"https:\/\/neuropediatoolkit.org\/en\/consanguinidad\/\">Consanguinity<\/a><\/h4><\/div><\/div><\/div><div class=\"o-posts-grid-post-blog o-posts-grid-post-plain\"><div class=\"o-posts-grid-post\"><div class=\"o-posts-grid-post-image\"><a href=\"https:\/\/neuropediatoolkit.org\/en\/cribado-neonatal-de-ame\/\"><img loading=\"lazy\" decoding=\"async\" width=\"700\" height=\"450\" src=\"https:\/\/neuropediatoolkit.org\/wp-content\/uploads\/2023\/05\/image.png\" class=\"attachment-full size-full\" alt=\"Cribado neonatal de AME.\" srcset=\"https:\/\/neuropediatoolkit.org\/wp-content\/uploads\/2023\/05\/image.png 700w, https:\/\/neuropediatoolkit.org\/wp-content\/uploads\/2023\/05\/image-300x193.png 300w, https:\/\/neuropediatoolkit.org\/wp-content\/uploads\/2023\/05\/image-18x12.png 18w\" sizes=\"(max-width: 34.9rem) calc(100vw - 2rem), (max-width: 53rem) calc(8 * (100vw \/ 12)), (min-width: 53rem) calc(6 * (100vw \/ 12)), 100vw\" \/><\/a><\/div><div class=\"o-posts-grid-post-body\"><h4 class=\"o-posts-grid-post-title\"><a href=\"https:\/\/neuropediatoolkit.org\/en\/cribado-neonatal-de-ame\/\">Newborn screening for SMA.<\/a><\/h4><\/div><\/div><\/div><div class=\"o-posts-grid-post-blog o-posts-grid-post-plain\"><div class=\"o-posts-grid-post\"><div class=\"o-posts-grid-post-image\"><a href=\"https:\/\/neuropediatoolkit.org\/en\/criterios-de-patogenicidad-de-la-acmg\/\"><img loading=\"lazy\" decoding=\"async\" width=\"850\" height=\"442\" src=\"https:\/\/neuropediatoolkit.org\/wp-content\/uploads\/2024\/02\/image-19.png\" class=\"attachment-full size-full\" alt=\"Criterios de patogenicidad de la ACMG.\" srcset=\"https:\/\/neuropediatoolkit.org\/wp-content\/uploads\/2024\/02\/image-19.png 850w, https:\/\/neuropediatoolkit.org\/wp-content\/uploads\/2024\/02\/image-19-300x156.png 300w, https:\/\/neuropediatoolkit.org\/wp-content\/uploads\/2024\/02\/image-19-768x399.png 768w, https:\/\/neuropediatoolkit.org\/wp-content\/uploads\/2024\/02\/image-19-18x9.png 18w\" sizes=\"(max-width: 34.9rem) calc(100vw - 2rem), (max-width: 53rem) calc(8 * (100vw \/ 12)), (min-width: 53rem) calc(6 * (100vw \/ 12)), 100vw\" \/><\/a><\/div><div class=\"o-posts-grid-post-body\"><h4 class=\"o-posts-grid-post-title\"><a href=\"https:\/\/neuropediatoolkit.org\/en\/criterios-de-patogenicidad-de-la-acmg\/\">Criterios de patogenicidad de la ACMG.<\/a><\/h4><\/div><\/div><\/div><div class=\"o-posts-grid-post-blog o-posts-grid-post-plain\"><div class=\"o-posts-grid-post\"><div class=\"o-posts-grid-post-image\"><a href=\"https:\/\/neuropediatoolkit.org\/en\/criterios-de-realizacion-de-acgh\/\"><img loading=\"lazy\" decoding=\"async\" width=\"686\" height=\"676\" src=\"https:\/\/neuropediatoolkit.org\/wp-content\/uploads\/2022\/10\/image-1.png\" class=\"attachment-full size-full\" alt=\"Criterios de realizaci\u00f3n de aCGH.\" srcset=\"https:\/\/neuropediatoolkit.org\/wp-content\/uploads\/2022\/10\/image-1.png 686w, https:\/\/neuropediatoolkit.org\/wp-content\/uploads\/2022\/10\/image-1-300x296.png 300w, https:\/\/neuropediatoolkit.org\/wp-content\/uploads\/2022\/10\/image-1-12x12.png 12w\" sizes=\"(max-width: 34.9rem) calc(100vw - 2rem), (max-width: 53rem) calc(8 * (100vw \/ 12)), (min-width: 53rem) calc(6 * (100vw \/ 12)), 100vw\" \/><\/a><\/div><div class=\"o-posts-grid-post-body\"><h4 class=\"o-posts-grid-post-title\"><a href=\"https:\/\/neuropediatoolkit.org\/en\/criterios-de-realizacion-de-acgh\/\">Criteria of realization of aCGH.<\/a><\/h4><\/div><\/div><\/div><div class=\"o-posts-grid-post-blog o-posts-grid-post-plain\"><div class=\"o-posts-grid-post\"><div class=\"o-posts-grid-post-image\"><a href=\"https:\/\/neuropediatoolkit.org\/en\/cromatinopatias\/\"><img loading=\"lazy\" decoding=\"async\" width=\"508\" height=\"368\" src=\"https:\/\/neuropediatoolkit.org\/wp-content\/uploads\/2022\/11\/imagen-45.png\" class=\"attachment-full size-full\" alt=\"Cromatinopat\u00edas.\" srcset=\"https:\/\/neuropediatoolkit.org\/wp-content\/uploads\/2022\/11\/imagen-45.png 508w, https:\/\/neuropediatoolkit.org\/wp-content\/uploads\/2022\/11\/imagen-45-300x217.png 300w, https:\/\/neuropediatoolkit.org\/wp-content\/uploads\/2022\/11\/imagen-45-18x12.png 18w\" sizes=\"(max-width: 34.9rem) calc(100vw - 2rem), (max-width: 53rem) calc(8 * (100vw \/ 12)), (min-width: 53rem) calc(6 * (100vw \/ 12)), 100vw\" \/><\/a><\/div><div class=\"o-posts-grid-post-body\"><h4 class=\"o-posts-grid-post-title\"><a href=\"https:\/\/neuropediatoolkit.org\/en\/cromatinopatias\/\">Cromatinopat\u00edas.<\/a><\/h4><\/div><\/div><\/div><div class=\"o-posts-grid-post-blog o-posts-grid-post-plain\"><div class=\"o-posts-grid-post\"><div class=\"o-posts-grid-post-image\"><a href=\"https:\/\/neuropediatoolkit.org\/en\/cromosomas-en-anillo\/\"><img loading=\"lazy\" decoding=\"async\" width=\"1076\" height=\"956\" src=\"https:\/\/neuropediatoolkit.org\/wp-content\/uploads\/2023\/03\/chromosome_abnormalities_ring_yourgenome.png\" class=\"attachment-full size-full\" alt=\"Cromosomas en anillo.\" srcset=\"https:\/\/neuropediatoolkit.org\/wp-content\/uploads\/2023\/03\/chromosome_abnormalities_ring_yourgenome.png 1076w, https:\/\/neuropediatoolkit.org\/wp-content\/uploads\/2023\/03\/chromosome_abnormalities_ring_yourgenome-300x267.png 300w, https:\/\/neuropediatoolkit.org\/wp-content\/uploads\/2023\/03\/chromosome_abnormalities_ring_yourgenome-768x682.png 768w, https:\/\/neuropediatoolkit.org\/wp-content\/uploads\/2023\/03\/chromosome_abnormalities_ring_yourgenome-1024x910.png 1024w, https:\/\/neuropediatoolkit.org\/wp-content\/uploads\/2023\/03\/chromosome_abnormalities_ring_yourgenome-14x12.png 14w\" sizes=\"(max-width: 34.9rem) calc(100vw - 2rem), (max-width: 53rem) calc(8 * (100vw \/ 12)), (min-width: 53rem) calc(6 * (100vw \/ 12)), 100vw\" \/><\/a><\/div><div class=\"o-posts-grid-post-body\"><h4 class=\"o-posts-grid-post-title\"><a href=\"https:\/\/neuropediatoolkit.org\/en\/cromosomas-en-anillo\/\">Chromosomes in the ring.<\/a><\/h4><\/div><\/div><\/div><div class=\"o-posts-grid-post-blog o-posts-grid-post-plain\"><div class=\"o-posts-grid-post\"><div class=\"o-posts-grid-post-image\"><a href=\"https:\/\/neuropediatoolkit.org\/en\/decipher-genome-browser\/\"><img loading=\"lazy\" decoding=\"async\" width=\"253\" height=\"215\" src=\"https:\/\/neuropediatoolkit.org\/wp-content\/uploads\/2022\/09\/image-28.png\" class=\"attachment-full size-full\" alt=\"Decipher Genome Browser\" srcset=\"https:\/\/neuropediatoolkit.org\/wp-content\/uploads\/2022\/09\/image-28.png 253w, https:\/\/neuropediatoolkit.org\/wp-content\/uploads\/2022\/09\/image-28-14x12.png 14w\" sizes=\"(max-width: 34.9rem) calc(100vw - 2rem), (max-width: 53rem) calc(8 * (100vw \/ 12)), (min-width: 53rem) calc(6 * (100vw \/ 12)), 100vw\" \/><\/a><\/div><div class=\"o-posts-grid-post-body\"><h4 class=\"o-posts-grid-post-title\"><a href=\"https:\/\/neuropediatoolkit.org\/en\/decipher-genome-browser\/\">Decipher Genome Browser<\/a><\/h4><\/div><\/div><\/div><div class=\"o-posts-grid-post-blog o-posts-grid-post-plain\"><div class=\"o-posts-grid-post\"><div class=\"o-posts-grid-post-image\"><a href=\"https:\/\/neuropediatoolkit.org\/en\/delecciones-intragenicas-exon-level-deletions\/\"><img loading=\"lazy\" decoding=\"async\" width=\"3637\" height=\"1069\" src=\"https:\/\/neuropediatoolkit.org\/wp-content\/uploads\/2022\/10\/image-32.png\" class=\"attachment-full size-full\" alt=\"Delecciones intrag\u00e9nicas (exon-level deletions).\" srcset=\"https:\/\/neuropediatoolkit.org\/wp-content\/uploads\/2022\/10\/image-32.png 3637w, https:\/\/neuropediatoolkit.org\/wp-content\/uploads\/2022\/10\/image-32-300x88.png 300w, https:\/\/neuropediatoolkit.org\/wp-content\/uploads\/2022\/10\/image-32-768x226.png 768w, https:\/\/neuropediatoolkit.org\/wp-content\/uploads\/2022\/10\/image-32-1024x301.png 1024w, https:\/\/neuropediatoolkit.org\/wp-content\/uploads\/2022\/10\/image-32-1536x451.png 1536w, https:\/\/neuropediatoolkit.org\/wp-content\/uploads\/2022\/10\/image-32-2048x602.png 2048w, https:\/\/neuropediatoolkit.org\/wp-content\/uploads\/2022\/10\/image-32-18x5.png 18w, https:\/\/neuropediatoolkit.org\/wp-content\/uploads\/2022\/10\/image-32-1568x461.png 1568w\" sizes=\"(max-width: 34.9rem) calc(100vw - 2rem), (max-width: 53rem) calc(8 * (100vw \/ 12)), (min-width: 53rem) calc(6 * (100vw \/ 12)), 100vw\" \/><\/a><\/div><div class=\"o-posts-grid-post-body\"><h4 class=\"o-posts-grid-post-title\"><a href=\"https:\/\/neuropediatoolkit.org\/en\/delecciones-intragenicas-exon-level-deletions\/\">Gross deletions intragenic (exon-level deletions).<\/a><\/h4><\/div><\/div><\/div><div class=\"o-posts-grid-post-blog o-posts-grid-post-plain\"><div class=\"o-posts-grid-post\"><div class=\"o-posts-grid-post-image\"><a href=\"https:\/\/neuropediatoolkit.org\/en\/distonias-geneticas-con-tratamiento-curativo\/\"><img loading=\"lazy\" decoding=\"async\" width=\"600\" height=\"420\" src=\"https:\/\/neuropediatoolkit.org\/wp-content\/uploads\/2022\/11\/imagen-64.png\" class=\"attachment-full size-full\" alt=\"Diston\u00edas gen\u00e9ticas con tratamiento \u00abcurativo\u00bb.\" srcset=\"https:\/\/neuropediatoolkit.org\/wp-content\/uploads\/2022\/11\/imagen-64.png 600w, https:\/\/neuropediatoolkit.org\/wp-content\/uploads\/2022\/11\/imagen-64-300x210.png 300w, https:\/\/neuropediatoolkit.org\/wp-content\/uploads\/2022\/11\/imagen-64-18x12.png 18w\" sizes=\"(max-width: 34.9rem) calc(100vw - 2rem), (max-width: 53rem) calc(8 * (100vw \/ 12)), (min-width: 53rem) calc(6 * (100vw \/ 12)), 100vw\" \/><\/a><\/div><div class=\"o-posts-grid-post-body\"><h4 class=\"o-posts-grid-post-title\"><a href=\"https:\/\/neuropediatoolkit.org\/en\/distonias-geneticas-con-tratamiento-curativo\/\">Diston\u00edas gen\u00e9ticas con tratamiento \u00abcurativo\u00bb.<\/a><\/h4><\/div><\/div><\/div><div class=\"o-posts-grid-post-blog o-posts-grid-post-plain\"><div class=\"o-posts-grid-post\"><div class=\"o-posts-grid-post-image\"><a href=\"https:\/\/neuropediatoolkit.org\/en\/double-trouble-varias-enfermedades-geneticas-en-un-mismo-individuo\/\"><img loading=\"lazy\" decoding=\"async\" width=\"1195\" height=\"779\" src=\"https:\/\/neuropediatoolkit.org\/wp-content\/uploads\/2022\/09\/imagen-23.png\" class=\"attachment-full size-full\" alt=\"Double trouble. Varias enfermedades gen\u00e9ticas en un mismo indiv\u00edduo.\" srcset=\"https:\/\/neuropediatoolkit.org\/wp-content\/uploads\/2022\/09\/imagen-23.png 1195w, https:\/\/neuropediatoolkit.org\/wp-content\/uploads\/2022\/09\/imagen-23-300x196.png 300w, https:\/\/neuropediatoolkit.org\/wp-content\/uploads\/2022\/09\/imagen-23-768x501.png 768w, https:\/\/neuropediatoolkit.org\/wp-content\/uploads\/2022\/09\/imagen-23-1024x668.png 1024w, https:\/\/neuropediatoolkit.org\/wp-content\/uploads\/2022\/09\/imagen-23-18x12.png 18w\" sizes=\"(max-width: 34.9rem) calc(100vw - 2rem), (max-width: 53rem) calc(8 * (100vw \/ 12)), (min-width: 53rem) calc(6 * (100vw \/ 12)), 100vw\" \/><\/a><\/div><div class=\"o-posts-grid-post-body\"><h4 class=\"o-posts-grid-post-title\"><a href=\"https:\/\/neuropediatoolkit.org\/en\/double-trouble-varias-enfermedades-geneticas-en-un-mismo-individuo\/\">Double trouble. Several genetic diseases in the same individual.<\/a><\/h4><\/div><\/div><\/div><div class=\"o-posts-grid-post-blog o-posts-grid-post-plain\"><div class=\"o-posts-grid-post\"><div class=\"o-posts-grid-post-image\"><a href=\"https:\/\/neuropediatoolkit.org\/en\/encefalopatias-epilepticas-y-del-desarrollo\/\"><img loading=\"lazy\" decoding=\"async\" width=\"1200\" height=\"628\" src=\"https:\/\/neuropediatoolkit.org\/wp-content\/uploads\/2023\/03\/imagen-38.png\" class=\"attachment-full size-full\" alt=\"Encefalopat\u00edas epil\u00e9pticas y del desarrollo.\" srcset=\"https:\/\/neuropediatoolkit.org\/wp-content\/uploads\/2023\/03\/imagen-38.png 1200w, https:\/\/neuropediatoolkit.org\/wp-content\/uploads\/2023\/03\/imagen-38-300x157.png 300w, https:\/\/neuropediatoolkit.org\/wp-content\/uploads\/2023\/03\/imagen-38-768x402.png 768w, https:\/\/neuropediatoolkit.org\/wp-content\/uploads\/2023\/03\/imagen-38-1024x536.png 1024w, https:\/\/neuropediatoolkit.org\/wp-content\/uploads\/2023\/03\/imagen-38-18x9.png 18w\" sizes=\"(max-width: 34.9rem) calc(100vw - 2rem), (max-width: 53rem) calc(8 * (100vw \/ 12)), (min-width: 53rem) calc(6 * (100vw \/ 12)), 100vw\" \/><\/a><\/div><div class=\"o-posts-grid-post-body\"><h4 class=\"o-posts-grid-post-title\"><a href=\"https:\/\/neuropediatoolkit.org\/en\/encefalopatias-epilepticas-y-del-desarrollo\/\">Transmissible epilepsy and development.<\/a><\/h4><\/div><\/div><\/div><div class=\"o-posts-grid-post-blog o-posts-grid-post-plain\"><div class=\"o-posts-grid-post\"><div class=\"o-posts-grid-post-image\"><a href=\"https:\/\/neuropediatoolkit.org\/en\/enfermedades-geneticas-en-poblaciones-minoritarias\/\"><img loading=\"lazy\" decoding=\"async\" width=\"3000\" height=\"1485\" src=\"https:\/\/neuropediatoolkit.org\/wp-content\/uploads\/2022\/09\/imagen-45.png\" class=\"attachment-full size-full\" alt=\"Enfermedades gen\u00e9ticas en poblaciones minoritarias.\" srcset=\"https:\/\/neuropediatoolkit.org\/wp-content\/uploads\/2022\/09\/imagen-45.png 3000w, https:\/\/neuropediatoolkit.org\/wp-content\/uploads\/2022\/09\/imagen-45-300x149.png 300w, https:\/\/neuropediatoolkit.org\/wp-content\/uploads\/2022\/09\/imagen-45-768x380.png 768w, https:\/\/neuropediatoolkit.org\/wp-content\/uploads\/2022\/09\/imagen-45-1024x507.png 1024w, https:\/\/neuropediatoolkit.org\/wp-content\/uploads\/2022\/09\/imagen-45-1536x760.png 1536w, https:\/\/neuropediatoolkit.org\/wp-content\/uploads\/2022\/09\/imagen-45-2048x1014.png 2048w, https:\/\/neuropediatoolkit.org\/wp-content\/uploads\/2022\/09\/imagen-45-18x9.png 18w, https:\/\/neuropediatoolkit.org\/wp-content\/uploads\/2022\/09\/imagen-45-1568x776.png 1568w\" sizes=\"(max-width: 34.9rem) calc(100vw - 2rem), (max-width: 53rem) calc(8 * (100vw \/ 12)), (min-width: 53rem) calc(6 * (100vw \/ 12)), 100vw\" \/><\/a><\/div><div class=\"o-posts-grid-post-body\"><h4 class=\"o-posts-grid-post-title\"><a href=\"https:\/\/neuropediatoolkit.org\/en\/enfermedades-geneticas-en-poblaciones-minoritarias\/\">Genetic diseases in minoritary populations.<\/a><\/h4><\/div><\/div><\/div><\/div> <\/div><\/div><\/details>\n\n\n\n<details class=\"wp-block-themeisle-blocks-accordion-item\"><summary class=\"wp-block-themeisle-blocks-accordion-item__title\"><div>Administrative procedures.<\/div><\/summary><div class=\"wp-block-themeisle-blocks-accordion-item__content\"><div class=\"wp-block-themeisle-blocks-posts-grid\" id=\"wp-block-themeisle-blocks-posts-grid-3f3fdc63\"><div class=\"is-grid o-posts-grid-columns-3\"><div class=\"o-posts-grid-post-blog o-posts-grid-post-plain\"><div class=\"o-posts-grid-post\"><div class=\"o-posts-grid-post-image\"><a href=\"https:\/\/neuropediatoolkit.org\/en\/normativa-inclusion-educativa\/\"><img loading=\"lazy\" decoding=\"async\" width=\"2126\" height=\"2977\" src=\"https:\/\/neuropediatoolkit.org\/wp-content\/uploads\/2022\/09\/image-44.png\" class=\"attachment-full size-full\" alt=\"\u00bfPara que necesita el colegio un informe neuropedi\u00e1trico?\" srcset=\"https:\/\/neuropediatoolkit.org\/wp-content\/uploads\/2022\/09\/image-44.png 2126w, https:\/\/neuropediatoolkit.org\/wp-content\/uploads\/2022\/09\/image-44-214x300.png 214w, https:\/\/neuropediatoolkit.org\/wp-content\/uploads\/2022\/09\/image-44-768x1075.png 768w, https:\/\/neuropediatoolkit.org\/wp-content\/uploads\/2022\/09\/image-44-731x1024.png 731w, https:\/\/neuropediatoolkit.org\/wp-content\/uploads\/2022\/09\/image-44-1097x1536.png 1097w, https:\/\/neuropediatoolkit.org\/wp-content\/uploads\/2022\/09\/image-44-1463x2048.png 1463w, https:\/\/neuropediatoolkit.org\/wp-content\/uploads\/2022\/09\/image-44-9x12.png 9w, https:\/\/neuropediatoolkit.org\/wp-content\/uploads\/2022\/09\/image-44-1568x2196.png 1568w\" sizes=\"(max-width: 34.9rem) calc(100vw - 2rem), (max-width: 53rem) calc(8 * (100vw \/ 12)), (min-width: 53rem) calc(6 * (100vw \/ 12)), 100vw\" \/><\/a><\/div><div class=\"o-posts-grid-post-body\"><h4 class=\"o-posts-grid-post-title\"><a href=\"https:\/\/neuropediatoolkit.org\/en\/normativa-inclusion-educativa\/\">What do you need college to a report neuropedi\u00e1trico?<\/a><\/h4><\/div><\/div><\/div><div class=\"o-posts-grid-post-blog o-posts-grid-post-plain\"><div class=\"o-posts-grid-post\"><div class=\"o-posts-grid-post-image\"><a href=\"https:\/\/neuropediatoolkit.org\/en\/para-que-necesita-el-neuropediatra-un-informe-escolar\/\"><img loading=\"lazy\" decoding=\"async\" width=\"300\" height=\"200\" src=\"https:\/\/neuropediatoolkit.org\/wp-content\/uploads\/2023\/05\/imagen-31.png\" class=\"attachment-full size-full\" alt=\"\u00bfPara que necesita el neuropediatra un informe escolar?\" srcset=\"https:\/\/neuropediatoolkit.org\/wp-content\/uploads\/2023\/05\/imagen-31.png 300w, https:\/\/neuropediatoolkit.org\/wp-content\/uploads\/2023\/05\/imagen-31-18x12.png 18w\" sizes=\"(max-width: 34.9rem) calc(100vw - 2rem), (max-width: 53rem) calc(8 * (100vw \/ 12)), (min-width: 53rem) calc(6 * (100vw \/ 12)), 100vw\" \/><\/a><\/div><div class=\"o-posts-grid-post-body\"><h4 class=\"o-posts-grid-post-title\"><a href=\"https:\/\/neuropediatoolkit.org\/en\/para-que-necesita-el-neuropediatra-un-informe-escolar\/\">What you need to the pediatric neurologist a school report?<\/a><\/h4><\/div><\/div><\/div><div class=\"o-posts-grid-post-blog o-posts-grid-post-plain\"><div class=\"o-posts-grid-post\"><div class=\"o-posts-grid-post-image\"><a href=\"https:\/\/neuropediatoolkit.org\/en\/ayudas-tecnicas\/\"><img loading=\"lazy\" decoding=\"async\" width=\"321\" height=\"321\" src=\"https:\/\/neuropediatoolkit.org\/wp-content\/uploads\/2024\/07\/image-1.png\" class=\"attachment-full size-full\" alt=\"Ayudas t\u00e9cnicas.\" srcset=\"https:\/\/neuropediatoolkit.org\/wp-content\/uploads\/2024\/07\/image-1.png 321w, https:\/\/neuropediatoolkit.org\/wp-content\/uploads\/2024\/07\/image-1-300x300.png 300w, https:\/\/neuropediatoolkit.org\/wp-content\/uploads\/2024\/07\/image-1-150x150.png 150w, https:\/\/neuropediatoolkit.org\/wp-content\/uploads\/2024\/07\/image-1-12x12.png 12w\" sizes=\"(max-width: 34.9rem) calc(100vw - 2rem), (max-width: 53rem) calc(8 * (100vw \/ 12)), (min-width: 53rem) calc(6 * (100vw \/ 12)), 100vw\" \/><\/a><\/div><div class=\"o-posts-grid-post-body\"><h4 class=\"o-posts-grid-post-title\"><a href=\"https:\/\/neuropediatoolkit.org\/en\/ayudas-tecnicas\/\">Ayudas t\u00e9cnicas.<\/a><\/h4><\/div><\/div><\/div><div class=\"o-posts-grid-post-blog o-posts-grid-post-plain\"><div class=\"o-posts-grid-post\"><div class=\"o-posts-grid-post-image\"><a href=\"https:\/\/neuropediatoolkit.org\/en\/becas-y-ayudas-meyfp\/\"><img loading=\"lazy\" decoding=\"async\" width=\"1920\" height=\"936\" src=\"https:\/\/neuropediatoolkit.org\/wp-content\/uploads\/2022\/06\/imagen-42.png\" class=\"attachment-full size-full\" alt=\"Becas y ayudas MEyFP\" srcset=\"https:\/\/neuropediatoolkit.org\/wp-content\/uploads\/2022\/06\/imagen-42.png 1920w, https:\/\/neuropediatoolkit.org\/wp-content\/uploads\/2022\/06\/imagen-42-300x146.png 300w, https:\/\/neuropediatoolkit.org\/wp-content\/uploads\/2022\/06\/imagen-42-768x374.png 768w, https:\/\/neuropediatoolkit.org\/wp-content\/uploads\/2022\/06\/imagen-42-1024x499.png 1024w, https:\/\/neuropediatoolkit.org\/wp-content\/uploads\/2022\/06\/imagen-42-1536x749.png 1536w, https:\/\/neuropediatoolkit.org\/wp-content\/uploads\/2022\/06\/imagen-42-18x9.png 18w, https:\/\/neuropediatoolkit.org\/wp-content\/uploads\/2022\/06\/imagen-42-1568x764.png 1568w\" sizes=\"(max-width: 34.9rem) calc(100vw - 2rem), (max-width: 53rem) calc(8 * (100vw \/ 12)), (min-width: 53rem) calc(6 * (100vw \/ 12)), 100vw\" \/><\/a><\/div><div class=\"o-posts-grid-post-body\"><h4 class=\"o-posts-grid-post-title\"><a href=\"https:\/\/neuropediatoolkit.org\/en\/becas-y-ayudas-meyfp\/\">Scholarships and grants MEyFP<\/a><\/h4><\/div><\/div><\/div><div class=\"o-posts-grid-post-blog o-posts-grid-post-plain\"><div class=\"o-posts-grid-post\"><div class=\"o-posts-grid-post-image\"><a href=\"https:\/\/neuropediatoolkit.org\/en\/codificaciones-diagnosticas\/\"><img loading=\"lazy\" decoding=\"async\" width=\"1885\" height=\"793\" src=\"https:\/\/neuropediatoolkit.org\/wp-content\/uploads\/2023\/04\/imagen-60.png\" class=\"attachment-full size-full\" alt=\"Codificaciones diagn\u00f3sticas.\" srcset=\"https:\/\/neuropediatoolkit.org\/wp-content\/uploads\/2023\/04\/imagen-60.png 1885w, https:\/\/neuropediatoolkit.org\/wp-content\/uploads\/2023\/04\/imagen-60-300x126.png 300w, https:\/\/neuropediatoolkit.org\/wp-content\/uploads\/2023\/04\/imagen-60-768x323.png 768w, https:\/\/neuropediatoolkit.org\/wp-content\/uploads\/2023\/04\/imagen-60-1024x431.png 1024w, https:\/\/neuropediatoolkit.org\/wp-content\/uploads\/2023\/04\/imagen-60-1536x646.png 1536w, https:\/\/neuropediatoolkit.org\/wp-content\/uploads\/2023\/04\/imagen-60-18x8.png 18w, https:\/\/neuropediatoolkit.org\/wp-content\/uploads\/2023\/04\/imagen-60-1568x660.png 1568w\" sizes=\"(max-width: 34.9rem) calc(100vw - 2rem), (max-width: 53rem) calc(8 * (100vw \/ 12)), (min-width: 53rem) calc(6 * (100vw \/ 12)), 100vw\" \/><\/a><\/div><div class=\"o-posts-grid-post-body\"><h4 class=\"o-posts-grid-post-title\"><a href=\"https:\/\/neuropediatoolkit.org\/en\/codificaciones-diagnosticas\/\">Encodings diagnostic.<\/a><\/h4><\/div><\/div><\/div><div class=\"o-posts-grid-post-blog o-posts-grid-post-plain\"><div class=\"o-posts-grid-post\"><div class=\"o-posts-grid-post-image\"><a href=\"https:\/\/neuropediatoolkit.org\/en\/consentimiento-informado-de-intercambio-de-informacion\/\"><img loading=\"lazy\" decoding=\"async\" width=\"1200\" height=\"627\" src=\"https:\/\/neuropediatoolkit.org\/wp-content\/uploads\/2023\/04\/imagen-58.png\" class=\"attachment-full size-full\" alt=\"Consentimiento informado de intercambio de informaci\u00f3n.\" srcset=\"https:\/\/neuropediatoolkit.org\/wp-content\/uploads\/2023\/04\/imagen-58.png 1200w, https:\/\/neuropediatoolkit.org\/wp-content\/uploads\/2023\/04\/imagen-58-300x157.png 300w, https:\/\/neuropediatoolkit.org\/wp-content\/uploads\/2023\/04\/imagen-58-768x401.png 768w, https:\/\/neuropediatoolkit.org\/wp-content\/uploads\/2023\/04\/imagen-58-1024x535.png 1024w, https:\/\/neuropediatoolkit.org\/wp-content\/uploads\/2023\/04\/imagen-58-18x9.png 18w\" sizes=\"(max-width: 34.9rem) calc(100vw - 2rem), (max-width: 53rem) calc(8 * (100vw \/ 12)), (min-width: 53rem) calc(6 * (100vw \/ 12)), 100vw\" \/><\/a><\/div><div class=\"o-posts-grid-post-body\"><h4 class=\"o-posts-grid-post-title\"><a href=\"https:\/\/neuropediatoolkit.org\/en\/consentimiento-informado-de-intercambio-de-informacion\/\">Informed consent for exchange of information.<\/a><\/h4><\/div><\/div><\/div><div class=\"o-posts-grid-post-blog o-posts-grid-post-plain\"><div class=\"o-posts-grid-post\"><div class=\"o-posts-grid-post-image\"><a href=\"https:\/\/neuropediatoolkit.org\/en\/dependencia\/\"><img loading=\"lazy\" decoding=\"async\" width=\"672\" height=\"350\" src=\"https:\/\/neuropediatoolkit.org\/wp-content\/uploads\/2022\/12\/image-1.png\" class=\"attachment-full size-full\" alt=\"Dependencia.\" srcset=\"https:\/\/neuropediatoolkit.org\/wp-content\/uploads\/2022\/12\/image-1.png 672w, https:\/\/neuropediatoolkit.org\/wp-content\/uploads\/2022\/12\/image-1-300x156.png 300w, https:\/\/neuropediatoolkit.org\/wp-content\/uploads\/2022\/12\/image-1-18x9.png 18w\" sizes=\"(max-width: 34.9rem) calc(100vw - 2rem), (max-width: 53rem) calc(8 * (100vw \/ 12)), (min-width: 53rem) calc(6 * (100vw \/ 12)), 100vw\" \/><\/a><\/div><div class=\"o-posts-grid-post-body\"><h4 class=\"o-posts-grid-post-title\"><a href=\"https:\/\/neuropediatoolkit.org\/en\/dependencia\/\">Dependence.<\/a><\/h4><\/div><\/div><\/div><div class=\"o-posts-grid-post-blog o-posts-grid-post-plain\"><div class=\"o-posts-grid-post\"><div class=\"o-posts-grid-post-image\"><a href=\"https:\/\/neuropediatoolkit.org\/en\/discapacidad\/\"><img loading=\"lazy\" decoding=\"async\" width=\"640\" height=\"640\" src=\"https:\/\/neuropediatoolkit.org\/wp-content\/uploads\/2022\/12\/image.png\" class=\"attachment-full size-full\" alt=\"Discapacidad.\" srcset=\"https:\/\/neuropediatoolkit.org\/wp-content\/uploads\/2022\/12\/image.png 640w, https:\/\/neuropediatoolkit.org\/wp-content\/uploads\/2022\/12\/image-150x150.png 150w, https:\/\/neuropediatoolkit.org\/wp-content\/uploads\/2022\/12\/image-300x300.png 300w, https:\/\/neuropediatoolkit.org\/wp-content\/uploads\/2022\/12\/image-12x12.png 12w\" sizes=\"(max-width: 34.9rem) calc(100vw - 2rem), (max-width: 53rem) calc(8 * (100vw \/ 12)), (min-width: 53rem) calc(6 * (100vw \/ 12)), 100vw\" \/><\/a><\/div><div class=\"o-posts-grid-post-body\"><h4 class=\"o-posts-grid-post-title\"><a href=\"https:\/\/neuropediatoolkit.org\/en\/discapacidad\/\">Disability.<\/a><\/h4><\/div><\/div><\/div><div class=\"o-posts-grid-post-blog o-posts-grid-post-plain\"><div class=\"o-posts-grid-post\"><div class=\"o-posts-grid-post-image\"><a href=\"https:\/\/neuropediatoolkit.org\/en\/educacion-basada-en-la-evidencia\/\"><img loading=\"lazy\" decoding=\"async\" width=\"800\" height=\"524\" src=\"https:\/\/neuropediatoolkit.org\/wp-content\/uploads\/2023\/01\/imagen-7.png\" class=\"attachment-full size-full\" alt=\"Educaci\u00f3n basada en la evidencia.\" srcset=\"https:\/\/neuropediatoolkit.org\/wp-content\/uploads\/2023\/01\/imagen-7.png 800w, https:\/\/neuropediatoolkit.org\/wp-content\/uploads\/2023\/01\/imagen-7-300x197.png 300w, https:\/\/neuropediatoolkit.org\/wp-content\/uploads\/2023\/01\/imagen-7-768x503.png 768w, https:\/\/neuropediatoolkit.org\/wp-content\/uploads\/2023\/01\/imagen-7-18x12.png 18w\" sizes=\"(max-width: 34.9rem) calc(100vw - 2rem), (max-width: 53rem) calc(8 * (100vw \/ 12)), (min-width: 53rem) calc(6 * (100vw \/ 12)), 100vw\" \/><\/a><\/div><div class=\"o-posts-grid-post-body\"><h4 class=\"o-posts-grid-post-title\"><a href=\"https:\/\/neuropediatoolkit.org\/en\/educacion-basada-en-la-evidencia\/\">Education based on the evidence.<\/a><\/h4><\/div><\/div><\/div><div class=\"o-posts-grid-post-blog o-posts-grid-post-plain\"><div class=\"o-posts-grid-post\"><div class=\"o-posts-grid-post-image\"><a href=\"https:\/\/neuropediatoolkit.org\/en\/el-nin-con-problemas-academicos\/\"><img loading=\"lazy\" decoding=\"async\" width=\"1528\" height=\"800\" src=\"https:\/\/neuropediatoolkit.org\/wp-content\/uploads\/2023\/04\/imagen-5.png\" class=\"attachment-full size-full\" alt=\"El ni\u00f1@ con problemas acad\u00e9micos.\" srcset=\"https:\/\/neuropediatoolkit.org\/wp-content\/uploads\/2023\/04\/imagen-5.png 1528w, https:\/\/neuropediatoolkit.org\/wp-content\/uploads\/2023\/04\/imagen-5-300x157.png 300w, https:\/\/neuropediatoolkit.org\/wp-content\/uploads\/2023\/04\/imagen-5-768x402.png 768w, https:\/\/neuropediatoolkit.org\/wp-content\/uploads\/2023\/04\/imagen-5-1024x536.png 1024w, https:\/\/neuropediatoolkit.org\/wp-content\/uploads\/2023\/04\/imagen-5-18x9.png 18w\" sizes=\"(max-width: 34.9rem) calc(100vw - 2rem), (max-width: 53rem) calc(8 * (100vw \/ 12)), (min-width: 53rem) calc(6 * (100vw \/ 12)), 100vw\" \/><\/a><\/div><div class=\"o-posts-grid-post-body\"><h4 class=\"o-posts-grid-post-title\"><a href=\"https:\/\/neuropediatoolkit.org\/en\/el-nin-con-problemas-academicos\/\">The children with academic problems.<\/a><\/h4><\/div><\/div><\/div><div class=\"o-posts-grid-post-blog o-posts-grid-post-plain\"><div class=\"o-posts-grid-post\"><div class=\"o-posts-grid-post-image\"><a href=\"https:\/\/neuropediatoolkit.org\/en\/el-nin-con-problemas-de-conducta\/\"><img loading=\"lazy\" decoding=\"async\" width=\"1200\" height=\"800\" src=\"https:\/\/neuropediatoolkit.org\/wp-content\/uploads\/2023\/04\/imagen-6.png\" class=\"attachment-full size-full\" alt=\"El ni\u00f1@ con problemas de conducta.\" srcset=\"https:\/\/neuropediatoolkit.org\/wp-content\/uploads\/2023\/04\/imagen-6.png 1200w, https:\/\/neuropediatoolkit.org\/wp-content\/uploads\/2023\/04\/imagen-6-300x200.png 300w, https:\/\/neuropediatoolkit.org\/wp-content\/uploads\/2023\/04\/imagen-6-768x512.png 768w, https:\/\/neuropediatoolkit.org\/wp-content\/uploads\/2023\/04\/imagen-6-1024x683.png 1024w, https:\/\/neuropediatoolkit.org\/wp-content\/uploads\/2023\/04\/imagen-6-18x12.png 18w\" sizes=\"(max-width: 34.9rem) calc(100vw - 2rem), (max-width: 53rem) calc(8 * (100vw \/ 12)), (min-width: 53rem) calc(6 * (100vw \/ 12)), 100vw\" \/><\/a><\/div><div class=\"o-posts-grid-post-body\"><h4 class=\"o-posts-grid-post-title\"><a href=\"https:\/\/neuropediatoolkit.org\/en\/el-nin-con-problemas-de-conducta\/\">The children with conduct problems.<\/a><\/h4><\/div><\/div><\/div><div class=\"o-posts-grid-post-blog o-posts-grid-post-plain\"><div class=\"o-posts-grid-post\"><div class=\"o-posts-grid-post-image\"><a href=\"https:\/\/neuropediatoolkit.org\/en\/guia-para-el-profesorado-sobre-neurologia-infantil\/\"><img loading=\"lazy\" decoding=\"async\" width=\"1920\" height=\"1080\" src=\"https:\/\/neuropediatoolkit.org\/wp-content\/uploads\/2022\/09\/imagen-57.png\" class=\"attachment-full size-full\" alt=\"Gu\u00eda para el profesorado sobre neurolog\u00eda infantil.\" srcset=\"https:\/\/neuropediatoolkit.org\/wp-content\/uploads\/2022\/09\/imagen-57.png 1920w, https:\/\/neuropediatoolkit.org\/wp-content\/uploads\/2022\/09\/imagen-57-300x169.png 300w, https:\/\/neuropediatoolkit.org\/wp-content\/uploads\/2022\/09\/imagen-57-768x432.png 768w, https:\/\/neuropediatoolkit.org\/wp-content\/uploads\/2022\/09\/imagen-57-1024x576.png 1024w, https:\/\/neuropediatoolkit.org\/wp-content\/uploads\/2022\/09\/imagen-57-1536x864.png 1536w, https:\/\/neuropediatoolkit.org\/wp-content\/uploads\/2022\/09\/imagen-57-18x10.png 18w, https:\/\/neuropediatoolkit.org\/wp-content\/uploads\/2022\/09\/imagen-57-1568x882.png 1568w\" sizes=\"(max-width: 34.9rem) calc(100vw - 2rem), (max-width: 53rem) calc(8 * (100vw \/ 12)), (min-width: 53rem) calc(6 * (100vw \/ 12)), 100vw\" \/><\/a><\/div><div class=\"o-posts-grid-post-body\"><h4 class=\"o-posts-grid-post-title\"><a href=\"https:\/\/neuropediatoolkit.org\/en\/guia-para-el-profesorado-sobre-neurologia-infantil\/\">Guide for teachers on child neurology.<\/a><\/h4><\/div><\/div><\/div><div class=\"o-posts-grid-post-blog o-posts-grid-post-plain\"><div class=\"o-posts-grid-post\"><div class=\"o-posts-grid-post-image\"><a href=\"https:\/\/neuropediatoolkit.org\/en\/informe-neuropediatrico\/\"><img loading=\"lazy\" decoding=\"async\" width=\"620\" height=\"220\" src=\"https:\/\/neuropediatoolkit.org\/wp-content\/uploads\/2023\/04\/imagen-72.png\" class=\"attachment-full size-full\" alt=\"Informe neuropedi\u00e1trico.\" srcset=\"https:\/\/neuropediatoolkit.org\/wp-content\/uploads\/2023\/04\/imagen-72.png 620w, https:\/\/neuropediatoolkit.org\/wp-content\/uploads\/2023\/04\/imagen-72-300x106.png 300w, https:\/\/neuropediatoolkit.org\/wp-content\/uploads\/2023\/04\/imagen-72-18x6.png 18w\" sizes=\"(max-width: 34.9rem) calc(100vw - 2rem), (max-width: 53rem) calc(8 * (100vw \/ 12)), (min-width: 53rem) calc(6 * (100vw \/ 12)), 100vw\" \/><\/a><\/div><div class=\"o-posts-grid-post-body\"><h4 class=\"o-posts-grid-post-title\"><a href=\"https:\/\/neuropediatoolkit.org\/en\/informe-neuropediatrico\/\">Report neuropedi\u00e1trico.<\/a><\/h4><\/div><\/div><\/div><div class=\"o-posts-grid-post-blog o-posts-grid-post-plain\"><div class=\"o-posts-grid-post\"><div class=\"o-posts-grid-post-image\"><a href=\"https:\/\/neuropediatoolkit.org\/en\/internet-secure-for-kids\/\"><img loading=\"lazy\" decoding=\"async\" width=\"1801\" height=\"822\" src=\"https:\/\/neuropediatoolkit.org\/wp-content\/uploads\/2023\/02\/imagen-20.png\" class=\"attachment-full size-full\" alt=\"Internet secure for kids.\" srcset=\"https:\/\/neuropediatoolkit.org\/wp-content\/uploads\/2023\/02\/imagen-20.png 1801w, https:\/\/neuropediatoolkit.org\/wp-content\/uploads\/2023\/02\/imagen-20-300x137.png 300w, https:\/\/neuropediatoolkit.org\/wp-content\/uploads\/2023\/02\/imagen-20-768x351.png 768w, https:\/\/neuropediatoolkit.org\/wp-content\/uploads\/2023\/02\/imagen-20-1024x467.png 1024w, https:\/\/neuropediatoolkit.org\/wp-content\/uploads\/2023\/02\/imagen-20-1536x701.png 1536w, https:\/\/neuropediatoolkit.org\/wp-content\/uploads\/2023\/02\/imagen-20-18x8.png 18w, https:\/\/neuropediatoolkit.org\/wp-content\/uploads\/2023\/02\/imagen-20-1568x716.png 1568w\" sizes=\"(max-width: 34.9rem) calc(100vw - 2rem), (max-width: 53rem) calc(8 * (100vw \/ 12)), (min-width: 53rem) calc(6 * (100vw \/ 12)), 100vw\" \/><\/a><\/div><div class=\"o-posts-grid-post-body\"><h4 class=\"o-posts-grid-post-title\"><a href=\"https:\/\/neuropediatoolkit.org\/en\/internet-secure-for-kids\/\">Internet secure for kids.<\/a><\/h4><\/div><\/div><\/div><div class=\"o-posts-grid-post-blog o-posts-grid-post-plain\"><div class=\"o-posts-grid-post\"><div class=\"o-posts-grid-post-image\"><a href=\"https:\/\/neuropediatoolkit.org\/en\/medicamentos-y-escuela\/\"><img loading=\"lazy\" decoding=\"async\" width=\"1280\" height=\"776\" src=\"https:\/\/neuropediatoolkit.org\/wp-content\/uploads\/2023\/04\/imagen-4.png\" class=\"attachment-full size-full\" alt=\"Medicamentos y escuela.\" srcset=\"https:\/\/neuropediatoolkit.org\/wp-content\/uploads\/2023\/04\/imagen-4.png 1280w, https:\/\/neuropediatoolkit.org\/wp-content\/uploads\/2023\/04\/imagen-4-300x182.png 300w, https:\/\/neuropediatoolkit.org\/wp-content\/uploads\/2023\/04\/imagen-4-768x466.png 768w, https:\/\/neuropediatoolkit.org\/wp-content\/uploads\/2023\/04\/imagen-4-1024x621.png 1024w, https:\/\/neuropediatoolkit.org\/wp-content\/uploads\/2023\/04\/imagen-4-18x12.png 18w\" sizes=\"(max-width: 34.9rem) calc(100vw - 2rem), (max-width: 53rem) calc(8 * (100vw \/ 12)), (min-width: 53rem) calc(6 * (100vw \/ 12)), 100vw\" \/><\/a><\/div><div class=\"o-posts-grid-post-body\"><h4 class=\"o-posts-grid-post-title\"><a href=\"https:\/\/neuropediatoolkit.org\/en\/medicamentos-y-escuela\/\">Drugs and school.<\/a><\/h4><\/div><\/div><\/div><div class=\"o-posts-grid-post-blog o-posts-grid-post-plain\"><div class=\"o-posts-grid-post\"><div class=\"o-posts-grid-post-image\"><a href=\"https:\/\/neuropediatoolkit.org\/en\/pati-asistente-personal\/\"><img loading=\"lazy\" decoding=\"async\" width=\"695\" height=\"502\" src=\"https:\/\/neuropediatoolkit.org\/wp-content\/uploads\/2023\/02\/imagen-21.png\" class=\"attachment-full size-full\" alt=\"PATI (Asistente personal).\" srcset=\"https:\/\/neuropediatoolkit.org\/wp-content\/uploads\/2023\/02\/imagen-21.png 695w, https:\/\/neuropediatoolkit.org\/wp-content\/uploads\/2023\/02\/imagen-21-300x217.png 300w, https:\/\/neuropediatoolkit.org\/wp-content\/uploads\/2023\/02\/imagen-21-18x12.png 18w\" sizes=\"(max-width: 34.9rem) calc(100vw - 2rem), (max-width: 53rem) calc(8 * (100vw \/ 12)), (min-width: 53rem) calc(6 * (100vw \/ 12)), 100vw\" \/><\/a><\/div><div class=\"o-posts-grid-post-body\"><h4 class=\"o-posts-grid-post-title\"><a href=\"https:\/\/neuropediatoolkit.org\/en\/pati-asistente-personal\/\">PATI (personal Assistant).<\/a><\/h4><\/div><\/div><\/div><div class=\"o-posts-grid-post-blog o-posts-grid-post-plain\"><div class=\"o-posts-grid-post\"><div class=\"o-posts-grid-post-image\"><a href=\"https:\/\/neuropediatoolkit.org\/en\/procedimiento-de-derivacion-a-csur-y-sifco\/\"><img loading=\"lazy\" decoding=\"async\" width=\"650\" height=\"400\" src=\"https:\/\/neuropediatoolkit.org\/wp-content\/uploads\/2022\/09\/image-47.png\" class=\"attachment-full size-full\" alt=\"Procedimiento de derivaci\u00f3n a CSUR y SIFCO\" srcset=\"https:\/\/neuropediatoolkit.org\/wp-content\/uploads\/2022\/09\/image-47.png 650w, https:\/\/neuropediatoolkit.org\/wp-content\/uploads\/2022\/09\/image-47-300x185.png 300w, https:\/\/neuropediatoolkit.org\/wp-content\/uploads\/2022\/09\/image-47-18x12.png 18w\" sizes=\"(max-width: 34.9rem) calc(100vw - 2rem), (max-width: 53rem) calc(8 * (100vw \/ 12)), (min-width: 53rem) calc(6 * (100vw \/ 12)), 100vw\" \/><\/a><\/div><div class=\"o-posts-grid-post-body\"><h4 class=\"o-posts-grid-post-title\"><a href=\"https:\/\/neuropediatoolkit.org\/en\/procedimiento-de-derivacion-a-csur-y-sifco\/\">Procedure for referral to a CSUR and SIFCO<\/a><\/h4><\/div><\/div><\/div><div class=\"o-posts-grid-post-blog o-posts-grid-post-plain\"><div class=\"o-posts-grid-post\"><div class=\"o-posts-grid-post-image\"><a href=\"https:\/\/neuropediatoolkit.org\/en\/procedimiento-para-la-solicitud-de-2o-opinion-medica\/\"><img loading=\"lazy\" decoding=\"async\" width=\"1611\" height=\"816\" src=\"https:\/\/neuropediatoolkit.org\/wp-content\/uploads\/2023\/04\/imagen-62.png\" class=\"attachment-full size-full\" alt=\"Procedimiento para la solicitud de 2\u00ba opini\u00f3n m\u00e9dica\" srcset=\"https:\/\/neuropediatoolkit.org\/wp-content\/uploads\/2023\/04\/imagen-62.png 1611w, https:\/\/neuropediatoolkit.org\/wp-content\/uploads\/2023\/04\/imagen-62-300x152.png 300w, https:\/\/neuropediatoolkit.org\/wp-content\/uploads\/2023\/04\/imagen-62-768x389.png 768w, https:\/\/neuropediatoolkit.org\/wp-content\/uploads\/2023\/04\/imagen-62-1024x519.png 1024w, https:\/\/neuropediatoolkit.org\/wp-content\/uploads\/2023\/04\/imagen-62-1536x778.png 1536w, https:\/\/neuropediatoolkit.org\/wp-content\/uploads\/2023\/04\/imagen-62-18x9.png 18w, https:\/\/neuropediatoolkit.org\/wp-content\/uploads\/2023\/04\/imagen-62-1568x794.png 1568w\" sizes=\"(max-width: 34.9rem) calc(100vw - 2rem), (max-width: 53rem) calc(8 * (100vw \/ 12)), (min-width: 53rem) calc(6 * (100vw \/ 12)), 100vw\" \/><\/a><\/div><div class=\"o-posts-grid-post-body\"><h4 class=\"o-posts-grid-post-title\"><a href=\"https:\/\/neuropediatoolkit.org\/en\/procedimiento-para-la-solicitud-de-2o-opinion-medica\/\">Procedure for the application of 2nd medical opinion<\/a><\/h4><\/div><\/div><\/div><div class=\"o-posts-grid-post-blog o-posts-grid-post-plain\"><div class=\"o-posts-grid-post\"><div class=\"o-posts-grid-post-body is-full\"><h4 class=\"o-posts-grid-post-title\"><a href=\"https:\/\/neuropediatoolkit.org\/en\/procedimiento-para-la-solicitud-de-libre-eleccion-de-medico\/\">Procedure for the application of free choice of doctor.<\/a><\/h4><\/div><\/div><\/div><div class=\"o-posts-grid-post-blog o-posts-grid-post-plain\"><div class=\"o-posts-grid-post\"><div class=\"o-posts-grid-post-image\"><a href=\"https:\/\/neuropediatoolkit.org\/en\/recursos-del-area-de-sagunto\/\"><img loading=\"lazy\" decoding=\"async\" width=\"1200\" height=\"800\" src=\"https:\/\/neuropediatoolkit.org\/wp-content\/uploads\/2025\/12\/A1-1412188391-1.jpg\" class=\"attachment-full size-full\" alt=\"Recursos del \u00e1rea de sagunto.\" srcset=\"https:\/\/neuropediatoolkit.org\/wp-content\/uploads\/2025\/12\/A1-1412188391-1.jpg 1200w, https:\/\/neuropediatoolkit.org\/wp-content\/uploads\/2025\/12\/A1-1412188391-1-300x200.jpg 300w, https:\/\/neuropediatoolkit.org\/wp-content\/uploads\/2025\/12\/A1-1412188391-1-1024x683.jpg 1024w, https:\/\/neuropediatoolkit.org\/wp-content\/uploads\/2025\/12\/A1-1412188391-1-768x512.jpg 768w, https:\/\/neuropediatoolkit.org\/wp-content\/uploads\/2025\/12\/A1-1412188391-1-18x12.jpg 18w\" sizes=\"(max-width: 34.9rem) calc(100vw - 2rem), (max-width: 53rem) calc(8 * (100vw \/ 12)), (min-width: 53rem) calc(6 * (100vw \/ 12)), 100vw\" \/><\/a><\/div><div class=\"o-posts-grid-post-body\"><h4 class=\"o-posts-grid-post-title\"><a href=\"https:\/\/neuropediatoolkit.org\/en\/recursos-del-area-de-sagunto\/\">Recursos del \u00e1rea de sagunto.<\/a><\/h4><\/div><\/div><\/div><\/div> <\/div><\/div><\/details>\n\n\n\n<details class=\"wp-block-themeisle-blocks-accordion-item\"><summary class=\"wp-block-themeisle-blocks-accordion-item__title\"><div>Treatments.<\/div><\/summary><div class=\"wp-block-themeisle-blocks-accordion-item__content\"><div class=\"wp-block-themeisle-blocks-posts-grid\" id=\"wp-block-themeisle-blocks-posts-grid-74a0de87\"><div class=\"is-grid o-posts-grid-columns-3\"><div class=\"o-posts-grid-post-blog o-posts-grid-post-plain\"><div class=\"o-posts-grid-post\"><div class=\"o-posts-grid-post-image\"><a href=\"https:\/\/neuropediatoolkit.org\/en\/atencion-temprana\/\"><img loading=\"lazy\" decoding=\"async\" width=\"1170\" height=\"658\" src=\"https:\/\/neuropediatoolkit.org\/wp-content\/uploads\/2022\/09\/image-39.png\" class=\"attachment-full size-full\" alt=\"Atenci\u00f3n Temprana\" srcset=\"https:\/\/neuropediatoolkit.org\/wp-content\/uploads\/2022\/09\/image-39.png 1170w, https:\/\/neuropediatoolkit.org\/wp-content\/uploads\/2022\/09\/image-39-300x169.png 300w, https:\/\/neuropediatoolkit.org\/wp-content\/uploads\/2022\/09\/image-39-768x432.png 768w, https:\/\/neuropediatoolkit.org\/wp-content\/uploads\/2022\/09\/image-39-1024x576.png 1024w, https:\/\/neuropediatoolkit.org\/wp-content\/uploads\/2022\/09\/image-39-18x10.png 18w\" sizes=\"(max-width: 34.9rem) calc(100vw - 2rem), (max-width: 53rem) calc(8 * (100vw \/ 12)), (min-width: 53rem) calc(6 * (100vw \/ 12)), 100vw\" \/><\/a><\/div><div class=\"o-posts-grid-post-body\"><h4 class=\"o-posts-grid-post-title\"><a href=\"https:\/\/neuropediatoolkit.org\/en\/atencion-temprana\/\">Early Care<\/a><\/h4><\/div><\/div><\/div><div class=\"o-posts-grid-post-blog o-posts-grid-post-plain\"><div class=\"o-posts-grid-post\"><div class=\"o-posts-grid-post-image\"><a href=\"https:\/\/neuropediatoolkit.org\/en\/coenzima-q10-decorenone\/\"><img loading=\"lazy\" decoding=\"async\" width=\"1200\" height=\"628\" src=\"https:\/\/neuropediatoolkit.org\/wp-content\/uploads\/2023\/08\/image.png\" class=\"attachment-full size-full\" alt=\"Coenzima Q10 (Decorenone).\" srcset=\"https:\/\/neuropediatoolkit.org\/wp-content\/uploads\/2023\/08\/image.png 1200w, https:\/\/neuropediatoolkit.org\/wp-content\/uploads\/2023\/08\/image-18x9.png 18w, https:\/\/neuropediatoolkit.org\/wp-content\/uploads\/2023\/08\/image-300x157.png 300w, https:\/\/neuropediatoolkit.org\/wp-content\/uploads\/2023\/08\/image-768x402.png 768w, https:\/\/neuropediatoolkit.org\/wp-content\/uploads\/2023\/08\/image-1024x536.png 1024w\" sizes=\"(max-width: 34.9rem) calc(100vw - 2rem), (max-width: 53rem) calc(8 * (100vw \/ 12)), (min-width: 53rem) calc(6 * (100vw \/ 12)), 100vw\" \/><\/a><\/div><div class=\"o-posts-grid-post-body\"><h4 class=\"o-posts-grid-post-title\"><a href=\"https:\/\/neuropediatoolkit.org\/en\/coenzima-q10-decorenone\/\">Coenzyme Q10 (Decorenone).<\/a><\/h4><\/div><\/div><\/div><div class=\"o-posts-grid-post-blog o-posts-grid-post-plain\"><div class=\"o-posts-grid-post\"><div class=\"o-posts-grid-post-image\"><a href=\"https:\/\/neuropediatoolkit.org\/en\/deformidades-esqueleticas-en-paralisis-cerebral\/\"><img loading=\"lazy\" decoding=\"async\" width=\"550\" height=\"337\" src=\"https:\/\/neuropediatoolkit.org\/wp-content\/uploads\/2025\/02\/image-31.png\" class=\"attachment-full size-full\" alt=\"Deformidades esquel\u00e9ticas en par\u00e1lisis cerebral.\" srcset=\"https:\/\/neuropediatoolkit.org\/wp-content\/uploads\/2025\/02\/image-31.png 550w, https:\/\/neuropediatoolkit.org\/wp-content\/uploads\/2025\/02\/image-31-300x184.png 300w, https:\/\/neuropediatoolkit.org\/wp-content\/uploads\/2025\/02\/image-31-18x12.png 18w\" sizes=\"(max-width: 34.9rem) calc(100vw - 2rem), (max-width: 53rem) calc(8 * (100vw \/ 12)), (min-width: 53rem) calc(6 * (100vw \/ 12)), 100vw\" \/><\/a><\/div><div class=\"o-posts-grid-post-body\"><h4 class=\"o-posts-grid-post-title\"><a href=\"https:\/\/neuropediatoolkit.org\/en\/deformidades-esqueleticas-en-paralisis-cerebral\/\">Deformidades esquel\u00e9ticas en par\u00e1lisis cerebral.<\/a><\/h4><\/div><\/div><\/div><div class=\"o-posts-grid-post-blog o-posts-grid-post-plain\"><div class=\"o-posts-grid-post\"><div class=\"o-posts-grid-post-image\"><a href=\"https:\/\/neuropediatoolkit.org\/en\/edad-corregida-y-prematuridad\/\"><img loading=\"lazy\" decoding=\"async\" width=\"768\" height=\"545\" src=\"https:\/\/neuropediatoolkit.org\/wp-content\/uploads\/2022\/10\/imagen-23.png\" class=\"attachment-full size-full\" alt=\"Edad corregida y prematuridad.\" srcset=\"https:\/\/neuropediatoolkit.org\/wp-content\/uploads\/2022\/10\/imagen-23.png 768w, https:\/\/neuropediatoolkit.org\/wp-content\/uploads\/2022\/10\/imagen-23-300x213.png 300w, https:\/\/neuropediatoolkit.org\/wp-content\/uploads\/2022\/10\/imagen-23-18x12.png 18w\" sizes=\"(max-width: 34.9rem) calc(100vw - 2rem), (max-width: 53rem) calc(8 * (100vw \/ 12)), (min-width: 53rem) calc(6 * (100vw \/ 12)), 100vw\" \/><\/a><\/div><div class=\"o-posts-grid-post-body\"><h4 class=\"o-posts-grid-post-title\"><a href=\"https:\/\/neuropediatoolkit.org\/en\/edad-corregida-y-prematuridad\/\">Corrected age and prematurity.<\/a><\/h4><\/div><\/div><\/div><div class=\"o-posts-grid-post-blog o-posts-grid-post-plain\"><div class=\"o-posts-grid-post\"><div class=\"o-posts-grid-post-image\"><a href=\"https:\/\/neuropediatoolkit.org\/en\/ensayos-clinicos\/\"><img loading=\"lazy\" decoding=\"async\" width=\"1920\" height=\"866\" src=\"https:\/\/neuropediatoolkit.org\/wp-content\/uploads\/2022\/07\/imagen.png\" class=\"attachment-full size-full\" alt=\"Ensayos Cl\u00ednicos\" srcset=\"https:\/\/neuropediatoolkit.org\/wp-content\/uploads\/2022\/07\/imagen.png 1920w, https:\/\/neuropediatoolkit.org\/wp-content\/uploads\/2022\/07\/imagen-300x135.png 300w, https:\/\/neuropediatoolkit.org\/wp-content\/uploads\/2022\/07\/imagen-768x346.png 768w, https:\/\/neuropediatoolkit.org\/wp-content\/uploads\/2022\/07\/imagen-1024x462.png 1024w, https:\/\/neuropediatoolkit.org\/wp-content\/uploads\/2022\/07\/imagen-1536x693.png 1536w, https:\/\/neuropediatoolkit.org\/wp-content\/uploads\/2022\/07\/imagen-18x8.png 18w, https:\/\/neuropediatoolkit.org\/wp-content\/uploads\/2022\/07\/imagen-1568x707.png 1568w\" sizes=\"(max-width: 34.9rem) calc(100vw - 2rem), (max-width: 53rem) calc(8 * (100vw \/ 12)), (min-width: 53rem) calc(6 * (100vw \/ 12)), 100vw\" \/><\/a><\/div><div class=\"o-posts-grid-post-body\"><h4 class=\"o-posts-grid-post-title\"><a href=\"https:\/\/neuropediatoolkit.org\/en\/ensayos-clinicos\/\">Clinical Trials<\/a><\/h4><\/div><\/div><\/div><div class=\"o-posts-grid-post-blog o-posts-grid-post-plain\"><div class=\"o-posts-grid-post\"><div class=\"o-posts-grid-post-image\"><a href=\"https:\/\/neuropediatoolkit.org\/en\/estrategia-de-dano-cerebral-adquirido\/\"><img loading=\"lazy\" decoding=\"async\" width=\"719\" height=\"539\" src=\"https:\/\/neuropediatoolkit.org\/wp-content\/uploads\/2022\/09\/image-41.png\" class=\"attachment-full size-full\" alt=\"Estrategia de Da\u00f1o Cerebral Adquirido\" srcset=\"https:\/\/neuropediatoolkit.org\/wp-content\/uploads\/2022\/09\/image-41.png 719w, https:\/\/neuropediatoolkit.org\/wp-content\/uploads\/2022\/09\/image-41-300x225.png 300w, https:\/\/neuropediatoolkit.org\/wp-content\/uploads\/2022\/09\/image-41-16x12.png 16w\" sizes=\"(max-width: 34.9rem) calc(100vw - 2rem), (max-width: 53rem) calc(8 * (100vw \/ 12)), (min-width: 53rem) calc(6 * (100vw \/ 12)), 100vw\" \/><\/a><\/div><div class=\"o-posts-grid-post-body\"><h4 class=\"o-posts-grid-post-title\"><a href=\"https:\/\/neuropediatoolkit.org\/en\/estrategia-de-dano-cerebral-adquirido\/\">Strategy of Acquired Brain Injury<\/a><\/h4><\/div><\/div><\/div><div class=\"o-posts-grid-post-blog o-posts-grid-post-plain\"><div class=\"o-posts-grid-post\"><div class=\"o-posts-grid-post-image\"><a href=\"https:\/\/neuropediatoolkit.org\/en\/farmacos-antiepilepticos\/\"><img loading=\"lazy\" decoding=\"async\" width=\"1278\" height=\"748\" src=\"https:\/\/neuropediatoolkit.org\/wp-content\/uploads\/2023\/06\/imagen-14.png\" class=\"attachment-full size-full\" alt=\"F\u00e1rmacos antiepil\u00e9pticos.\" srcset=\"https:\/\/neuropediatoolkit.org\/wp-content\/uploads\/2023\/06\/imagen-14.png 1278w, https:\/\/neuropediatoolkit.org\/wp-content\/uploads\/2023\/06\/imagen-14-300x176.png 300w, https:\/\/neuropediatoolkit.org\/wp-content\/uploads\/2023\/06\/imagen-14-768x450.png 768w, https:\/\/neuropediatoolkit.org\/wp-content\/uploads\/2023\/06\/imagen-14-1024x599.png 1024w, https:\/\/neuropediatoolkit.org\/wp-content\/uploads\/2023\/06\/imagen-14-18x12.png 18w\" sizes=\"(max-width: 34.9rem) calc(100vw - 2rem), (max-width: 53rem) calc(8 * (100vw \/ 12)), (min-width: 53rem) calc(6 * (100vw \/ 12)), 100vw\" \/><\/a><\/div><div class=\"o-posts-grid-post-body\"><h4 class=\"o-posts-grid-post-title\"><a href=\"https:\/\/neuropediatoolkit.org\/en\/farmacos-antiepilepticos\/\">Antiepileptic drugs.<\/a><\/h4><\/div><\/div><\/div><div class=\"o-posts-grid-post-blog o-posts-grid-post-plain\"><div class=\"o-posts-grid-post\"><div class=\"o-posts-grid-post-image\"><a href=\"https:\/\/neuropediatoolkit.org\/en\/formula-magistral\/\"><img loading=\"lazy\" decoding=\"async\" width=\"1252\" height=\"834\" src=\"https:\/\/neuropediatoolkit.org\/wp-content\/uploads\/2022\/09\/image-50.png\" class=\"attachment-full size-full\" alt=\"F\u00f3rmula magistral\" srcset=\"https:\/\/neuropediatoolkit.org\/wp-content\/uploads\/2022\/09\/image-50.png 1252w, https:\/\/neuropediatoolkit.org\/wp-content\/uploads\/2022\/09\/image-50-300x200.png 300w, https:\/\/neuropediatoolkit.org\/wp-content\/uploads\/2022\/09\/image-50-768x512.png 768w, https:\/\/neuropediatoolkit.org\/wp-content\/uploads\/2022\/09\/image-50-1024x682.png 1024w, https:\/\/neuropediatoolkit.org\/wp-content\/uploads\/2022\/09\/image-50-18x12.png 18w\" sizes=\"(max-width: 34.9rem) calc(100vw - 2rem), (max-width: 53rem) calc(8 * (100vw \/ 12)), (min-width: 53rem) calc(6 * (100vw \/ 12)), 100vw\" \/><\/a><\/div><div class=\"o-posts-grid-post-body\"><h4 class=\"o-posts-grid-post-title\"><a href=\"https:\/\/neuropediatoolkit.org\/en\/formula-magistral\/\">Master formula<\/a><\/h4><\/div><\/div><\/div><div class=\"o-posts-grid-post-blog o-posts-grid-post-plain\"><div class=\"o-posts-grid-post\"><div class=\"o-posts-grid-post-image\"><a href=\"https:\/\/neuropediatoolkit.org\/en\/logopedia-sanitaria\/\"><img loading=\"lazy\" decoding=\"async\" width=\"1200\" height=\"500\" src=\"https:\/\/neuropediatoolkit.org\/wp-content\/uploads\/2022\/09\/image-40.png\" class=\"attachment-full size-full\" alt=\"Logopedia sanitaria.\" srcset=\"https:\/\/neuropediatoolkit.org\/wp-content\/uploads\/2022\/09\/image-40.png 1200w, https:\/\/neuropediatoolkit.org\/wp-content\/uploads\/2022\/09\/image-40-300x125.png 300w, https:\/\/neuropediatoolkit.org\/wp-content\/uploads\/2022\/09\/image-40-768x320.png 768w, https:\/\/neuropediatoolkit.org\/wp-content\/uploads\/2022\/09\/image-40-1024x427.png 1024w, https:\/\/neuropediatoolkit.org\/wp-content\/uploads\/2022\/09\/image-40-18x8.png 18w\" sizes=\"(max-width: 34.9rem) calc(100vw - 2rem), (max-width: 53rem) calc(8 * (100vw \/ 12)), (min-width: 53rem) calc(6 * (100vw \/ 12)), 100vw\" \/><\/a><\/div><div class=\"o-posts-grid-post-body\"><h4 class=\"o-posts-grid-post-title\"><a href=\"https:\/\/neuropediatoolkit.org\/en\/logopedia-sanitaria\/\">Slt health.<\/a><\/h4><\/div><\/div><\/div><div class=\"o-posts-grid-post-blog o-posts-grid-post-plain\"><div class=\"o-posts-grid-post\"><div class=\"o-posts-grid-post-image\"><a href=\"https:\/\/neuropediatoolkit.org\/en\/medicamentos-huerfanos\/\"><img loading=\"lazy\" decoding=\"async\" width=\"800\" height=\"445\" src=\"https:\/\/neuropediatoolkit.org\/wp-content\/uploads\/2022\/09\/image-48.png\" class=\"attachment-full size-full\" alt=\"Medicamentos hu\u00e9rfanos\" srcset=\"https:\/\/neuropediatoolkit.org\/wp-content\/uploads\/2022\/09\/image-48.png 800w, https:\/\/neuropediatoolkit.org\/wp-content\/uploads\/2022\/09\/image-48-300x167.png 300w, https:\/\/neuropediatoolkit.org\/wp-content\/uploads\/2022\/09\/image-48-768x427.png 768w, https:\/\/neuropediatoolkit.org\/wp-content\/uploads\/2022\/09\/image-48-18x10.png 18w\" sizes=\"(max-width: 34.9rem) calc(100vw - 2rem), (max-width: 53rem) calc(8 * (100vw \/ 12)), (min-width: 53rem) calc(6 * (100vw \/ 12)), 100vw\" \/><\/a><\/div><div class=\"o-posts-grid-post-body\"><h4 class=\"o-posts-grid-post-title\"><a href=\"https:\/\/neuropediatoolkit.org\/en\/medicamentos-huerfanos\/\">Orphan drugs<\/a><\/h4><\/div><\/div><\/div><div class=\"o-posts-grid-post-blog o-posts-grid-post-plain\"><div class=\"o-posts-grid-post\"><div class=\"o-posts-grid-post-image\"><a href=\"https:\/\/neuropediatoolkit.org\/en\/neurorehabilitacion-en-pci-evidencia-cientifica\/\"><img loading=\"lazy\" decoding=\"async\" width=\"1264\" height=\"723\" src=\"https:\/\/neuropediatoolkit.org\/wp-content\/uploads\/2025\/03\/image.png\" class=\"attachment-full size-full\" alt=\"Neurorehabilitaci\u00f3n en PCI. Evidencia cient\u00edfica.\" srcset=\"https:\/\/neuropediatoolkit.org\/wp-content\/uploads\/2025\/03\/image.png 1264w, https:\/\/neuropediatoolkit.org\/wp-content\/uploads\/2025\/03\/image-300x172.png 300w, https:\/\/neuropediatoolkit.org\/wp-content\/uploads\/2025\/03\/image-1024x586.png 1024w, https:\/\/neuropediatoolkit.org\/wp-content\/uploads\/2025\/03\/image-768x439.png 768w, https:\/\/neuropediatoolkit.org\/wp-content\/uploads\/2025\/03\/image-18x10.png 18w\" sizes=\"(max-width: 34.9rem) calc(100vw - 2rem), (max-width: 53rem) calc(8 * (100vw \/ 12)), (min-width: 53rem) calc(6 * (100vw \/ 12)), 100vw\" \/><\/a><\/div><div class=\"o-posts-grid-post-body\"><h4 class=\"o-posts-grid-post-title\"><a href=\"https:\/\/neuropediatoolkit.org\/en\/neurorehabilitacion-en-pci-evidencia-cientifica\/\">Neurorehabilitaci\u00f3n en PCI. Evidencia cient\u00edfica.<\/a><\/h4><\/div><\/div><\/div><div class=\"o-posts-grid-post-blog o-posts-grid-post-plain\"><div class=\"o-posts-grid-post\"><div class=\"o-posts-grid-post-image\"><a href=\"https:\/\/neuropediatoolkit.org\/en\/orphan-anesthesia\/\"><img loading=\"lazy\" decoding=\"async\" width=\"474\" height=\"316\" src=\"https:\/\/neuropediatoolkit.org\/wp-content\/uploads\/2024\/01\/image-1.png\" class=\"attachment-full size-full\" alt=\"Orphan Anesthesia\" srcset=\"https:\/\/neuropediatoolkit.org\/wp-content\/uploads\/2024\/01\/image-1.png 474w, https:\/\/neuropediatoolkit.org\/wp-content\/uploads\/2024\/01\/image-1-300x200.png 300w, https:\/\/neuropediatoolkit.org\/wp-content\/uploads\/2024\/01\/image-1-18x12.png 18w\" sizes=\"(max-width: 34.9rem) calc(100vw - 2rem), (max-width: 53rem) calc(8 * (100vw \/ 12)), (min-width: 53rem) calc(6 * (100vw \/ 12)), 100vw\" \/><\/a><\/div><div class=\"o-posts-grid-post-body\"><h4 class=\"o-posts-grid-post-title\"><a href=\"https:\/\/neuropediatoolkit.org\/en\/orphan-anesthesia\/\">Orphan Anesthesia<\/a><\/h4><\/div><\/div><\/div><div class=\"o-posts-grid-post-blog o-posts-grid-post-plain\"><div class=\"o-posts-grid-post\"><div class=\"o-posts-grid-post-image\"><a href=\"https:\/\/neuropediatoolkit.org\/en\/pci-tratamientos-con-evidencia-cientifica\/\"><img loading=\"lazy\" decoding=\"async\" width=\"868\" height=\"684\" src=\"https:\/\/neuropediatoolkit.org\/wp-content\/uploads\/2022\/10\/image-14.png\" class=\"attachment-full size-full\" alt=\"PCI: Tratamientos con evidencia cient\u00edfica.\" srcset=\"https:\/\/neuropediatoolkit.org\/wp-content\/uploads\/2022\/10\/image-14.png 868w, https:\/\/neuropediatoolkit.org\/wp-content\/uploads\/2022\/10\/image-14-300x236.png 300w, https:\/\/neuropediatoolkit.org\/wp-content\/uploads\/2022\/10\/image-14-768x605.png 768w, https:\/\/neuropediatoolkit.org\/wp-content\/uploads\/2022\/10\/image-14-15x12.png 15w\" sizes=\"(max-width: 34.9rem) calc(100vw - 2rem), (max-width: 53rem) calc(8 * (100vw \/ 12)), (min-width: 53rem) calc(6 * (100vw \/ 12)), 100vw\" \/><\/a><\/div><div class=\"o-posts-grid-post-body\"><h4 class=\"o-posts-grid-post-title\"><a href=\"https:\/\/neuropediatoolkit.org\/en\/pci-tratamientos-con-evidencia-cientifica\/\">PCI: Treatments with scientific evidence.<\/a><\/h4><\/div><\/div><\/div><div class=\"o-posts-grid-post-blog o-posts-grid-post-plain\"><div class=\"o-posts-grid-post\"><div class=\"o-posts-grid-post-image\"><a href=\"https:\/\/neuropediatoolkit.org\/en\/protocolo-de-osteoporosis\/\"><img loading=\"lazy\" decoding=\"async\" width=\"1181\" height=\"619\" src=\"https:\/\/neuropediatoolkit.org\/wp-content\/uploads\/2025\/11\/OP-2.png\" class=\"attachment-full size-full\" alt=\"Protocolo de osteoporosis:\" srcset=\"https:\/\/neuropediatoolkit.org\/wp-content\/uploads\/2025\/11\/OP-2.png 1181w, https:\/\/neuropediatoolkit.org\/wp-content\/uploads\/2025\/11\/OP-2-300x157.png 300w, https:\/\/neuropediatoolkit.org\/wp-content\/uploads\/2025\/11\/OP-2-1024x537.png 1024w, https:\/\/neuropediatoolkit.org\/wp-content\/uploads\/2025\/11\/OP-2-768x403.png 768w, https:\/\/neuropediatoolkit.org\/wp-content\/uploads\/2025\/11\/OP-2-18x9.png 18w\" sizes=\"(max-width: 34.9rem) calc(100vw - 2rem), (max-width: 53rem) calc(8 * (100vw \/ 12)), (min-width: 53rem) calc(6 * (100vw \/ 12)), 100vw\" \/><\/a><\/div><div class=\"o-posts-grid-post-body\"><h4 class=\"o-posts-grid-post-title\"><a href=\"https:\/\/neuropediatoolkit.org\/en\/protocolo-de-osteoporosis\/\">Protocolo de osteoporosis:<\/a><\/h4><\/div><\/div><\/div><div class=\"o-posts-grid-post-blog o-posts-grid-post-plain\"><div class=\"o-posts-grid-post\"><div class=\"o-posts-grid-post-image\"><a href=\"https:\/\/neuropediatoolkit.org\/en\/pseudoterapias\/\"><img loading=\"lazy\" decoding=\"async\" width=\"754\" height=\"502\" src=\"https:\/\/neuropediatoolkit.org\/wp-content\/uploads\/2022\/09\/image-51.png\" class=\"attachment-full size-full\" alt=\"Pseudoterapias.\" srcset=\"https:\/\/neuropediatoolkit.org\/wp-content\/uploads\/2022\/09\/image-51.png 754w, https:\/\/neuropediatoolkit.org\/wp-content\/uploads\/2022\/09\/image-51-300x200.png 300w, https:\/\/neuropediatoolkit.org\/wp-content\/uploads\/2022\/09\/image-51-18x12.png 18w\" sizes=\"(max-width: 34.9rem) calc(100vw - 2rem), (max-width: 53rem) calc(8 * (100vw \/ 12)), (min-width: 53rem) calc(6 * (100vw \/ 12)), 100vw\" \/><\/a><\/div><div class=\"o-posts-grid-post-body\"><h4 class=\"o-posts-grid-post-title\"><a href=\"https:\/\/neuropediatoolkit.org\/en\/pseudoterapias\/\">Pseudotherapies.<\/a><\/h4><\/div><\/div><\/div><div class=\"o-posts-grid-post-blog o-posts-grid-post-plain\"><div class=\"o-posts-grid-post\"><div class=\"o-posts-grid-post-image\"><a href=\"https:\/\/neuropediatoolkit.org\/en\/recursos-del-area-de-sagunto\/\"><img loading=\"lazy\" decoding=\"async\" width=\"1200\" height=\"800\" src=\"https:\/\/neuropediatoolkit.org\/wp-content\/uploads\/2025\/12\/A1-1412188391-1.jpg\" class=\"attachment-full size-full\" alt=\"Recursos del \u00e1rea de sagunto.\" srcset=\"https:\/\/neuropediatoolkit.org\/wp-content\/uploads\/2025\/12\/A1-1412188391-1.jpg 1200w, https:\/\/neuropediatoolkit.org\/wp-content\/uploads\/2025\/12\/A1-1412188391-1-300x200.jpg 300w, https:\/\/neuropediatoolkit.org\/wp-content\/uploads\/2025\/12\/A1-1412188391-1-1024x683.jpg 1024w, https:\/\/neuropediatoolkit.org\/wp-content\/uploads\/2025\/12\/A1-1412188391-1-768x512.jpg 768w, https:\/\/neuropediatoolkit.org\/wp-content\/uploads\/2025\/12\/A1-1412188391-1-18x12.jpg 18w\" sizes=\"(max-width: 34.9rem) calc(100vw - 2rem), (max-width: 53rem) calc(8 * (100vw \/ 12)), (min-width: 53rem) calc(6 * (100vw \/ 12)), 100vw\" \/><\/a><\/div><div class=\"o-posts-grid-post-body\"><h4 class=\"o-posts-grid-post-title\"><a href=\"https:\/\/neuropediatoolkit.org\/en\/recursos-del-area-de-sagunto\/\">Recursos del \u00e1rea de sagunto.<\/a><\/h4><\/div><\/div><\/div><div class=\"o-posts-grid-post-blog o-posts-grid-post-plain\"><div class=\"o-posts-grid-post\"><div class=\"o-posts-grid-post-image\"><a href=\"https:\/\/neuropediatoolkit.org\/en\/recursos-terapeuticos-no-farmacologicos\/\"><img loading=\"lazy\" decoding=\"async\" width=\"2448\" height=\"3264\" src=\"https:\/\/neuropediatoolkit.org\/wp-content\/uploads\/2022\/09\/image-46.png\" class=\"attachment-full size-full\" alt=\"Recursos terap\u00e9uticos no farmacol\u00f3gicos para ni\u00f1os con t. del neurodesarrollo.\" srcset=\"https:\/\/neuropediatoolkit.org\/wp-content\/uploads\/2022\/09\/image-46.png 2448w, https:\/\/neuropediatoolkit.org\/wp-content\/uploads\/2022\/09\/image-46-225x300.png 225w, https:\/\/neuropediatoolkit.org\/wp-content\/uploads\/2022\/09\/image-46-768x1024.png 768w, https:\/\/neuropediatoolkit.org\/wp-content\/uploads\/2022\/09\/image-46-1152x1536.png 1152w, https:\/\/neuropediatoolkit.org\/wp-content\/uploads\/2022\/09\/image-46-1536x2048.png 1536w, https:\/\/neuropediatoolkit.org\/wp-content\/uploads\/2022\/09\/image-46-9x12.png 9w, https:\/\/neuropediatoolkit.org\/wp-content\/uploads\/2022\/09\/image-46-1568x2091.png 1568w\" sizes=\"(max-width: 34.9rem) calc(100vw - 2rem), (max-width: 53rem) calc(8 * (100vw \/ 12)), (min-width: 53rem) calc(6 * (100vw \/ 12)), 100vw\" \/><\/a><\/div><div class=\"o-posts-grid-post-body\"><h4 class=\"o-posts-grid-post-title\"><a href=\"https:\/\/neuropediatoolkit.org\/en\/recursos-terapeuticos-no-farmacologicos\/\">Therapeutic resources and non-drug for children with t. neurodevelopmental disorders.<\/a><\/h4><\/div><\/div><\/div><div class=\"o-posts-grid-post-blog o-posts-grid-post-plain\"><div class=\"o-posts-grid-post\"><div class=\"o-posts-grid-post-image\"><a href=\"https:\/\/neuropediatoolkit.org\/en\/red-asociativa-morvedre\/\"><img loading=\"lazy\" decoding=\"async\" width=\"626\" height=\"395\" src=\"https:\/\/neuropediatoolkit.org\/wp-content\/uploads\/2023\/01\/imagen-6.png\" class=\"attachment-full size-full\" alt=\"Red asociativa del Camp de Morvedre.\" srcset=\"https:\/\/neuropediatoolkit.org\/wp-content\/uploads\/2023\/01\/imagen-6.png 626w, https:\/\/neuropediatoolkit.org\/wp-content\/uploads\/2023\/01\/imagen-6-300x189.png 300w, https:\/\/neuropediatoolkit.org\/wp-content\/uploads\/2023\/01\/imagen-6-18x12.png 18w\" sizes=\"(max-width: 34.9rem) calc(100vw - 2rem), (max-width: 53rem) calc(8 * (100vw \/ 12)), (min-width: 53rem) calc(6 * (100vw \/ 12)), 100vw\" \/><\/a><\/div><div class=\"o-posts-grid-post-body\"><h4 class=\"o-posts-grid-post-title\"><a href=\"https:\/\/neuropediatoolkit.org\/en\/red-asociativa-morvedre\/\">Network of associations of Camp de Morvedre.<\/a><\/h4><\/div><\/div><\/div><div class=\"o-posts-grid-post-blog o-posts-grid-post-plain\"><div class=\"o-posts-grid-post\"><div class=\"o-posts-grid-post-image\"><a href=\"https:\/\/neuropediatoolkit.org\/en\/tecnologias-aumentativas-y-alternativas-de-comunicacion\/\"><img loading=\"lazy\" decoding=\"async\" width=\"600\" height=\"450\" src=\"https:\/\/neuropediatoolkit.org\/wp-content\/uploads\/2023\/05\/image-11.png\" class=\"attachment-full size-full\" alt=\"Tecnolog\u00edas aumentativas y alternativas de comunicaci\u00f3n.\" srcset=\"https:\/\/neuropediatoolkit.org\/wp-content\/uploads\/2023\/05\/image-11.png 600w, https:\/\/neuropediatoolkit.org\/wp-content\/uploads\/2023\/05\/image-11-300x225.png 300w, https:\/\/neuropediatoolkit.org\/wp-content\/uploads\/2023\/05\/image-11-16x12.png 16w\" sizes=\"(max-width: 34.9rem) calc(100vw - 2rem), (max-width: 53rem) calc(8 * (100vw \/ 12)), (min-width: 53rem) calc(6 * (100vw \/ 12)), 100vw\" \/><\/a><\/div><div class=\"o-posts-grid-post-body\"><h4 class=\"o-posts-grid-post-title\"><a href=\"https:\/\/neuropediatoolkit.org\/en\/tecnologias-aumentativas-y-alternativas-de-comunicacion\/\">Technologies aumentativas and alternative communication.<\/a><\/h4><\/div><\/div><\/div><div class=\"o-posts-grid-post-blog o-posts-grid-post-plain\"><div class=\"o-posts-grid-post\"><div class=\"o-posts-grid-post-image\"><a href=\"https:\/\/neuropediatoolkit.org\/en\/uso-compasivo-y-medicacion-extranjera\/\"><img loading=\"lazy\" decoding=\"async\" width=\"2560\" height=\"518\" src=\"https:\/\/neuropediatoolkit.org\/wp-content\/uploads\/2022\/09\/image-49.png\" class=\"attachment-full size-full\" alt=\"Uso compasivo, medicaci\u00f3n extranjera y uso de f\u00e1rmacos fuera de indicaci\u00f3n (fuera de ficha t\u00e9cnica).\" srcset=\"https:\/\/neuropediatoolkit.org\/wp-content\/uploads\/2022\/09\/image-49.png 2560w, https:\/\/neuropediatoolkit.org\/wp-content\/uploads\/2022\/09\/image-49-300x61.png 300w, https:\/\/neuropediatoolkit.org\/wp-content\/uploads\/2022\/09\/image-49-768x155.png 768w, https:\/\/neuropediatoolkit.org\/wp-content\/uploads\/2022\/09\/image-49-1024x207.png 1024w, https:\/\/neuropediatoolkit.org\/wp-content\/uploads\/2022\/09\/image-49-1536x311.png 1536w, https:\/\/neuropediatoolkit.org\/wp-content\/uploads\/2022\/09\/image-49-2048x414.png 2048w, https:\/\/neuropediatoolkit.org\/wp-content\/uploads\/2022\/09\/image-49-18x4.png 18w, https:\/\/neuropediatoolkit.org\/wp-content\/uploads\/2022\/09\/image-49-1568x317.png 1568w\" sizes=\"(max-width: 34.9rem) calc(100vw - 2rem), (max-width: 53rem) calc(8 * (100vw \/ 12)), (min-width: 53rem) calc(6 * (100vw \/ 12)), 100vw\" \/><\/a><\/div><div class=\"o-posts-grid-post-body\"><h4 class=\"o-posts-grid-post-title\"><a href=\"https:\/\/neuropediatoolkit.org\/en\/uso-compasivo-y-medicacion-extranjera\/\">Compassionate use, medication, foreign and drug use out-of-specification (out-of-the technical data sheet).<\/a><\/h4><\/div><\/div><\/div><\/div> <\/div><\/div><\/details>\n<\/div>\n\n\n\n<h2 class=\"wp-block-heading\">Entries recently published<\/h2>\n\n\n\n<hr class=\"wp-block-separator has-alpha-channel-opacity\"\/>\n\n\n<div class=\"wp-block-themeisle-blocks-posts-grid\" id=\"wp-block-themeisle-blocks-posts-grid-a085cb75\"><div class=\"is-grid o-posts-grid-columns-3\"><div class=\"o-posts-grid-post-blog o-posts-grid-post-plain\"><div class=\"o-posts-grid-post\"><div class=\"o-posts-grid-post-image\"><a href=\"https:\/\/neuropediatoolkit.org\/en\/mecanismos-en-aed\/\"><img loading=\"lazy\" decoding=\"async\" width=\"1594\" height=\"1008\" src=\"https:\/\/neuropediatoolkit.org\/wp-content\/uploads\/2026\/01\/image-2.png\" class=\"attachment-full size-full\" alt=\"Mecanismos en AED.\" srcset=\"https:\/\/neuropediatoolkit.org\/wp-content\/uploads\/2026\/01\/image-2.png 1594w, https:\/\/neuropediatoolkit.org\/wp-content\/uploads\/2026\/01\/image-2-300x190.png 300w, https:\/\/neuropediatoolkit.org\/wp-content\/uploads\/2026\/01\/image-2-1024x648.png 1024w, https:\/\/neuropediatoolkit.org\/wp-content\/uploads\/2026\/01\/image-2-768x486.png 768w, https:\/\/neuropediatoolkit.org\/wp-content\/uploads\/2026\/01\/image-2-1536x971.png 1536w, https:\/\/neuropediatoolkit.org\/wp-content\/uploads\/2026\/01\/image-2-18x12.png 18w, https:\/\/neuropediatoolkit.org\/wp-content\/uploads\/2026\/01\/image-2-1568x992.png 1568w\" sizes=\"(max-width: 34.9rem) calc(100vw - 2rem), (max-width: 53rem) calc(8 * (100vw \/ 12)), (min-width: 53rem) calc(6 * (100vw \/ 12)), 100vw\" \/><\/a><\/div><div class=\"o-posts-grid-post-body\"><h4 class=\"o-posts-grid-post-title\"><a href=\"https:\/\/neuropediatoolkit.org\/en\/mecanismos-en-aed\/\">Mecanismos en AED.<\/a><\/h4><\/div><\/div><\/div><div class=\"o-posts-grid-post-blog o-posts-grid-post-plain\"><div class=\"o-posts-grid-post\"><div class=\"o-posts-grid-post-image\"><a href=\"https:\/\/neuropediatoolkit.org\/en\/comparador-de-farmacocinetica-de-farmacos-estimulantes-para-el-tdah\/\"><img loading=\"lazy\" decoding=\"async\" width=\"1563\" height=\"724\" src=\"https:\/\/neuropediatoolkit.org\/wp-content\/uploads\/2026\/01\/image-1.png\" class=\"attachment-full size-full\" alt=\"Comparador de farmacocin\u00e9tica de f\u00e1rmacos estimulantes para el TDAH.\" srcset=\"https:\/\/neuropediatoolkit.org\/wp-content\/uploads\/2026\/01\/image-1.png 1563w, https:\/\/neuropediatoolkit.org\/wp-content\/uploads\/2026\/01\/image-1-300x139.png 300w, https:\/\/neuropediatoolkit.org\/wp-content\/uploads\/2026\/01\/image-1-1024x474.png 1024w, https:\/\/neuropediatoolkit.org\/wp-content\/uploads\/2026\/01\/image-1-768x356.png 768w, https:\/\/neuropediatoolkit.org\/wp-content\/uploads\/2026\/01\/image-1-1536x711.png 1536w, https:\/\/neuropediatoolkit.org\/wp-content\/uploads\/2026\/01\/image-1-18x8.png 18w\" sizes=\"(max-width: 34.9rem) calc(100vw - 2rem), (max-width: 53rem) calc(8 * (100vw \/ 12)), (min-width: 53rem) calc(6 * (100vw \/ 12)), 100vw\" \/><\/a><\/div><div class=\"o-posts-grid-post-body\"><h4 class=\"o-posts-grid-post-title\"><a href=\"https:\/\/neuropediatoolkit.org\/en\/comparador-de-farmacocinetica-de-farmacos-estimulantes-para-el-tdah\/\">Comparador de farmacocin\u00e9tica de f\u00e1rmacos estimulantes para el TDAH.<\/a><\/h4><\/div><\/div><\/div><div class=\"o-posts-grid-post-blog o-posts-grid-post-plain\"><div class=\"o-posts-grid-post\"><div class=\"o-posts-grid-post-image\"><a href=\"https:\/\/neuropediatoolkit.org\/en\/evidencia-cientifica-en-tratamientos-para-el-tdah\/\"><img loading=\"lazy\" decoding=\"async\" width=\"1379\" height=\"659\" src=\"https:\/\/neuropediatoolkit.org\/wp-content\/uploads\/2026\/01\/image.png\" class=\"attachment-full size-full\" alt=\"Evidencia cient\u00edfica en tratamientos para el TDAH.\" srcset=\"https:\/\/neuropediatoolkit.org\/wp-content\/uploads\/2026\/01\/image.png 1379w, https:\/\/neuropediatoolkit.org\/wp-content\/uploads\/2026\/01\/image-300x143.png 300w, https:\/\/neuropediatoolkit.org\/wp-content\/uploads\/2026\/01\/image-1024x489.png 1024w, https:\/\/neuropediatoolkit.org\/wp-content\/uploads\/2026\/01\/image-768x367.png 768w, https:\/\/neuropediatoolkit.org\/wp-content\/uploads\/2026\/01\/image-18x9.png 18w\" sizes=\"(max-width: 34.9rem) calc(100vw - 2rem), (max-width: 53rem) calc(8 * (100vw \/ 12)), (min-width: 53rem) calc(6 * (100vw \/ 12)), 100vw\" \/><\/a><\/div><div class=\"o-posts-grid-post-body\"><h4 class=\"o-posts-grid-post-title\"><a href=\"https:\/\/neuropediatoolkit.org\/en\/evidencia-cientifica-en-tratamientos-para-el-tdah\/\">Evidencia cient\u00edfica en tratamientos para el TDAH.<\/a><\/h4><\/div><\/div><\/div><div class=\"o-posts-grid-post-blog o-posts-grid-post-plain\"><div class=\"o-posts-grid-post\"><div class=\"o-posts-grid-post-image\"><a href=\"https:\/\/neuropediatoolkit.org\/en\/paralisis-cerebral-infantil-y-rm-normal\/\"><img loading=\"lazy\" decoding=\"async\" width=\"2000\" height=\"1414\" src=\"https:\/\/neuropediatoolkit.org\/wp-content\/uploads\/2025\/12\/types-of-cerebral-palsy.png\" class=\"attachment-full size-full\" alt=\"Par\u00e1lisis cerebral infantil y RM normal.\" srcset=\"https:\/\/neuropediatoolkit.org\/wp-content\/uploads\/2025\/12\/types-of-cerebral-palsy.png 2000w, https:\/\/neuropediatoolkit.org\/wp-content\/uploads\/2025\/12\/types-of-cerebral-palsy-300x212.png 300w, https:\/\/neuropediatoolkit.org\/wp-content\/uploads\/2025\/12\/types-of-cerebral-palsy-1024x724.png 1024w, https:\/\/neuropediatoolkit.org\/wp-content\/uploads\/2025\/12\/types-of-cerebral-palsy-768x543.png 768w, https:\/\/neuropediatoolkit.org\/wp-content\/uploads\/2025\/12\/types-of-cerebral-palsy-1536x1086.png 1536w, https:\/\/neuropediatoolkit.org\/wp-content\/uploads\/2025\/12\/types-of-cerebral-palsy-18x12.png 18w, https:\/\/neuropediatoolkit.org\/wp-content\/uploads\/2025\/12\/types-of-cerebral-palsy-1568x1109.png 1568w\" sizes=\"(max-width: 34.9rem) calc(100vw - 2rem), (max-width: 53rem) calc(8 * (100vw \/ 12)), (min-width: 53rem) calc(6 * (100vw \/ 12)), 100vw\" \/><\/a><\/div><div class=\"o-posts-grid-post-body\"><h4 class=\"o-posts-grid-post-title\"><a href=\"https:\/\/neuropediatoolkit.org\/en\/paralisis-cerebral-infantil-y-rm-normal\/\">Par\u00e1lisis cerebral infantil y RM normal.<\/a><\/h4><\/div><\/div><\/div><div class=\"o-posts-grid-post-blog o-posts-grid-post-plain\"><div class=\"o-posts-grid-post\"><div class=\"o-posts-grid-post-image\"><a href=\"https:\/\/neuropediatoolkit.org\/en\/recursos-del-area-de-sagunto\/\"><img loading=\"lazy\" decoding=\"async\" width=\"1200\" height=\"800\" src=\"https:\/\/neuropediatoolkit.org\/wp-content\/uploads\/2025\/12\/A1-1412188391-1.jpg\" class=\"attachment-full size-full\" alt=\"Recursos del \u00e1rea de sagunto.\" srcset=\"https:\/\/neuropediatoolkit.org\/wp-content\/uploads\/2025\/12\/A1-1412188391-1.jpg 1200w, https:\/\/neuropediatoolkit.org\/wp-content\/uploads\/2025\/12\/A1-1412188391-1-300x200.jpg 300w, https:\/\/neuropediatoolkit.org\/wp-content\/uploads\/2025\/12\/A1-1412188391-1-1024x683.jpg 1024w, https:\/\/neuropediatoolkit.org\/wp-content\/uploads\/2025\/12\/A1-1412188391-1-768x512.jpg 768w, https:\/\/neuropediatoolkit.org\/wp-content\/uploads\/2025\/12\/A1-1412188391-1-18x12.jpg 18w\" sizes=\"(max-width: 34.9rem) calc(100vw - 2rem), (max-width: 53rem) calc(8 * (100vw \/ 12)), (min-width: 53rem) calc(6 * (100vw \/ 12)), 100vw\" \/><\/a><\/div><div class=\"o-posts-grid-post-body\"><h4 class=\"o-posts-grid-post-title\"><a href=\"https:\/\/neuropediatoolkit.org\/en\/recursos-del-area-de-sagunto\/\">Recursos del \u00e1rea de sagunto.<\/a><\/h4><\/div><\/div><\/div><div class=\"o-posts-grid-post-blog o-posts-grid-post-plain\"><div class=\"o-posts-grid-post\"><div class=\"o-posts-grid-post-image\"><a href=\"https:\/\/neuropediatoolkit.org\/en\/kcnx-databases\/\"><img loading=\"lazy\" decoding=\"async\" width=\"575\" height=\"407\" src=\"https:\/\/neuropediatoolkit.org\/wp-content\/uploads\/2025\/12\/image.png\" class=\"attachment-full size-full\" alt=\"KCNx databases.\" srcset=\"https:\/\/neuropediatoolkit.org\/wp-content\/uploads\/2025\/12\/image.png 575w, https:\/\/neuropediatoolkit.org\/wp-content\/uploads\/2025\/12\/image-300x212.png 300w, https:\/\/neuropediatoolkit.org\/wp-content\/uploads\/2025\/12\/image-18x12.png 18w\" sizes=\"(max-width: 34.9rem) calc(100vw - 2rem), (max-width: 53rem) calc(8 * (100vw \/ 12)), (min-width: 53rem) calc(6 * (100vw \/ 12)), 100vw\" \/><\/a><\/div><div class=\"o-posts-grid-post-body\"><h4 class=\"o-posts-grid-post-title\"><a href=\"https:\/\/neuropediatoolkit.org\/en\/kcnx-databases\/\">KCNx databases.<\/a><\/h4><\/div><\/div><\/div><div class=\"o-posts-grid-post-blog o-posts-grid-post-plain\"><div class=\"o-posts-grid-post\"><div class=\"o-posts-grid-post-image\"><a href=\"https:\/\/neuropediatoolkit.org\/en\/protocolo-de-osteoporosis\/\"><img loading=\"lazy\" decoding=\"async\" width=\"1181\" height=\"619\" src=\"https:\/\/neuropediatoolkit.org\/wp-content\/uploads\/2025\/11\/OP-2.png\" class=\"attachment-full size-full\" alt=\"Protocolo de osteoporosis:\" srcset=\"https:\/\/neuropediatoolkit.org\/wp-content\/uploads\/2025\/11\/OP-2.png 1181w, https:\/\/neuropediatoolkit.org\/wp-content\/uploads\/2025\/11\/OP-2-300x157.png 300w, https:\/\/neuropediatoolkit.org\/wp-content\/uploads\/2025\/11\/OP-2-1024x537.png 1024w, https:\/\/neuropediatoolkit.org\/wp-content\/uploads\/2025\/11\/OP-2-768x403.png 768w, https:\/\/neuropediatoolkit.org\/wp-content\/uploads\/2025\/11\/OP-2-18x9.png 18w\" sizes=\"(max-width: 34.9rem) calc(100vw - 2rem), (max-width: 53rem) calc(8 * (100vw \/ 12)), (min-width: 53rem) calc(6 * (100vw \/ 12)), 100vw\" \/><\/a><\/div><div class=\"o-posts-grid-post-body\"><h4 class=\"o-posts-grid-post-title\"><a href=\"https:\/\/neuropediatoolkit.org\/en\/protocolo-de-osteoporosis\/\">Protocolo de osteoporosis:<\/a><\/h4><\/div><\/div><\/div><div class=\"o-posts-grid-post-blog o-posts-grid-post-plain\"><div class=\"o-posts-grid-post\"><div class=\"o-posts-grid-post-image\"><a href=\"https:\/\/neuropediatoolkit.org\/en\/pobreza-y-discapacidad\/\"><img loading=\"lazy\" decoding=\"async\" width=\"824\" height=\"824\" src=\"https:\/\/neuropediatoolkit.org\/wp-content\/uploads\/2025\/11\/pobrezaydiscapacidad.png\" class=\"attachment-full size-full\" alt=\"Pobreza y discapacidad.\" srcset=\"https:\/\/neuropediatoolkit.org\/wp-content\/uploads\/2025\/11\/pobrezaydiscapacidad.png 824w, https:\/\/neuropediatoolkit.org\/wp-content\/uploads\/2025\/11\/pobrezaydiscapacidad-300x300.png 300w, https:\/\/neuropediatoolkit.org\/wp-content\/uploads\/2025\/11\/pobrezaydiscapacidad-150x150.png 150w, https:\/\/neuropediatoolkit.org\/wp-content\/uploads\/2025\/11\/pobrezaydiscapacidad-768x768.png 768w, https:\/\/neuropediatoolkit.org\/wp-content\/uploads\/2025\/11\/pobrezaydiscapacidad-12x12.png 12w\" sizes=\"(max-width: 34.9rem) calc(100vw - 2rem), (max-width: 53rem) calc(8 * (100vw \/ 12)), (min-width: 53rem) calc(6 * (100vw \/ 12)), 100vw\" \/><\/a><\/div><div class=\"o-posts-grid-post-body\"><h4 class=\"o-posts-grid-post-title\"><a href=\"https:\/\/neuropediatoolkit.org\/en\/pobreza-y-discapacidad\/\">Pobreza y discapacidad.<\/a><\/h4><\/div><\/div><\/div><div class=\"o-posts-grid-post-blog o-posts-grid-post-plain\"><div class=\"o-posts-grid-post\"><div class=\"o-posts-grid-post-image\"><a href=\"https:\/\/neuropediatoolkit.org\/en\/paises-en-riesgo\/\"><img loading=\"lazy\" decoding=\"async\" width=\"1521\" height=\"765\" src=\"https:\/\/neuropediatoolkit.org\/wp-content\/uploads\/2025\/11\/atlas.png\" class=\"attachment-full size-full\" alt=\"Riesgo en paises destino de viaje.\" srcset=\"https:\/\/neuropediatoolkit.org\/wp-content\/uploads\/2025\/11\/atlas.png 1521w, https:\/\/neuropediatoolkit.org\/wp-content\/uploads\/2025\/11\/atlas-300x151.png 300w, https:\/\/neuropediatoolkit.org\/wp-content\/uploads\/2025\/11\/atlas-1024x515.png 1024w, https:\/\/neuropediatoolkit.org\/wp-content\/uploads\/2025\/11\/atlas-768x386.png 768w, https:\/\/neuropediatoolkit.org\/wp-content\/uploads\/2025\/11\/atlas-18x9.png 18w\" sizes=\"(max-width: 34.9rem) calc(100vw - 2rem), (max-width: 53rem) calc(8 * (100vw \/ 12)), (min-width: 53rem) calc(6 * (100vw \/ 12)), 100vw\" \/><\/a><\/div><div class=\"o-posts-grid-post-body\"><h4 class=\"o-posts-grid-post-title\"><a href=\"https:\/\/neuropediatoolkit.org\/en\/paises-en-riesgo\/\">Riesgo en paises destino de viaje.<\/a><\/h4><\/div><\/div><\/div><div class=\"o-posts-grid-post-blog o-posts-grid-post-plain\"><div class=\"o-posts-grid-post\"><div class=\"o-posts-grid-post-image\"><a href=\"https:\/\/neuropediatoolkit.org\/en\/estados-y-sistemas-de-salud\/\"><img loading=\"lazy\" decoding=\"async\" width=\"621\" height=\"840\" src=\"https:\/\/neuropediatoolkit.org\/wp-content\/uploads\/2025\/11\/fragilestates.png\" class=\"attachment-full size-full\" alt=\"Estados y sistemas de salud.\" srcset=\"https:\/\/neuropediatoolkit.org\/wp-content\/uploads\/2025\/11\/fragilestates.png 621w, https:\/\/neuropediatoolkit.org\/wp-content\/uploads\/2025\/11\/fragilestates-222x300.png 222w, https:\/\/neuropediatoolkit.org\/wp-content\/uploads\/2025\/11\/fragilestates-9x12.png 9w\" sizes=\"(max-width: 34.9rem) calc(100vw - 2rem), (max-width: 53rem) calc(8 * (100vw \/ 12)), (min-width: 53rem) calc(6 * (100vw \/ 12)), 100vw\" \/><\/a><\/div><div class=\"o-posts-grid-post-body\"><h4 class=\"o-posts-grid-post-title\"><a href=\"https:\/\/neuropediatoolkit.org\/en\/estados-y-sistemas-de-salud\/\">Estados y sistemas de salud.<\/a><\/h4><\/div><\/div><\/div><div class=\"o-posts-grid-post-blog o-posts-grid-post-plain\"><div class=\"o-posts-grid-post\"><div class=\"o-posts-grid-post-image\"><a href=\"https:\/\/neuropediatoolkit.org\/en\/enfermedades-prevenibles-mediante-la-vacunacion\/\"><img loading=\"lazy\" decoding=\"async\" width=\"1020\" height=\"516\" src=\"https:\/\/neuropediatoolkit.org\/wp-content\/uploads\/2025\/11\/image-7.png\" class=\"attachment-full size-full\" alt=\"Enfermedades prevenibles mediante la vacunaci\u00f3n.\" srcset=\"https:\/\/neuropediatoolkit.org\/wp-content\/uploads\/2025\/11\/image-7.png 1020w, https:\/\/neuropediatoolkit.org\/wp-content\/uploads\/2025\/11\/image-7-300x152.png 300w, https:\/\/neuropediatoolkit.org\/wp-content\/uploads\/2025\/11\/image-7-768x389.png 768w, https:\/\/neuropediatoolkit.org\/wp-content\/uploads\/2025\/11\/image-7-18x9.png 18w\" sizes=\"(max-width: 34.9rem) calc(100vw - 2rem), (max-width: 53rem) calc(8 * (100vw \/ 12)), (min-width: 53rem) calc(6 * (100vw \/ 12)), 100vw\" \/><\/a><\/div><div class=\"o-posts-grid-post-body\"><h4 class=\"o-posts-grid-post-title\"><a href=\"https:\/\/neuropediatoolkit.org\/en\/enfermedades-prevenibles-mediante-la-vacunacion\/\">Enfermedades prevenibles mediante la vacunaci\u00f3n.<\/a><\/h4><\/div><\/div><\/div><div class=\"o-posts-grid-post-blog o-posts-grid-post-plain\"><div class=\"o-posts-grid-post\"><div class=\"o-posts-grid-post-image\"><a href=\"https:\/\/neuropediatoolkit.org\/en\/sintomas-que-incrementan-la-probabilidad-de-diagnostico-en-ngs-yield\/\"><img loading=\"lazy\" decoding=\"async\" width=\"1047\" height=\"738\" src=\"https:\/\/neuropediatoolkit.org\/wp-content\/uploads\/2025\/11\/image-6-e1763058365447.png\" class=\"attachment-full size-full\" alt=\"S\u00edntomas que incrementan la probabilidad de diagn\u00f3stico en NGS (yield).\" srcset=\"https:\/\/neuropediatoolkit.org\/wp-content\/uploads\/2025\/11\/image-6-e1763058365447.png 1047w, https:\/\/neuropediatoolkit.org\/wp-content\/uploads\/2025\/11\/image-6-e1763058365447-300x211.png 300w, https:\/\/neuropediatoolkit.org\/wp-content\/uploads\/2025\/11\/image-6-e1763058365447-1024x722.png 1024w, https:\/\/neuropediatoolkit.org\/wp-content\/uploads\/2025\/11\/image-6-e1763058365447-768x541.png 768w, https:\/\/neuropediatoolkit.org\/wp-content\/uploads\/2025\/11\/image-6-e1763058365447-18x12.png 18w\" sizes=\"(max-width: 34.9rem) calc(100vw - 2rem), (max-width: 53rem) calc(8 * (100vw \/ 12)), (min-width: 53rem) calc(6 * (100vw \/ 12)), 100vw\" \/><\/a><\/div><div class=\"o-posts-grid-post-body\"><h4 class=\"o-posts-grid-post-title\"><a href=\"https:\/\/neuropediatoolkit.org\/en\/sintomas-que-incrementan-la-probabilidad-de-diagnostico-en-ngs-yield\/\">S\u00edntomas que incrementan la probabilidad de diagn\u00f3stico en NGS (yield).<\/a><\/h4><\/div><\/div><\/div><div class=\"o-posts-grid-post-blog o-posts-grid-post-plain\"><div class=\"o-posts-grid-post\"><div class=\"o-posts-grid-post-image\"><a href=\"https:\/\/neuropediatoolkit.org\/en\/tareas-para-explorar-trastornos-del-movimiento\/\"><img loading=\"lazy\" decoding=\"async\" width=\"1007\" height=\"343\" src=\"https:\/\/neuropediatoolkit.org\/wp-content\/uploads\/2025\/11\/image-5.png\" class=\"attachment-full size-full\" alt=\"Tareas para explorar trastornos del movimiento.\" srcset=\"https:\/\/neuropediatoolkit.org\/wp-content\/uploads\/2025\/11\/image-5.png 1007w, https:\/\/neuropediatoolkit.org\/wp-content\/uploads\/2025\/11\/image-5-300x102.png 300w, https:\/\/neuropediatoolkit.org\/wp-content\/uploads\/2025\/11\/image-5-768x262.png 768w, https:\/\/neuropediatoolkit.org\/wp-content\/uploads\/2025\/11\/image-5-18x6.png 18w\" sizes=\"(max-width: 34.9rem) calc(100vw - 2rem), (max-width: 53rem) calc(8 * (100vw \/ 12)), (min-width: 53rem) calc(6 * (100vw \/ 12)), 100vw\" \/><\/a><\/div><div class=\"o-posts-grid-post-body\"><h4 class=\"o-posts-grid-post-title\"><a href=\"https:\/\/neuropediatoolkit.org\/en\/tareas-para-explorar-trastornos-del-movimiento\/\">Tareas para explorar trastornos del movimiento.<\/a><\/h4><\/div><\/div><\/div><div class=\"o-posts-grid-post-blog o-posts-grid-post-plain\"><div class=\"o-posts-grid-post\"><div class=\"o-posts-grid-post-image\"><a href=\"https:\/\/neuropediatoolkit.org\/en\/wicked-spikes\/\"><img loading=\"lazy\" decoding=\"async\" width=\"740\" height=\"416\" src=\"https:\/\/neuropediatoolkit.org\/wp-content\/uploads\/2025\/11\/image-1.webp\" class=\"attachment-full size-full\" alt=\"Wicked spikes.\" srcset=\"https:\/\/neuropediatoolkit.org\/wp-content\/uploads\/2025\/11\/image-1.webp 740w, https:\/\/neuropediatoolkit.org\/wp-content\/uploads\/2025\/11\/image-1-300x169.webp 300w, https:\/\/neuropediatoolkit.org\/wp-content\/uploads\/2025\/11\/image-1-18x10.webp 18w\" sizes=\"(max-width: 34.9rem) calc(100vw - 2rem), (max-width: 53rem) calc(8 * (100vw \/ 12)), (min-width: 53rem) calc(6 * (100vw \/ 12)), 100vw\" \/><\/a><\/div><div class=\"o-posts-grid-post-body\"><h4 class=\"o-posts-grid-post-title\"><a href=\"https:\/\/neuropediatoolkit.org\/en\/wicked-spikes\/\">Wicked spikes.<\/a><\/h4><\/div><\/div><\/div><div class=\"o-posts-grid-post-blog o-posts-grid-post-plain\"><div class=\"o-posts-grid-post\"><div class=\"o-posts-grid-post-image\"><a href=\"https:\/\/neuropediatoolkit.org\/en\/arx-gene\/\"><img loading=\"lazy\" decoding=\"async\" width=\"1484\" height=\"1109\" src=\"https:\/\/neuropediatoolkit.org\/wp-content\/uploads\/2025\/09\/image.png\" class=\"attachment-full size-full\" alt=\"ARX gene.\" srcset=\"https:\/\/neuropediatoolkit.org\/wp-content\/uploads\/2025\/09\/image.png 1484w, https:\/\/neuropediatoolkit.org\/wp-content\/uploads\/2025\/09\/image-300x224.png 300w, https:\/\/neuropediatoolkit.org\/wp-content\/uploads\/2025\/09\/image-1024x765.png 1024w, https:\/\/neuropediatoolkit.org\/wp-content\/uploads\/2025\/09\/image-768x574.png 768w, https:\/\/neuropediatoolkit.org\/wp-content\/uploads\/2025\/09\/image-16x12.png 16w\" sizes=\"(max-width: 34.9rem) calc(100vw - 2rem), (max-width: 53rem) calc(8 * (100vw \/ 12)), (min-width: 53rem) calc(6 * (100vw \/ 12)), 100vw\" \/><\/a><\/div><div class=\"o-posts-grid-post-body\"><h4 class=\"o-posts-grid-post-title\"><a href=\"https:\/\/neuropediatoolkit.org\/en\/arx-gene\/\">ARX gene.<\/a><\/h4><\/div><\/div><\/div><div class=\"o-posts-grid-post-blog o-posts-grid-post-plain\"><div class=\"o-posts-grid-post\"><div class=\"o-posts-grid-post-image\"><a href=\"https:\/\/neuropediatoolkit.org\/en\/cdl-facial-phenotypes\/\"><img loading=\"lazy\" decoding=\"async\" width=\"970\" height=\"733\" src=\"https:\/\/neuropediatoolkit.org\/wp-content\/uploads\/2025\/07\/image-3.png\" class=\"attachment-full size-full\" alt=\"CdL facial phenotypes.\" srcset=\"https:\/\/neuropediatoolkit.org\/wp-content\/uploads\/2025\/07\/image-3.png 970w, https:\/\/neuropediatoolkit.org\/wp-content\/uploads\/2025\/07\/image-3-300x227.png 300w, https:\/\/neuropediatoolkit.org\/wp-content\/uploads\/2025\/07\/image-3-768x580.png 768w, https:\/\/neuropediatoolkit.org\/wp-content\/uploads\/2025\/07\/image-3-16x12.png 16w\" sizes=\"(max-width: 34.9rem) calc(100vw - 2rem), (max-width: 53rem) calc(8 * (100vw \/ 12)), (min-width: 53rem) calc(6 * (100vw \/ 12)), 100vw\" \/><\/a><\/div><div class=\"o-posts-grid-post-body\"><h4 class=\"o-posts-grid-post-title\"><a href=\"https:\/\/neuropediatoolkit.org\/en\/cdl-facial-phenotypes\/\">CdL facial phenotypes.<\/a><\/h4><\/div><\/div><\/div><div class=\"o-posts-grid-post-blog o-posts-grid-post-plain\"><div class=\"o-posts-grid-post\"><div class=\"o-posts-grid-post-image\"><a href=\"https:\/\/neuropediatoolkit.org\/en\/distrofias-musculares-congenitas\/\"><img loading=\"lazy\" decoding=\"async\" width=\"1041\" height=\"1109\" src=\"https:\/\/neuropediatoolkit.org\/wp-content\/uploads\/2025\/07\/image-2.png\" class=\"attachment-full size-full\" alt=\"Distrofias musculares cong\u00e9nitas.\" srcset=\"https:\/\/neuropediatoolkit.org\/wp-content\/uploads\/2025\/07\/image-2.png 1041w, https:\/\/neuropediatoolkit.org\/wp-content\/uploads\/2025\/07\/image-2-282x300.png 282w, https:\/\/neuropediatoolkit.org\/wp-content\/uploads\/2025\/07\/image-2-961x1024.png 961w, https:\/\/neuropediatoolkit.org\/wp-content\/uploads\/2025\/07\/image-2-768x818.png 768w, https:\/\/neuropediatoolkit.org\/wp-content\/uploads\/2025\/07\/image-2-11x12.png 11w\" sizes=\"(max-width: 34.9rem) calc(100vw - 2rem), (max-width: 53rem) calc(8 * (100vw \/ 12)), (min-width: 53rem) calc(6 * (100vw \/ 12)), 100vw\" \/><\/a><\/div><div class=\"o-posts-grid-post-body\"><h4 class=\"o-posts-grid-post-title\"><a href=\"https:\/\/neuropediatoolkit.org\/en\/distrofias-musculares-congenitas\/\">Distrofias musculares cong\u00e9nitas.<\/a><\/h4><\/div><\/div><\/div><div class=\"o-posts-grid-post-blog o-posts-grid-post-plain\"><div class=\"o-posts-grid-post\"><div class=\"o-posts-grid-post-image\"><a href=\"https:\/\/neuropediatoolkit.org\/en\/estadios-del-sindrome-de-rett\/\"><img loading=\"lazy\" decoding=\"async\" width=\"798\" height=\"539\" src=\"https:\/\/neuropediatoolkit.org\/wp-content\/uploads\/2025\/07\/image-1.png\" class=\"attachment-full size-full\" alt=\"Estadios del s\u00edndrome de Rett.\" srcset=\"https:\/\/neuropediatoolkit.org\/wp-content\/uploads\/2025\/07\/image-1.png 798w, https:\/\/neuropediatoolkit.org\/wp-content\/uploads\/2025\/07\/image-1-300x203.png 300w, https:\/\/neuropediatoolkit.org\/wp-content\/uploads\/2025\/07\/image-1-768x519.png 768w, https:\/\/neuropediatoolkit.org\/wp-content\/uploads\/2025\/07\/image-1-18x12.png 18w\" sizes=\"(max-width: 34.9rem) calc(100vw - 2rem), (max-width: 53rem) calc(8 * (100vw \/ 12)), (min-width: 53rem) calc(6 * (100vw \/ 12)), 100vw\" \/><\/a><\/div><div class=\"o-posts-grid-post-body\"><h4 class=\"o-posts-grid-post-title\"><a href=\"https:\/\/neuropediatoolkit.org\/en\/estadios-del-sindrome-de-rett\/\">Estadios del s\u00edndrome de Rett.<\/a><\/h4><\/div><\/div><\/div><div class=\"o-posts-grid-post-blog o-posts-grid-post-plain\"><div class=\"o-posts-grid-post\"><div class=\"o-posts-grid-post-image\"><a href=\"https:\/\/neuropediatoolkit.org\/en\/m-wave-h-wave-f-wave\/\"><img loading=\"lazy\" decoding=\"async\" width=\"976\" height=\"880\" src=\"https:\/\/neuropediatoolkit.org\/wp-content\/uploads\/2025\/07\/image.png\" class=\"attachment-full size-full\" alt=\"M-wave, H-wave, F-wave.\" srcset=\"https:\/\/neuropediatoolkit.org\/wp-content\/uploads\/2025\/07\/image.png 976w, https:\/\/neuropediatoolkit.org\/wp-content\/uploads\/2025\/07\/image-300x270.png 300w, https:\/\/neuropediatoolkit.org\/wp-content\/uploads\/2025\/07\/image-768x692.png 768w, https:\/\/neuropediatoolkit.org\/wp-content\/uploads\/2025\/07\/image-13x12.png 13w\" sizes=\"(max-width: 34.9rem) calc(100vw - 2rem), (max-width: 53rem) calc(8 * (100vw \/ 12)), (min-width: 53rem) calc(6 * (100vw \/ 12)), 100vw\" \/><\/a><\/div><div class=\"o-posts-grid-post-body\"><h4 class=\"o-posts-grid-post-title\"><a href=\"https:\/\/neuropediatoolkit.org\/en\/m-wave-h-wave-f-wave\/\">M-wave, H-wave, F-wave.<\/a><\/h4><\/div><\/div><\/div><div class=\"o-posts-grid-post-blog o-posts-grid-post-plain\"><div class=\"o-posts-grid-post\"><div class=\"o-posts-grid-post-image\"><a href=\"https:\/\/neuropediatoolkit.org\/en\/diagrama-de-reiber\/\"><img loading=\"lazy\" decoding=\"async\" width=\"1024\" height=\"1024\" src=\"https:\/\/neuropediatoolkit.org\/wp-content\/uploads\/2025\/06\/ChatGPT-Image-19-jun-2025-11_01_18-1.png\" class=\"attachment-full size-full\" alt=\"Diagrama de Reiber\" srcset=\"https:\/\/neuropediatoolkit.org\/wp-content\/uploads\/2025\/06\/ChatGPT-Image-19-jun-2025-11_01_18-1.png 1024w, https:\/\/neuropediatoolkit.org\/wp-content\/uploads\/2025\/06\/ChatGPT-Image-19-jun-2025-11_01_18-1-300x300.png 300w, https:\/\/neuropediatoolkit.org\/wp-content\/uploads\/2025\/06\/ChatGPT-Image-19-jun-2025-11_01_18-1-150x150.png 150w, https:\/\/neuropediatoolkit.org\/wp-content\/uploads\/2025\/06\/ChatGPT-Image-19-jun-2025-11_01_18-1-768x768.png 768w, https:\/\/neuropediatoolkit.org\/wp-content\/uploads\/2025\/06\/ChatGPT-Image-19-jun-2025-11_01_18-1-12x12.png 12w\" sizes=\"(max-width: 34.9rem) calc(100vw - 2rem), (max-width: 53rem) calc(8 * (100vw \/ 12)), (min-width: 53rem) calc(6 * (100vw \/ 12)), 100vw\" \/><\/a><\/div><div class=\"o-posts-grid-post-body\"><h4 class=\"o-posts-grid-post-title\"><a href=\"https:\/\/neuropediatoolkit.org\/en\/diagrama-de-reiber\/\">Diagrama de Reiber<\/a><\/h4><\/div><\/div><\/div><\/div> <\/div>","protected":false},"excerpt":{"rendered":"<p>Entries recently published<\/p>","protected":false},"author":1,"featured_media":2433,"parent":0,"menu_order":0,"comment_status":"closed","ping_status":"closed","template":"","meta":{"_themeisle_gutenberg_block_has_review":false,"footnotes":""},"class_list":["post-1665","page","type-page","status-publish","has-post-thumbnail","hentry","entry"],"_links":{"self":[{"href":"https:\/\/neuropediatoolkit.org\/en\/wp-json\/wp\/v2\/pages\/1665","targetHints":{"allow":["GET"]}}],"collection":[{"href":"https:\/\/neuropediatoolkit.org\/en\/wp-json\/wp\/v2\/pages"}],"about":[{"href":"https:\/\/neuropediatoolkit.org\/en\/wp-json\/wp\/v2\/types\/page"}],"author":[{"embeddable":true,"href":"https:\/\/neuropediatoolkit.org\/en\/wp-json\/wp\/v2\/users\/1"}],"replies":[{"embeddable":true,"href":"https:\/\/neuropediatoolkit.org\/en\/wp-json\/wp\/v2\/comments?post=1665"}],"version-history":[{"count":0,"href":"https:\/\/neuropediatoolkit.org\/en\/wp-json\/wp\/v2\/pages\/1665\/revisions"}],"wp:featuredmedia":[{"embeddable":true,"href":"https:\/\/neuropediatoolkit.org\/en\/wp-json\/wp\/v2\/media\/2433"}],"wp:attachment":[{"href":"https:\/\/neuropediatoolkit.org\/en\/wp-json\/wp\/v2\/media?parent=1665"}],"curies":[{"name":"wp","href":"https:\/\/api.w.org\/{rel}","templated":true}]}}